{"id":8800,"date":"2022-04-18T13:20:49","date_gmt":"2022-04-18T11:20:49","guid":{"rendered":"https:\/\/www.festivalmandoline.fr\/photo-gallery\/"},"modified":"2022-04-18T13:20:49","modified_gmt":"2022-04-18T11:20:49","slug":"photo-gallery","status":"publish","type":"page","link":"https:\/\/www.festivalmandoline.fr\/en\/photo-gallery\/","title":{"rendered":"PHOTO GALLERY"},"content":{"rendered":"<p>[et_pb_section fb_built=&#8221;1&#8243; admin_label=&#8221;Header page statique&#8221; _builder_version=&#8221;4.17.6&#8243; use_background_color_gradient=&#8221;on&#8221; background_color_gradient_stops=&#8221;rgba(1,17,77,0.28) 0%|rgba(1,17,77,0.85) 100%&#8221; background_color_gradient_overlays_image=&#8221;on&#8221; background_color_gradient_start=&#8221;rgba(1,17,77,0.28)&#8221; background_color_gradient_end=&#8221;rgba(1,17,77,0.85)&#8221; background_image=&#8221;https:\/\/www.festivalmandoline.fr\/wp-content\/uploads\/2022\/05\/mandoline-2015.jpg&#8221; max_width_tablet=&#8221;&#8221; max_width_phone=&#8221;&#8221; max_width_last_edited=&#8221;on|phone&#8221; custom_margin=&#8221;4%|4%|-16%|4%|false|true&#8221; custom_margin_tablet=&#8221;0%|0px|0%|0px|false|true&#8221; custom_margin_phone=&#8221;&#8221; custom_margin_last_edited=&#8221;on|tablet&#8221; custom_padding=&#8221;0px|0px|0px|0px|true|true&#8221; box_shadow_style=&#8221;preset3&#8243; box_shadow_vertical=&#8221;40px&#8221; box_shadow_blur=&#8221;200px&#8221; box_shadow_spread=&#8221;-20px&#8221; box_shadow_vertical_tablet=&#8221;25px&#8221; box_shadow_vertical_phone=&#8221;20px&#8221; box_shadow_vertical_last_edited=&#8221;on|phone&#8221; box_shadow_blur_tablet=&#8221;100px&#8221; box_shadow_blur_phone=&#8221;50px&#8221; box_shadow_blur_last_edited=&#8221;on|phone&#8221; box_shadow_spread_tablet=&#8221;-20px&#8221; box_shadow_spread_phone=&#8221;-20px&#8221; box_shadow_spread_last_edited=&#8221;on|phone&#8221; global_colors_info=&#8221;{}&#8221;][et_pb_row custom_padding_last_edited=&#8221;on|desktop&#8221; padding_top_bottom_link_1=&#8221;true&#8221; padding_left_right_link_1=&#8221;true&#8221; _builder_version=&#8221;4.17.3&#8243; background_image=&#8221;https:\/\/www.festivalmandoline.fr\/wp-content\/uploads\/2022\/03\/wedding_engagement_37-3.png&#8221; background_position=&#8221;bottom_center&#8221; width=&#8221;100%&#8221; max_width=&#8221;100%&#8221; custom_margin=&#8221;||||false|false&#8221; custom_padding=&#8221;8%|60px|8%||true|false&#8221; custom_padding_tablet=&#8221;10%|0px|10%|0px|true|false&#8221; custom_padding_phone=&#8221;12%|0px|12%|0px|true|false&#8221; use_custom_width=&#8221;on&#8221; width_unit=&#8221;off&#8221; custom_width_percent=&#8221;100%&#8221; global_colors_info=&#8221;{}&#8221;][et_pb_column type=&#8221;4_4&#8243; _builder_version=&#8221;4.16&#8243; custom_padding=&#8221;0px|5vw|0px|5vw|true|false&#8221; custom_padding_tablet=&#8221;0vw||0vw||true|false&#8221; custom_padding_phone=&#8221;0vw||0vw||true|false&#8221; custom_padding_last_edited=&#8221;on|desktop&#8221; global_colors_info=&#8221;{}&#8221; custom_padding__hover=&#8221;|||&#8221;][et_pb_text _builder_version=&#8221;4.17.6&#8243; text_font=&#8221;Prata||||||||&#8221; text_text_color=&#8221;#FFFFFF&#8221; text_font_size=&#8221;85px&#8221; header_font_size=&#8221;85px&#8221; header_line_height=&#8221;1em&#8221; header_6_font=&#8221;|700||on|||||&#8221; header_6_letter_spacing=&#8221;0.5vw&#8221; header_6_line_height=&#8221;2em&#8221; width=&#8221;100%&#8221; max_width=&#8221;100%&#8221; max_width_tablet=&#8221;70%&#8221; max_width_last_edited=&#8221;off|phone&#8221; custom_margin=&#8221;||||false|false&#8221; custom_padding=&#8221;||||false|false&#8221; animation_style=&#8221;zoom&#8221; animation_intensity_zoom=&#8221;5%&#8221; text_font_size_tablet=&#8221;75px&#8221; text_font_size_phone=&#8221;55px&#8221; text_font_size_last_edited=&#8221;on|desktop&#8221; text_line_height_tablet=&#8221;1em&#8221; text_line_height_phone=&#8221;1.2em&#8221; text_line_height_last_edited=&#8221;on|tablet&#8221; header_font_size_tablet=&#8221;65px&#8221; header_font_size_phone=&#8221;45px&#8221; header_font_size_last_edited=&#8221;on|desktop&#8221; header_line_height_tablet=&#8221;1.2em&#8221; header_line_height_phone=&#8221;1.2em&#8221; header_line_height_last_edited=&#8221;on|desktop&#8221; text_orientation_tablet=&#8221;center&#8221; text_orientation_phone=&#8221;center&#8221; text_orientation_last_edited=&#8221;on|tablet&#8221; module_alignment_tablet=&#8221;center&#8221; module_alignment_phone=&#8221;center&#8221; module_alignment_last_edited=&#8221;on|tablet&#8221; global_colors_info=&#8221;{}&#8221;]<\/p>\n<h1>PHOTO GALLERY<\/h1>\n<p>[\/et_pb_text][et_pb_text content_tablet=&#8221; <\/p>\n<p>Festival International<br \/>de Mandoline de Castellar<\/p>\n<p> &#8221; content_phone=&#8221; <\/p>\n<p>Festival International de Mandoline de Castellar<\/p>\n<p> &#8221; content_last_edited=&#8221;on|phone&#8221; _builder_version=&#8221;4.17.6&#8243; text_font=&#8221;Abhaya Libre||||||||&#8221; text_text_color=&#8221;#FFFFFF&#8221; text_font_size=&#8221;40px&#8221; header_font=&#8221;Abhaya Libre||||||||&#8221; header_text_color=&#8221;#FFFFFF&#8221; header_font_size=&#8221;40px&#8221; header_line_height=&#8221;1.5em&#8221; header_6_font=&#8221;|700||on|||||&#8221; header_6_letter_spacing=&#8221;0.5vw&#8221; header_6_line_height=&#8221;2em&#8221; width=&#8221;100%&#8221; width_tablet=&#8221;100%&#8221; width_phone=&#8221;100%&#8221; width_last_edited=&#8221;on|tablet&#8221; max_width=&#8221;100%&#8221; max_width_tablet=&#8221;100%&#8221; max_width_phone=&#8221;100%&#8221; max_width_last_edited=&#8221;on|phone&#8221; custom_margin=&#8221;||||false|false&#8221; custom_margin_tablet=&#8221;||||false|false&#8221; custom_margin_phone=&#8221;||||false|false&#8221; custom_margin_last_edited=&#8221;on|desktop&#8221; custom_padding=&#8221;0%||||false|false&#8221; custom_padding_tablet=&#8221;0%||||false|false&#8221; custom_padding_phone=&#8221;0%|0%|||false|false&#8221; custom_padding_last_edited=&#8221;on|phone&#8221; animation_style=&#8221;zoom&#8221; animation_intensity_zoom=&#8221;5%&#8221; text_font_size_tablet=&#8221;35px&#8221; text_font_size_phone=&#8221;30px&#8221; text_font_size_last_edited=&#8221;on|desktop&#8221; text_line_height_tablet=&#8221;1.2em&#8221; text_line_height_phone=&#8221;1.2em&#8221; text_line_height_last_edited=&#8221;on|desktop&#8221; header_text_align_tablet=&#8221;center&#8221; header_text_align_phone=&#8221;center&#8221; header_text_align_last_edited=&#8221;on|tablet&#8221; header_font_size_tablet=&#8221;30px&#8221; header_font_size_phone=&#8221;25px&#8221; header_font_size_last_edited=&#8221;on|phone&#8221; header_line_height_tablet=&#8221;1.5em&#8221; header_line_height_phone=&#8221;1.2em&#8221; header_line_height_last_edited=&#8221;on|phone&#8221; text_orientation_tablet=&#8221;center&#8221; text_orientation_phone=&#8221;center&#8221; text_orientation_last_edited=&#8221;on|desktop&#8221; module_alignment_tablet=&#8221;center&#8221; module_alignment_phone=&#8221;center&#8221; module_alignment_last_edited=&#8221;on|tablet&#8221; global_colors_info=&#8221;{}&#8221;]<\/p>\n<p>Castellar International Mandolin Festival<\/p>\n<p>[\/et_pb_text][\/et_pb_column][\/et_pb_row][\/et_pb_section][et_pb_section fb_built=&#8221;1&#8243; custom_padding_last_edited=&#8221;on|tablet&#8221; admin_label=&#8221;Our Story Section&#8221; _builder_version=&#8221;4.17.4&#8243; background_color=&#8221;#F8F4F3&#8243; width_tablet=&#8221;&#8221; width_phone=&#8221;100%&#8221; width_last_edited=&#8221;on|phone&#8221; max_width_tablet=&#8221;&#8221; max_width_phone=&#8221;100%&#8221; max_width_last_edited=&#8221;on|phone&#8221; custom_margin=&#8221;||||false|false&#8221; custom_margin_tablet=&#8221;||||false|false&#8221; custom_margin_phone=&#8221;0px||0px||false|false&#8221; custom_margin_last_edited=&#8221;on|desktop&#8221; custom_padding=&#8221;8%||0.2%||false|false&#8221; custom_padding_tablet=&#8221;6%||6%||true|false&#8221; custom_padding_phone=&#8221;8%||0%||false|false&#8221; global_colors_info=&#8221;{}&#8221;][et_pb_row use_custom_gutter=&#8221;on&#8221; custom_padding_last_edited=&#8221;on|tablet&#8221; admin_label=&#8221;Our Story&#8221; _builder_version=&#8221;4.17.6&#8243; background_size=&#8221;initial&#8221; background_position=&#8221;top_left&#8221; background_repeat=&#8221;repeat&#8221; max_width=&#8221;100%&#8221; max_width_tablet=&#8221;100%&#8221; max_width_phone=&#8221;100%&#8221; max_width_last_edited=&#8221;on|desktop&#8221; custom_margin=&#8221;12%|auto||auto|false|false&#8221; custom_margin_tablet=&#8221;0%||||false|false&#8221; custom_margin_phone=&#8221;0%||||false|false&#8221; custom_margin_last_edited=&#8221;on|phone&#8221; custom_padding_tablet=&#8221;0px||0px||false|false&#8221; custom_padding_phone=&#8221;0px||0px||false|false&#8221; global_colors_info=&#8221;{}&#8221;][et_pb_column type=&#8221;4_4&#8243; _builder_version=&#8221;4.16&#8243; custom_padding=&#8221;|||&#8221; global_colors_info=&#8221;{}&#8221; custom_padding__hover=&#8221;|||&#8221;][et_pb_text content_tablet=&#8221; <\/p>\n<h2>Le FIMAC en images<\/h2>\n<p> &#8221; content_phone=&#8221; <\/p>\n<h2>Le FIMAC en images<\/h2>\n<p> &#8221; content_last_edited=&#8221;off|desktop&#8221; _builder_version=&#8221;4.17.6&#8243; text_font=&#8221;||||||||&#8221; text_line_height=&#8221;2em&#8221; header_font=&#8221;||||||||&#8221; header_2_font=&#8221;Prata||||||||&#8221; header_2_font_size=&#8221;50px&#8221; header_2_line_height=&#8221;1.5em&#8221; text_orientation=&#8221;center&#8221; width_tablet=&#8221;100%&#8221; width_phone=&#8221;100%&#8221; width_last_edited=&#8221;on|tablet&#8221; max_width_tablet=&#8221;100%&#8221; max_width_phone=&#8221;100%&#8221; max_width_last_edited=&#8221;on|tablet&#8221; custom_margin=&#8221;||0px||false|false&#8221; header_2_font_size_tablet=&#8221;35px&#8221; header_2_font_size_phone=&#8221;25px&#8221; header_2_font_size_last_edited=&#8221;on|tablet&#8221; locked=&#8221;off&#8221; global_colors_info=&#8221;{}&#8221;]<\/p>\n<h2>FIMAC in pictures<\/h2>\n<p>[\/et_pb_text][et_pb_text _builder_version=&#8221;4.17.6&#8243; _module_preset=&#8221;da86b6f0-f83c-4c7c-bdd8-3019777ddffe&#8221; text_font=&#8221;||||||||&#8221; text_text_color=&#8221;#01114D&#8221; text_orientation=&#8221;center&#8221; width=&#8221;80%&#8221; max_width=&#8221;100%&#8221; module_alignment=&#8221;center&#8221; custom_margin=&#8221;||||false|false&#8221; custom_padding=&#8221;||||false|false&#8221; text_font_size_tablet=&#8221;15px&#8221; text_font_size_phone=&#8221;14px&#8221; text_font_size_last_edited=&#8221;on|desktop&#8221; global_colors_info=&#8221;{}&#8221;]<\/p>\n<p>From concerts strolling through the streets of the village to evening concerts, via masterclasses and backstage, find here a selection of the most beautiful memories of the Castellar International Mandolin Festival!<\/p>\n<p>[\/et_pb_text][\/et_pb_column][\/et_pb_row][et_pb_row column_structure=&#8221;1_2,1_2&#8243; _builder_version=&#8221;4.17.6&#8243; _module_preset=&#8221;default&#8221; global_colors_info=&#8221;{}&#8221;][et_pb_column type=&#8221;1_2&#8243; _builder_version=&#8221;4.17.6&#8243; _module_preset=&#8221;default&#8221; global_colors_info=&#8221;{}&#8221;][et_pb_text _builder_version=&#8221;4.20.4&#8243; _module_preset=&#8221;default&#8221; header_3_font=&#8221;Prata||||||||&#8221; header_3_text_align=&#8221;center&#8221; header_3_text_color=&#8221;#00A19B&#8221; header_3_font_size=&#8221;24px&#8221; custom_margin=&#8221;||2%||false|false&#8221; custom_margin_tablet=&#8221;||0%||false|false&#8221; custom_margin_phone=&#8221;||0%||false|false&#8221; custom_margin_last_edited=&#8221;on|phone&#8221; hover_enabled=&#8221;0&#8243; header_3_font_size_tablet=&#8221;22px&#8221; header_3_font_size_phone=&#8221;20px&#8221; header_3_font_size_last_edited=&#8221;on|phone&#8221; global_colors_info=&#8221;{}&#8221; sticky_enabled=&#8221;0&#8243;]<\/p>\n<h3>Edition 2022<\/h3>\n<p>[\/et_pb_text][et_pb_code _builder_version=&#8221;4.20.4&#8243; _module_preset=&#8221;default&#8221; custom_margin_tablet=&#8221;2%||||false|false&#8221; custom_margin_phone=&#8221;4%||||false|false&#8221; custom_margin_last_edited=&#8221;on|desktop&#8221; hover_enabled=&#8221;0&#8243; global_colors_info=&#8221;{}&#8221; sticky_enabled=&#8221;0&#8243;]\n\t\t<!-- MasterSlider -->\n\t\t<div id=\"P_MS69f0c8636c103\" class=\"master-slider-parent msl ms-parent-id-9\" style=\"max-width:800px;\">\n\n\t\t\t\n\t\t\t<!-- MasterSlider Main -->\n\t\t\t<div id=\"MS69f0c8636c103\" class=\"master-slider ms-skin-default\" >\n\t\t\t\t \t\t\t\t \n\t\t\t\t<div  class=\"ms-slide\" data-delay=\"3\" data-fill-mode=\"fill\"  >\n\t\t\t\t\t<img decoding=\"async\" src=\"https:\/\/www.festivalmandoline.fr\/wp-content\/plugins\/master-slider\/public\/assets\/css\/blank.gif\" alt=\"\" title=\"\" data-src=\"https:\/\/www.festivalmandoline.fr\/wp-content\/uploads\/2023\/05\/mercredi-4-mandolinistes-300dpi.jpg\" \/>\n\n\n\t<img decoding=\"async\" class=\"ms-thumb\" src=\"https:\/\/www.festivalmandoline.fr\/wp-content\/uploads\/2023\/05\/mercredi-4-mandolinistes-300dpi-140x80.jpg\" alt=\"\" \/>\n\t<div class=\"ms-thumb\" ><div class=\"ms-tab-context\"><div class=\"&quot;ms-tab-context&quot;\"><\/div><\/div>\n<\/div>\n\t\t\t\t<\/div>\n\t\t\t\t<div  class=\"ms-slide\" data-delay=\"3\" data-fill-mode=\"fill\"  >\n\t\t\t\t\t<img decoding=\"async\" src=\"https:\/\/www.festivalmandoline.fr\/wp-content\/plugins\/master-slider\/public\/assets\/css\/blank.gif\" alt=\"\" title=\"\" data-src=\"https:\/\/www.festivalmandoline.fr\/wp-content\/uploads\/2023\/05\/concerto-marine-300dpi.jpg\" \/>\n\n\n\t<img decoding=\"async\" class=\"ms-thumb\" src=\"https:\/\/www.festivalmandoline.fr\/wp-content\/uploads\/2023\/05\/concerto-marine-300dpi-140x80.jpg\" alt=\"\" \/>\n\t<div class=\"ms-thumb\" ><div class=\"ms-tab-context\"><div class=\"&quot;ms-tab-context&quot;\"><\/div><\/div>\n<\/div>\n\t\t\t\t<\/div>\n\t\t\t\t<div  class=\"ms-slide\" data-delay=\"3\" data-fill-mode=\"fill\"  >\n\t\t\t\t\t<img decoding=\"async\" src=\"https:\/\/www.festivalmandoline.fr\/wp-content\/plugins\/master-slider\/public\/assets\/css\/blank.gif\" alt=\"\" title=\"\" data-src=\"https:\/\/www.festivalmandoline.fr\/wp-content\/uploads\/2023\/05\/mercredi-groupe-musiciens-300-dpi.jpg\" \/>\n\n\n\t<img decoding=\"async\" class=\"ms-thumb\" src=\"https:\/\/www.festivalmandoline.fr\/wp-content\/uploads\/2023\/05\/mercredi-groupe-musiciens-300-dpi-140x80.jpg\" alt=\"\" \/>\n\t<div class=\"ms-thumb\" ><div class=\"ms-tab-context\"><div class=\"&quot;ms-tab-context&quot;\"><\/div><\/div>\n<\/div>\n\t\t\t\t<\/div>\n\t\t\t\t<div  class=\"ms-slide\" data-delay=\"3\" data-fill-mode=\"fill\"  >\n\t\t\t\t\t<img decoding=\"async\" src=\"https:\/\/www.festivalmandoline.fr\/wp-content\/plugins\/master-slider\/public\/assets\/css\/blank.gif\" alt=\"\" title=\"\" data-src=\"https:\/\/www.festivalmandoline.fr\/wp-content\/uploads\/2023\/05\/duo-la-corda-300-dpi.jpg\" \/>\n\n\n\t<img decoding=\"async\" class=\"ms-thumb\" src=\"https:\/\/www.festivalmandoline.fr\/wp-content\/uploads\/2023\/05\/duo-la-corda-300-dpi-140x80.jpg\" alt=\"\" \/>\n\t<div class=\"ms-thumb\" ><div class=\"ms-tab-context\"><div class=\"&quot;ms-tab-context&quot;\"><\/div><\/div>\n<\/div>\n\t\t\t\t<\/div>\n\t\t\t\t<div  class=\"ms-slide\" data-delay=\"3\" data-fill-mode=\"fill\"  >\n\t\t\t\t\t<img decoding=\"async\" src=\"https:\/\/www.festivalmandoline.fr\/wp-content\/plugins\/master-slider\/public\/assets\/css\/blank.gif\" alt=\"\" title=\"\" data-src=\"https:\/\/www.festivalmandoline.fr\/wp-content\/uploads\/2023\/05\/samedi-wssduo-300-dpi.jpg\" \/>\n\n\n\t<img decoding=\"async\" class=\"ms-thumb\" src=\"https:\/\/www.festivalmandoline.fr\/wp-content\/uploads\/2023\/05\/samedi-wssduo-300-dpi-140x80.jpg\" alt=\"\" \/>\n\t<div class=\"ms-thumb\" ><div class=\"ms-tab-context\"><div class=\"&quot;ms-tab-context&quot;\"><\/div><\/div>\n<\/div>\n\t\t\t\t<\/div>\n\t\t\t\t<div  class=\"ms-slide\" data-delay=\"3\" data-fill-mode=\"fill\"  >\n\t\t\t\t\t<img decoding=\"async\" src=\"https:\/\/www.festivalmandoline.fr\/wp-content\/plugins\/master-slider\/public\/assets\/css\/blank.gif\" alt=\"\" title=\"\" data-src=\"https:\/\/www.festivalmandoline.fr\/wp-content\/uploads\/2023\/05\/samedi-wss-public-300dpi.jpg\" \/>\n\n\n\t<img decoding=\"async\" class=\"ms-thumb\" src=\"https:\/\/www.festivalmandoline.fr\/wp-content\/uploads\/2023\/05\/samedi-wss-public-300dpi-140x80.jpg\" alt=\"\" \/>\n\t<div class=\"ms-thumb\" ><div class=\"ms-tab-context\"><div class=\"&quot;ms-tab-context&quot;\"><\/div><\/div>\n<\/div>\n\t\t\t\t<\/div>\n\n\t\t\t<\/div>\n\t\t\t<!-- END MasterSlider Main -->\n\n\t\t\t \n\t\t<\/div>\n\t\t<!-- END MasterSlider -->\n\n\t\t<script>\n\t\t(function ( $ ) {\n\t\t\t\"use strict\";\n\n\t\t\t$(function () {\n\t\t\t\tvar masterslider_c103 = new MasterSlider();\n\n\t\t\t\t\/\/ slider controls\n\t\t\t\tmasterslider_c103.control('arrows'     ,{ autohide:false, overVideo:true  });\t\t\t\tmasterslider_c103.control('bullets'    ,{ autohide:false, overVideo:true, dir:'h', align:'bottom' , margin:10  });\n\n\t\t\t\tmasterslider_c103.control('thumblist'  ,{ autohide:false, overVideo:true, dir:'h', speed:17, inset:false, arrows:false, hover:false, customClass:'', align:'bottom',type:'thumbs', margin:5, width:140, height:80, space:5, fillMode:'fill'  });\n\t\t\t\t\/\/ slider setup\n\t\t\t\tmasterslider_c103.setup(\"MS69f0c8636c103\", {\n\t\t\t\t\t\twidth           : 1200,\n\t\t\t\t\t\theight          : 900,\n\t\t\t\t\t\tminHeight       : 0,\n\t\t\t\t\t\tspace           : 0,\n\t\t\t\t\t\tstart           : 1,\n\t\t\t\t\t\tgrabCursor      : true,\n\t\t\t\t\t\tswipe           : true,\n\t\t\t\t\t\tmouse           : true,\n\t\t\t\t\t\tlayout          : \"boxed\",\n\t\t\t\t\t\twheel           : false,\n\t\t\t\t\t\tautoplay        : false,\n\t\t\t\t\t\tinstantStartLayers:false,\n\t\t\t\t\t\tloop            : false,\n\t\t\t\t\t\tshuffle         : false,\n\t\t\t\t\t\tpreload         : 0,\n\t\t\t\t\t\theightLimit     : true,\n\t\t\t\t\t\tautoHeight      : false,\n\t\t\t\t\t\tsmoothHeight    : true,\n\t\t\t\t\t\tendPause        : false,\n\t\t\t\t\t\toverPause       : true,\n\t\t\t\t\t\tfillMode        : \"fill\",\n\t\t\t\t\t\tcenterControls  : true,\n\t\t\t\t\t\tstartOnAppear   : false,\n\t\t\t\t\t\tlayersMode      : \"center\",\n\t\t\t\t\t\thideLayers      : false,\n\t\t\t\t\t\tfullscreenMargin: 0,\n\t\t\t\t\t\tspeed           : 20,\n\t\t\t\t\t\tdir             : \"h\",\n\t\t\t\t\t\tparallaxMode    : 'swipe',\n\t\t\t\t\t\tview            : \"basic\"\n\t\t\t\t});\n\n\t\t\t\t\n\t\t\t\twindow.masterslider_instances = window.masterslider_instances || [];\n\t\t\t\twindow.masterslider_instances.push( masterslider_c103 );\n\t\t\t });\n\n\t\t})(jQuery);\n\t\t<\/script>\n\n[\/et_pb_code][\/et_pb_column][et_pb_column type=&#8221;1_2&#8243; _builder_version=&#8221;4.17.6&#8243; _module_preset=&#8221;default&#8221; global_colors_info=&#8221;{}&#8221;][et_pb_text _builder_version=&#8221;4.17.6&#8243; _module_preset=&#8221;default&#8221; header_3_font=&#8221;Prata||||||||&#8221; header_3_text_align=&#8221;center&#8221; header_3_text_color=&#8221;#00A19B&#8221; header_3_font_size=&#8221;24px&#8221; custom_margin=&#8221;||2%||false|false&#8221; custom_margin_tablet=&#8221;||0%||false|false&#8221; custom_margin_phone=&#8221;||0%||false|false&#8221; custom_margin_last_edited=&#8221;on|phone&#8221; header_3_font_size_tablet=&#8221;22px&#8221; header_3_font_size_phone=&#8221;20px&#8221; header_3_font_size_last_edited=&#8221;on|phone&#8221; global_colors_info=&#8221;{}&#8221;]<\/p>\n<h3>Edition 2021<\/h3>\n<p>[\/et_pb_text][et_pb_code _builder_version=&#8221;4.17.6&#8243; _module_preset=&#8221;default&#8221; custom_margin_tablet=&#8221;2%||||false|false&#8221; custom_margin_phone=&#8221;4%||||false|false&#8221; custom_margin_last_edited=&#8221;on|desktop&#8221; global_colors_info=&#8221;{}&#8221;]\n\t\t<!-- MasterSlider -->\n\t\t<div id=\"P_MS69f0c8636d4df\" class=\"master-slider-parent msl ms-parent-id-3\" style=\"max-width:800px;\">\n\n\t\t\t\n\t\t\t<!-- MasterSlider Main -->\n\t\t\t<div id=\"MS69f0c8636d4df\" class=\"master-slider ms-skin-default\" >\n\t\t\t\t \t\t\t\t \n\t\t\t\t<div  class=\"ms-slide\" data-delay=\"3\" data-fill-mode=\"fill\"  >\n\t\t\t\t\t<img decoding=\"async\" src=\"https:\/\/www.festivalmandoline.fr\/wp-content\/plugins\/master-slider\/public\/assets\/css\/blank.gif\" alt=\"Festival International de Mandoline de Castellar concert 2021\" title=\"\" data-src=\"https:\/\/www.festivalmandoline.fr\/wp-content\/uploads\/2022\/05\/FIMAC-2021-photo.jpg\" \/>\n\n\n\t<img decoding=\"async\" class=\"ms-thumb\" src=\"https:\/\/www.festivalmandoline.fr\/wp-content\/uploads\/2022\/05\/FIMAC-2021-photo-140x80.jpg\" alt=\"Festival International de Mandoline de Castellar concert 2021\" \/>\n\t<div class=\"ms-thumb\" ><div class=\"ms-tab-context\"><div class=\"&quot;ms-tab-context&quot;\"><\/div><\/div>\n<\/div>\n\t\t\t\t<\/div>\n\t\t\t\t<div  class=\"ms-slide\" data-delay=\"3\" data-fill-mode=\"fill\"  >\n\t\t\t\t\t<img decoding=\"async\" src=\"https:\/\/www.festivalmandoline.fr\/wp-content\/plugins\/master-slider\/public\/assets\/css\/blank.gif\" alt=\"r\u00e9p\u00e9titions festival mandoline castellar 2021\" title=\"\" data-src=\"https:\/\/www.festivalmandoline.fr\/wp-content\/uploads\/2022\/05\/re\u0301pe\u0301titions-fimac-2021.jpg\" \/>\n\n\n\t<img decoding=\"async\" class=\"ms-thumb\" src=\"https:\/\/www.festivalmandoline.fr\/wp-content\/uploads\/2022\/05\/re\u0301pe\u0301titions-fimac-2021-140x80.jpg\" alt=\"r\u00e9p\u00e9titions festival mandoline castellar 2021\" \/>\n\t<div class=\"ms-thumb\" ><div class=\"ms-tab-context\"><div class=\"&quot;ms-tab-context&quot;\"><\/div><\/div>\n<\/div>\n\t\t\t\t<\/div>\n\t\t\t\t<div  class=\"ms-slide\" data-delay=\"3\" data-fill-mode=\"fill\"  >\n\t\t\t\t\t<img decoding=\"async\" src=\"https:\/\/www.festivalmandoline.fr\/wp-content\/plugins\/master-slider\/public\/assets\/css\/blank.gif\" alt=\"Mandolinistes invit\u00e9s au FIMAC 2021\" title=\"\" data-src=\"https:\/\/www.festivalmandoline.fr\/wp-content\/uploads\/2022\/05\/artistes-FIMAC-2021.jpg\" \/>\n\n\n\t<img decoding=\"async\" class=\"ms-thumb\" src=\"https:\/\/www.festivalmandoline.fr\/wp-content\/uploads\/2022\/05\/artistes-FIMAC-2021-140x80.jpg\" alt=\"Mandolinistes invit\u00e9s au FIMAC 2021\" \/>\n\t<div class=\"ms-thumb\" ><div class=\"ms-tab-context\"><div class=\"&quot;ms-tab-context&quot;\"><\/div><\/div>\n<\/div>\n\t\t\t\t<\/div>\n\t\t\t\t<div  class=\"ms-slide\" data-delay=\"3\" data-fill-mode=\"fill\"  >\n\t\t\t\t\t<img decoding=\"async\" src=\"https:\/\/www.festivalmandoline.fr\/wp-content\/plugins\/master-slider\/public\/assets\/css\/blank.gif\" alt=\"Sabine Marz\u00e9 r\u00e9p\u00e9titions de mandoline 2021\" title=\"\" data-src=\"https:\/\/www.festivalmandoline.fr\/wp-content\/uploads\/2022\/05\/sabine-marze\u0301-re\u0301pe\u0301titions.jpg\" \/>\n\n\n\t<img decoding=\"async\" class=\"ms-thumb\" src=\"https:\/\/www.festivalmandoline.fr\/wp-content\/uploads\/2022\/05\/sabine-marze\u0301-re\u0301pe\u0301titions-140x80.jpg\" alt=\"Sabine Marz\u00e9 r\u00e9p\u00e9titions de mandoline 2021\" \/>\n\t<div class=\"ms-thumb\" ><div class=\"ms-tab-context\"><div class=\"&quot;ms-tab-context&quot;\"><\/div><\/div>\n<\/div>\n\t\t\t\t<\/div>\n\t\t\t\t<div  class=\"ms-slide\" data-delay=\"3\" data-fill-mode=\"fill\"  >\n\t\t\t\t\t<img decoding=\"async\" src=\"https:\/\/www.festivalmandoline.fr\/wp-content\/plugins\/master-slider\/public\/assets\/css\/blank.gif\" alt=\"Artistes du Festival international de mandoline de Castellar en 2021\" title=\"\" data-src=\"https:\/\/www.festivalmandoline.fr\/wp-content\/uploads\/2022\/05\/artistes-du-FIMAC-2021.jpg\" \/>\n\n\n\t<img decoding=\"async\" class=\"ms-thumb\" src=\"https:\/\/www.festivalmandoline.fr\/wp-content\/uploads\/2022\/05\/artistes-du-FIMAC-2021-140x80.jpg\" alt=\"Artistes du Festival international de mandoline de Castellar en 2021\" \/>\n\t<div class=\"ms-thumb\" ><div class=\"ms-tab-context\"><div class=\"&quot;ms-tab-context&quot;\"><\/div><\/div>\n<\/div>\n\t\t\t\t<\/div>\n\t\t\t\t<div  class=\"ms-slide\" data-delay=\"3\" data-fill-mode=\"fill\"  >\n\t\t\t\t\t<img decoding=\"async\" src=\"https:\/\/www.festivalmandoline.fr\/wp-content\/plugins\/master-slider\/public\/assets\/css\/blank.gif\" alt=\"\" title=\"\" data-src=\"https:\/\/www.festivalmandoline.fr\/wp-content\/uploads\/2022\/05\/concert-mandoline-eglise-castellar.jpg\" \/>\n\n\n\t<img decoding=\"async\" class=\"ms-thumb\" src=\"https:\/\/www.festivalmandoline.fr\/wp-content\/uploads\/2022\/05\/concert-mandoline-eglise-castellar-140x80.jpg\" alt=\"\" \/>\n\t<div class=\"ms-thumb\" ><div class=\"ms-tab-context\"><div class=\"&quot;ms-tab-context&quot;\"><\/div><\/div>\n<\/div>\n\t\t\t\t<\/div>\n\n\t\t\t<\/div>\n\t\t\t<!-- END MasterSlider Main -->\n\n\t\t\t \n\t\t<\/div>\n\t\t<!-- END MasterSlider -->\n\n\t\t<script>\n\t\t(function ( $ ) {\n\t\t\t\"use strict\";\n\n\t\t\t$(function () {\n\t\t\t\tvar masterslider_d4df = new MasterSlider();\n\n\t\t\t\t\/\/ slider controls\n\t\t\t\tmasterslider_d4df.control('arrows'     ,{ autohide:false, overVideo:true  });\t\t\t\tmasterslider_d4df.control('bullets'    ,{ autohide:false, overVideo:true, dir:'h', align:'bottom' , margin:10  });\n\n\t\t\t\tmasterslider_d4df.control('thumblist'  ,{ autohide:false, overVideo:true, dir:'h', speed:17, inset:false, arrows:false, hover:false, customClass:'', align:'bottom',type:'thumbs', margin:5, width:140, height:80, space:5, fillMode:'fill'  });\n\t\t\t\t\/\/ slider setup\n\t\t\t\tmasterslider_d4df.setup(\"MS69f0c8636d4df\", {\n\t\t\t\t\t\twidth           : 1200,\n\t\t\t\t\t\theight          : 900,\n\t\t\t\t\t\tminHeight       : 0,\n\t\t\t\t\t\tspace           : 0,\n\t\t\t\t\t\tstart           : 1,\n\t\t\t\t\t\tgrabCursor      : true,\n\t\t\t\t\t\tswipe           : true,\n\t\t\t\t\t\tmouse           : true,\n\t\t\t\t\t\tlayout          : \"boxed\",\n\t\t\t\t\t\twheel           : false,\n\t\t\t\t\t\tautoplay        : false,\n\t\t\t\t\t\tinstantStartLayers:false,\n\t\t\t\t\t\tloop            : false,\n\t\t\t\t\t\tshuffle         : false,\n\t\t\t\t\t\tpreload         : 0,\n\t\t\t\t\t\theightLimit     : true,\n\t\t\t\t\t\tautoHeight      : false,\n\t\t\t\t\t\tsmoothHeight    : true,\n\t\t\t\t\t\tendPause        : false,\n\t\t\t\t\t\toverPause       : true,\n\t\t\t\t\t\tfillMode        : \"fill\",\n\t\t\t\t\t\tcenterControls  : true,\n\t\t\t\t\t\tstartOnAppear   : false,\n\t\t\t\t\t\tlayersMode      : \"center\",\n\t\t\t\t\t\thideLayers      : false,\n\t\t\t\t\t\tfullscreenMargin: 0,\n\t\t\t\t\t\tspeed           : 20,\n\t\t\t\t\t\tdir             : \"h\",\n\t\t\t\t\t\tparallaxMode    : 'swipe',\n\t\t\t\t\t\tview            : \"basic\"\n\t\t\t\t});\n\n\t\t\t\t\n\t\t\t\twindow.masterslider_instances = window.masterslider_instances || [];\n\t\t\t\twindow.masterslider_instances.push( masterslider_d4df );\n\t\t\t });\n\n\t\t})(jQuery);\n\t\t<\/script>\n\n[\/et_pb_code][\/et_pb_column][\/et_pb_row][et_pb_row column_structure=&#8221;1_2,1_2&#8243; _builder_version=&#8221;4.17.6&#8243; _module_preset=&#8221;default&#8221; max_width=&#8221;100%&#8221; custom_margin=&#8221;||||false|false&#8221; custom_padding=&#8221;||||false|false&#8221; global_colors_info=&#8221;{}&#8221;][et_pb_column type=&#8221;1_2&#8243; _builder_version=&#8221;4.17.1&#8243; _module_preset=&#8221;default&#8221; global_colors_info=&#8221;{}&#8221;][et_pb_text _builder_version=&#8221;4.17.6&#8243; _module_preset=&#8221;default&#8221; header_3_font=&#8221;Prata||||||||&#8221; header_3_text_align=&#8221;center&#8221; header_3_text_color=&#8221;#00A19B&#8221; header_3_font_size=&#8221;24px&#8221; custom_margin=&#8221;||2%||false|false&#8221; custom_margin_tablet=&#8221;||0%||false|false&#8221; custom_margin_phone=&#8221;||0%||false|false&#8221; custom_margin_last_edited=&#8221;on|phone&#8221; header_3_font_size_tablet=&#8221;22px&#8221; header_3_font_size_phone=&#8221;20px&#8221; header_3_font_size_last_edited=&#8221;on|phone&#8221; global_colors_info=&#8221;{}&#8221;]<\/p>\n<h3>Edition 2020<\/h3>\n<p>[\/et_pb_text][et_pb_code _builder_version=&#8221;4.17.6&#8243; _module_preset=&#8221;default&#8221; custom_margin_tablet=&#8221;2%||||false|false&#8221; custom_margin_phone=&#8221;4%||||false|false&#8221; custom_margin_last_edited=&#8221;on|tablet&#8221; global_colors_info=&#8221;{}&#8221;]\n\t\t<!-- MasterSlider -->\n\t\t<div id=\"P_MS69f0c8636e609\" class=\"master-slider-parent msl ms-parent-id-4\" style=\"max-width:800px;\">\n\n\t\t\t\n\t\t\t<!-- MasterSlider Main -->\n\t\t\t<div id=\"MS69f0c8636e609\" class=\"master-slider ms-skin-default\" >\n\t\t\t\t \t\t\t\t \n\t\t\t\t<div  class=\"ms-slide\" data-delay=\"3\" data-fill-mode=\"fill\"  >\n\t\t\t\t\t<img decoding=\"async\" src=\"https:\/\/www.festivalmandoline.fr\/wp-content\/plugins\/master-slider\/public\/assets\/css\/blank.gif\" alt=\"Concert mandoline guitare place de castellar 2020\" title=\"\" data-src=\"https:\/\/www.festivalmandoline.fr\/wp-content\/uploads\/2022\/05\/Concert-du-soir-place-castellar.jpg\" \/>\n\n\n\t<img decoding=\"async\" class=\"ms-thumb\" src=\"https:\/\/www.festivalmandoline.fr\/wp-content\/uploads\/2022\/05\/Concert-du-soir-place-castellar-140x80.jpg\" alt=\"Concert mandoline guitare place de castellar 2020\" \/>\n\t<div class=\"ms-thumb\" ><div class=\"ms-tab-context\"><div class=\"&quot;ms-tab-context&quot;\"><\/div><\/div>\n<\/div>\n\t\t\t\t<\/div>\n\t\t\t\t<div  class=\"ms-slide\" data-delay=\"3\" data-fill-mode=\"fill\"  >\n\t\t\t\t\t<img decoding=\"async\" src=\"https:\/\/www.festivalmandoline.fr\/wp-content\/plugins\/master-slider\/public\/assets\/css\/blank.gif\" alt=\"Concert mandoline guitare FIMAC 2020\" title=\"\" data-src=\"https:\/\/www.festivalmandoline.fr\/wp-content\/uploads\/2022\/05\/mandoline-guitare-FIMAC-2020.jpg\" \/>\n\n\n\t<img decoding=\"async\" class=\"ms-thumb\" src=\"https:\/\/www.festivalmandoline.fr\/wp-content\/uploads\/2022\/05\/mandoline-guitare-FIMAC-2020-140x80.jpg\" alt=\"Concert mandoline guitare FIMAC 2020\" \/>\n\t<div class=\"ms-thumb\" ><div class=\"ms-tab-context\"><div class=\"&quot;ms-tab-context&quot;\"><\/div><\/div>\n<\/div>\n\t\t\t\t<\/div>\n\t\t\t\t<div  class=\"ms-slide\" data-delay=\"3\" data-fill-mode=\"fill\"  >\n\t\t\t\t\t<img decoding=\"async\" src=\"https:\/\/www.festivalmandoline.fr\/wp-content\/plugins\/master-slider\/public\/assets\/css\/blank.gif\" alt=\"Discours du Pr\u00e9sident du FIMAC \u00e9t\u00e9 2020\" title=\"\" data-src=\"https:\/\/www.festivalmandoline.fr\/wp-content\/uploads\/2022\/05\/Discours-Pre\u0301sident-FIMAC-2020.jpg\" \/>\n\n\n\t<img decoding=\"async\" class=\"ms-thumb\" src=\"https:\/\/www.festivalmandoline.fr\/wp-content\/uploads\/2022\/05\/Discours-Pre\u0301sident-FIMAC-2020-140x80.jpg\" alt=\"Discours du Pr\u00e9sident du FIMAC \u00e9t\u00e9 2020\" \/>\n\t<div class=\"ms-thumb\" ><div class=\"ms-tab-context\"><div class=\"&quot;ms-tab-context&quot;\"><\/div><\/div>\n<\/div>\n\t\t\t\t<\/div>\n\t\t\t\t<div  class=\"ms-slide\" data-delay=\"3\" data-fill-mode=\"fill\"  >\n\t\t\t\t\t<img decoding=\"async\" src=\"https:\/\/www.festivalmandoline.fr\/wp-content\/plugins\/master-slider\/public\/assets\/css\/blank.gif\" alt=\"Duo de mandolines FIMAC 2020\" title=\"\" data-src=\"https:\/\/www.festivalmandoline.fr\/wp-content\/uploads\/2022\/05\/Duo-mandoline-FIMAC-2020.jpg\" \/>\n\n\n\t<img decoding=\"async\" class=\"ms-thumb\" src=\"https:\/\/www.festivalmandoline.fr\/wp-content\/uploads\/2022\/05\/Duo-mandoline-FIMAC-2020-140x80.jpg\" alt=\"Duo de mandolines FIMAC 2020\" \/>\n\t<div class=\"ms-thumb\" ><div class=\"ms-tab-context\"><div class=\"&quot;ms-tab-context&quot;\"><\/div><\/div>\n<\/div>\n\t\t\t\t<\/div>\n\n\t\t\t<\/div>\n\t\t\t<!-- END MasterSlider Main -->\n\n\t\t\t \n\t\t<\/div>\n\t\t<!-- END MasterSlider -->\n\n\t\t<script>\n\t\t(function ( $ ) {\n\t\t\t\"use strict\";\n\n\t\t\t$(function () {\n\t\t\t\tvar masterslider_e609 = new MasterSlider();\n\n\t\t\t\t\/\/ slider controls\n\t\t\t\tmasterslider_e609.control('arrows'     ,{ autohide:false, overVideo:true  });\t\t\t\tmasterslider_e609.control('bullets'    ,{ autohide:false, overVideo:true, dir:'h', align:'bottom' , margin:10  });\n\n\t\t\t\tmasterslider_e609.control('thumblist'  ,{ autohide:false, overVideo:true, dir:'h', speed:17, inset:false, arrows:false, hover:false, customClass:'', align:'bottom',type:'thumbs', margin:5, width:140, height:80, space:5, fillMode:'fill'  });\n\t\t\t\t\/\/ slider setup\n\t\t\t\tmasterslider_e609.setup(\"MS69f0c8636e609\", {\n\t\t\t\t\t\twidth           : 1200,\n\t\t\t\t\t\theight          : 900,\n\t\t\t\t\t\tminHeight       : 0,\n\t\t\t\t\t\tspace           : 0,\n\t\t\t\t\t\tstart           : 1,\n\t\t\t\t\t\tgrabCursor      : true,\n\t\t\t\t\t\tswipe           : true,\n\t\t\t\t\t\tmouse           : true,\n\t\t\t\t\t\tlayout          : \"boxed\",\n\t\t\t\t\t\twheel           : false,\n\t\t\t\t\t\tautoplay        : false,\n\t\t\t\t\t\tinstantStartLayers:false,\n\t\t\t\t\t\tloop            : false,\n\t\t\t\t\t\tshuffle         : false,\n\t\t\t\t\t\tpreload         : 0,\n\t\t\t\t\t\theightLimit     : true,\n\t\t\t\t\t\tautoHeight      : false,\n\t\t\t\t\t\tsmoothHeight    : true,\n\t\t\t\t\t\tendPause        : false,\n\t\t\t\t\t\toverPause       : true,\n\t\t\t\t\t\tfillMode        : \"fill\",\n\t\t\t\t\t\tcenterControls  : true,\n\t\t\t\t\t\tstartOnAppear   : false,\n\t\t\t\t\t\tlayersMode      : \"center\",\n\t\t\t\t\t\thideLayers      : false,\n\t\t\t\t\t\tfullscreenMargin: 0,\n\t\t\t\t\t\tspeed           : 20,\n\t\t\t\t\t\tdir             : \"h\",\n\t\t\t\t\t\tparallaxMode    : 'swipe',\n\t\t\t\t\t\tview            : \"basic\"\n\t\t\t\t});\n\n\t\t\t\t\n\t\t\t\twindow.masterslider_instances = window.masterslider_instances || [];\n\t\t\t\twindow.masterslider_instances.push( masterslider_e609 );\n\t\t\t });\n\n\t\t})(jQuery);\n\t\t<\/script>\n\n[\/et_pb_code][\/et_pb_column][et_pb_column type=&#8221;1_2&#8243; _builder_version=&#8221;4.17.1&#8243; _module_preset=&#8221;default&#8221; global_colors_info=&#8221;{}&#8221;][et_pb_text _builder_version=&#8221;4.17.6&#8243; _module_preset=&#8221;default&#8221; header_3_font=&#8221;Prata||||||||&#8221; header_3_text_align=&#8221;center&#8221; header_3_text_color=&#8221;#00A19B&#8221; header_3_font_size=&#8221;24px&#8221; custom_margin=&#8221;||2%||false|false&#8221; custom_margin_tablet=&#8221;||0%||false|false&#8221; custom_margin_phone=&#8221;||0%||false|false&#8221; custom_margin_last_edited=&#8221;on|phone&#8221; header_3_font_size_tablet=&#8221;22px&#8221; header_3_font_size_phone=&#8221;20px&#8221; header_3_font_size_last_edited=&#8221;on|phone&#8221; global_colors_info=&#8221;{}&#8221;]<\/p>\n<h3>Edition 2019<\/h3>\n<p>[\/et_pb_text][et_pb_code _builder_version=&#8221;4.17.6&#8243; _module_preset=&#8221;default&#8221; custom_margin_tablet=&#8221;2%||||false|false&#8221; custom_margin_phone=&#8221;4%||||false|false&#8221; custom_margin_last_edited=&#8221;on|tablet&#8221; global_colors_info=&#8221;{}&#8221;]\n\t\t<!-- MasterSlider -->\n\t\t<div id=\"P_MS69f0c8636f8ff\" class=\"master-slider-parent msl ms-parent-id-5\" style=\"max-width:800px;\">\n\n\t\t\t\n\t\t\t<!-- MasterSlider Main -->\n\t\t\t<div id=\"MS69f0c8636f8ff\" class=\"master-slider ms-skin-default\" >\n\t\t\t\t \t\t\t\t \n\t\t\t\t<div  class=\"ms-slide\" data-delay=\"3\" data-fill-mode=\"fill\"  >\n\t\t\t\t\t<img decoding=\"async\" src=\"https:\/\/www.festivalmandoline.fr\/wp-content\/plugins\/master-slider\/public\/assets\/css\/blank.gif\" alt=\"Quintette Anedda au FIMAC 2019\" title=\"\" data-src=\"https:\/\/www.festivalmandoline.fr\/wp-content\/uploads\/2022\/05\/Quintette-Anedda-FIMAC-2019.jpg\" \/>\n\n\n\t<img decoding=\"async\" class=\"ms-thumb\" src=\"https:\/\/www.festivalmandoline.fr\/wp-content\/uploads\/2022\/05\/Quintette-Anedda-FIMAC-2019-140x80.jpg\" alt=\"Quintette Anedda au FIMAC 2019\" \/>\n\t<div class=\"ms-thumb\" ><div class=\"ms-tab-context\"><div class=\"&quot;ms-tab-context&quot;\"><\/div><\/div>\n<\/div>\n\t\t\t\t<\/div>\n\t\t\t\t<div  class=\"ms-slide\" data-delay=\"3\" data-fill-mode=\"fill\"  >\n\t\t\t\t\t<img decoding=\"async\" src=\"https:\/\/www.festivalmandoline.fr\/wp-content\/plugins\/master-slider\/public\/assets\/css\/blank.gif\" alt=\"Sabinne MArze et Vincent Beer au FIMAC 2019\" title=\"\" data-src=\"https:\/\/www.festivalmandoline.fr\/wp-content\/uploads\/2022\/05\/Sabine-Marze\u0301-et-Vincent-Beer-FIMAC-2019.jpg\" \/>\n\n\n\t<img decoding=\"async\" class=\"ms-thumb\" src=\"https:\/\/www.festivalmandoline.fr\/wp-content\/uploads\/2022\/05\/Sabine-Marze\u0301-et-Vincent-Beer-FIMAC-2019-140x80.jpg\" alt=\"Sabinne MArze et Vincent Beer au FIMAC 2019\" \/>\n\t<div class=\"ms-thumb\" ><div class=\"ms-tab-context\"><div class=\"&quot;ms-tab-context&quot;\"><\/div><\/div>\n<\/div>\n\t\t\t\t<\/div>\n\t\t\t\t<div  class=\"ms-slide\" data-delay=\"3\" data-fill-mode=\"fill\"  >\n\t\t\t\t\t<img decoding=\"async\" src=\"https:\/\/www.festivalmandoline.fr\/wp-content\/plugins\/master-slider\/public\/assets\/css\/blank.gif\" alt=\"Carlo Aonzo FIMAC 2019\" title=\"\" data-src=\"https:\/\/www.festivalmandoline.fr\/wp-content\/uploads\/2022\/05\/Carlo-Aonzo-FIMAC-2019.jpg\" \/>\n\n\n\t<img decoding=\"async\" class=\"ms-thumb\" src=\"https:\/\/www.festivalmandoline.fr\/wp-content\/uploads\/2022\/05\/Carlo-Aonzo-FIMAC-2019-140x80.jpg\" alt=\"Carlo Aonzo FIMAC 2019\" \/>\n\t<div class=\"ms-thumb\" ><div class=\"ms-tab-context\"><div class=\"&quot;ms-tab-context&quot;\"><\/div><\/div>\n<\/div>\n\t\t\t\t<\/div>\n\t\t\t\t<div  class=\"ms-slide\" data-delay=\"3\" data-fill-mode=\"fill\"  >\n\t\t\t\t\t<img decoding=\"async\" src=\"https:\/\/www.festivalmandoline.fr\/wp-content\/plugins\/master-slider\/public\/assets\/css\/blank.gif\" alt=\"Vincent mandoline FIMAC 2019\" title=\"\" data-src=\"https:\/\/www.festivalmandoline.fr\/wp-content\/uploads\/2022\/05\/Vincent-mandoline-FIMAC-2019.jpg\" \/>\n\n\n\t<img decoding=\"async\" class=\"ms-thumb\" src=\"https:\/\/www.festivalmandoline.fr\/wp-content\/uploads\/2022\/05\/Vincent-mandoline-FIMAC-2019-140x80.jpg\" alt=\"Vincent mandoline FIMAC 2019\" \/>\n\t<div class=\"ms-thumb\" ><div class=\"ms-tab-context\"><div class=\"&quot;ms-tab-context&quot;\"><\/div><\/div>\n<\/div>\n\t\t\t\t<\/div>\n\t\t\t\t<div  class=\"ms-slide\" data-delay=\"3\" data-fill-mode=\"fill\"  >\n\t\t\t\t\t<img decoding=\"async\" src=\"https:\/\/www.festivalmandoline.fr\/wp-content\/plugins\/master-slider\/public\/assets\/css\/blank.gif\" alt=\"Quatuor de mandolines FIMAC 2019\" title=\"\" data-src=\"https:\/\/www.festivalmandoline.fr\/wp-content\/uploads\/2022\/05\/Quatuor-mandoline-FIMAC-2019.jpg\" \/>\n\n\n\t<img decoding=\"async\" class=\"ms-thumb\" src=\"https:\/\/www.festivalmandoline.fr\/wp-content\/uploads\/2022\/05\/Quatuor-mandoline-FIMAC-2019-140x80.jpg\" alt=\"Quatuor de mandolines FIMAC 2019\" \/>\n\t<div class=\"ms-thumb\" ><div class=\"ms-tab-context\"><div class=\"&quot;ms-tab-context&quot;\"><\/div><\/div>\n<\/div>\n\t\t\t\t<\/div>\n\n\t\t\t<\/div>\n\t\t\t<!-- END MasterSlider Main -->\n\n\t\t\t \n\t\t<\/div>\n\t\t<!-- END MasterSlider -->\n\n\t\t<script>\n\t\t(function ( $ ) {\n\t\t\t\"use strict\";\n\n\t\t\t$(function () {\n\t\t\t\tvar masterslider_f8ff = new MasterSlider();\n\n\t\t\t\t\/\/ slider controls\n\t\t\t\tmasterslider_f8ff.control('arrows'     ,{ autohide:false, overVideo:true  });\t\t\t\tmasterslider_f8ff.control('bullets'    ,{ autohide:false, overVideo:true, dir:'h', align:'bottom' , margin:10  });\n\n\t\t\t\tmasterslider_f8ff.control('thumblist'  ,{ autohide:false, overVideo:true, dir:'h', speed:17, inset:false, arrows:false, hover:false, customClass:'', align:'bottom',type:'thumbs', margin:5, width:140, height:80, space:5, fillMode:'fill'  });\n\t\t\t\t\/\/ slider setup\n\t\t\t\tmasterslider_f8ff.setup(\"MS69f0c8636f8ff\", {\n\t\t\t\t\t\twidth           : 1200,\n\t\t\t\t\t\theight          : 900,\n\t\t\t\t\t\tminHeight       : 0,\n\t\t\t\t\t\tspace           : 0,\n\t\t\t\t\t\tstart           : 1,\n\t\t\t\t\t\tgrabCursor      : true,\n\t\t\t\t\t\tswipe           : true,\n\t\t\t\t\t\tmouse           : true,\n\t\t\t\t\t\tlayout          : \"boxed\",\n\t\t\t\t\t\twheel           : false,\n\t\t\t\t\t\tautoplay        : false,\n\t\t\t\t\t\tinstantStartLayers:false,\n\t\t\t\t\t\tloop            : false,\n\t\t\t\t\t\tshuffle         : false,\n\t\t\t\t\t\tpreload         : 0,\n\t\t\t\t\t\theightLimit     : true,\n\t\t\t\t\t\tautoHeight      : false,\n\t\t\t\t\t\tsmoothHeight    : true,\n\t\t\t\t\t\tendPause        : false,\n\t\t\t\t\t\toverPause       : true,\n\t\t\t\t\t\tfillMode        : \"fill\",\n\t\t\t\t\t\tcenterControls  : true,\n\t\t\t\t\t\tstartOnAppear   : false,\n\t\t\t\t\t\tlayersMode      : \"center\",\n\t\t\t\t\t\thideLayers      : false,\n\t\t\t\t\t\tfullscreenMargin: 0,\n\t\t\t\t\t\tspeed           : 20,\n\t\t\t\t\t\tdir             : \"h\",\n\t\t\t\t\t\tparallaxMode    : 'swipe',\n\t\t\t\t\t\tview            : \"basic\"\n\t\t\t\t});\n\n\t\t\t\t\n\t\t\t\twindow.masterslider_instances = window.masterslider_instances || [];\n\t\t\t\twindow.masterslider_instances.push( masterslider_f8ff );\n\t\t\t });\n\n\t\t})(jQuery);\n\t\t<\/script>\n\n[\/et_pb_code][\/et_pb_column][\/et_pb_row][et_pb_row column_structure=&#8221;1_2,1_2&#8243; _builder_version=&#8221;4.17.3&#8243; _module_preset=&#8221;default&#8221; max_width=&#8221;100%&#8221; custom_margin=&#8221;||||false|false&#8221; custom_padding=&#8221;||||false|false&#8221; global_colors_info=&#8221;{}&#8221;][et_pb_column type=&#8221;1_2&#8243; _builder_version=&#8221;4.17.1&#8243; _module_preset=&#8221;default&#8221; global_colors_info=&#8221;{}&#8221;][et_pb_text _builder_version=&#8221;4.17.6&#8243; _module_preset=&#8221;default&#8221; header_3_font=&#8221;Prata||||||||&#8221; header_3_text_align=&#8221;center&#8221; header_3_text_color=&#8221;#00A19B&#8221; header_3_font_size=&#8221;24px&#8221; custom_margin=&#8221;||2%||false|false&#8221; custom_margin_tablet=&#8221;||0%||false|false&#8221; custom_margin_phone=&#8221;||0%||false|false&#8221; custom_margin_last_edited=&#8221;on|phone&#8221; header_3_font_size_tablet=&#8221;22px&#8221; header_3_font_size_phone=&#8221;20px&#8221; header_3_font_size_last_edited=&#8221;on|phone&#8221; global_colors_info=&#8221;{}&#8221;]<\/p>\n<h3>Edition 2018<\/h3>\n<p>[\/et_pb_text][et_pb_code _builder_version=&#8221;4.17.6&#8243; _module_preset=&#8221;default&#8221; custom_margin_tablet=&#8221;2%||||false|false&#8221; custom_margin_phone=&#8221;4%||||false|false&#8221; custom_margin_last_edited=&#8221;on|tablet&#8221; global_colors_info=&#8221;{}&#8221;]\n\t\t<!-- MasterSlider -->\n\t\t<div id=\"P_MS69f0c86370f5f\" class=\"master-slider-parent msl ms-parent-id-6\" style=\"max-width:800px;\">\n\n\t\t\t\n\t\t\t<!-- MasterSlider Main -->\n\t\t\t<div id=\"MS69f0c86370f5f\" class=\"master-slider ms-skin-default\" >\n\t\t\t\t \t\t\t\t \n\t\t\t\t<div  class=\"ms-slide\" data-delay=\"3\" data-fill-mode=\"fill\"  >\n\t\t\t\t\t<img decoding=\"async\" src=\"https:\/\/www.festivalmandoline.fr\/wp-content\/plugins\/master-slider\/public\/assets\/css\/blank.gif\" alt=\"Concert mandoline Castellar 2018\" title=\"\" data-src=\"https:\/\/www.festivalmandoline.fr\/wp-content\/uploads\/2022\/05\/Sabine-Marine-et-OCC.jpg\" \/>\n\n\n\t<img decoding=\"async\" class=\"ms-thumb\" src=\"https:\/\/www.festivalmandoline.fr\/wp-content\/uploads\/2022\/05\/Sabine-Marine-et-OCC-140x80.jpg\" alt=\"Concert mandoline Castellar 2018\" \/>\n\t<div class=\"ms-thumb\" ><div class=\"ms-tab-context\"><div class=\"&quot;ms-tab-context&quot;\"><\/div><\/div>\n<\/div>\n\t\t\t\t<\/div>\n\t\t\t\t<div  class=\"ms-slide\" data-delay=\"3\" data-fill-mode=\"fill\"  >\n\t\t\t\t\t<img decoding=\"async\" src=\"https:\/\/www.festivalmandoline.fr\/wp-content\/plugins\/master-slider\/public\/assets\/css\/blank.gif\" alt=\"Concert spectacle mandoline castellar 2018\" title=\"\" data-src=\"https:\/\/www.festivalmandoline.fr\/wp-content\/uploads\/2022\/05\/Vendredi-Inoue.jpg\" \/>\n\n\n\t<img decoding=\"async\" class=\"ms-thumb\" src=\"https:\/\/www.festivalmandoline.fr\/wp-content\/uploads\/2022\/05\/Vendredi-Inoue-140x80.jpg\" alt=\"Concert spectacle mandoline castellar 2018\" \/>\n\t<div class=\"ms-thumb\" ><div class=\"ms-tab-context\"><div class=\"&quot;ms-tab-context&quot;\"><\/div><\/div>\n<\/div>\n\t\t\t\t<\/div>\n\t\t\t\t<div  class=\"ms-slide\" data-delay=\"3\" data-fill-mode=\"fill\"  >\n\t\t\t\t\t<img decoding=\"async\" src=\"https:\/\/www.festivalmandoline.fr\/wp-content\/plugins\/master-slider\/public\/assets\/css\/blank.gif\" alt=\"Concert trio aprs mandoline castellar 2018\" title=\"\" data-src=\"https:\/\/www.festivalmandoline.fr\/wp-content\/uploads\/2022\/05\/trio-aprs-concert-FIMAC-2018.jpg\" \/>\n\n\n\t<img decoding=\"async\" class=\"ms-thumb\" src=\"https:\/\/www.festivalmandoline.fr\/wp-content\/uploads\/2022\/05\/trio-aprs-concert-FIMAC-2018-140x80.jpg\" alt=\"Concert trio aprs mandoline castellar 2018\" \/>\n\t<div class=\"ms-thumb\" ><div class=\"ms-tab-context\"><div class=\"&quot;ms-tab-context&quot;\"><\/div><\/div>\n<\/div>\n\t\t\t\t<\/div>\n\t\t\t\t<div  class=\"ms-slide\" data-delay=\"3\" data-fill-mode=\"fill\"  >\n\t\t\t\t\t<img decoding=\"async\" src=\"https:\/\/www.festivalmandoline.fr\/wp-content\/plugins\/master-slider\/public\/assets\/css\/blank.gif\" alt=\"Trio Julien au Festival de Mandoline de Castellar 2018\" title=\"\" data-src=\"https:\/\/www.festivalmandoline.fr\/wp-content\/uploads\/2022\/05\/Trio-Julien-FIMAC_2018.jpg\" \/>\n\n\n\t<img decoding=\"async\" class=\"ms-thumb\" src=\"https:\/\/www.festivalmandoline.fr\/wp-content\/uploads\/2022\/05\/Trio-Julien-FIMAC_2018-140x80.jpg\" alt=\"Trio Julien au Festival de Mandoline de Castellar 2018\" \/>\n\t<div class=\"ms-thumb\" ><div class=\"ms-tab-context\"><div class=\"&quot;ms-tab-context&quot;\"><\/div><\/div>\n<\/div>\n\t\t\t\t<\/div>\n\n\t\t\t<\/div>\n\t\t\t<!-- END MasterSlider Main -->\n\n\t\t\t \n\t\t<\/div>\n\t\t<!-- END MasterSlider -->\n\n\t\t<script>\n\t\t(function ( $ ) {\n\t\t\t\"use strict\";\n\n\t\t\t$(function () {\n\t\t\t\tvar masterslider_0f5f = new MasterSlider();\n\n\t\t\t\t\/\/ slider controls\n\t\t\t\tmasterslider_0f5f.control('arrows'     ,{ autohide:false, overVideo:true  });\t\t\t\tmasterslider_0f5f.control('bullets'    ,{ autohide:false, overVideo:true, dir:'h', align:'bottom' , margin:10  });\n\n\t\t\t\tmasterslider_0f5f.control('thumblist'  ,{ autohide:false, overVideo:true, dir:'h', speed:17, inset:false, arrows:false, hover:false, customClass:'', align:'bottom',type:'thumbs', margin:5, width:140, height:80, space:5, fillMode:'fill'  });\n\t\t\t\t\/\/ slider setup\n\t\t\t\tmasterslider_0f5f.setup(\"MS69f0c86370f5f\", {\n\t\t\t\t\t\twidth           : 1200,\n\t\t\t\t\t\theight          : 900,\n\t\t\t\t\t\tminHeight       : 0,\n\t\t\t\t\t\tspace           : 0,\n\t\t\t\t\t\tstart           : 1,\n\t\t\t\t\t\tgrabCursor      : true,\n\t\t\t\t\t\tswipe           : true,\n\t\t\t\t\t\tmouse           : true,\n\t\t\t\t\t\tlayout          : \"boxed\",\n\t\t\t\t\t\twheel           : false,\n\t\t\t\t\t\tautoplay        : false,\n\t\t\t\t\t\tinstantStartLayers:false,\n\t\t\t\t\t\tloop            : false,\n\t\t\t\t\t\tshuffle         : false,\n\t\t\t\t\t\tpreload         : 0,\n\t\t\t\t\t\theightLimit     : true,\n\t\t\t\t\t\tautoHeight      : false,\n\t\t\t\t\t\tsmoothHeight    : true,\n\t\t\t\t\t\tendPause        : false,\n\t\t\t\t\t\toverPause       : true,\n\t\t\t\t\t\tfillMode        : \"fill\",\n\t\t\t\t\t\tcenterControls  : true,\n\t\t\t\t\t\tstartOnAppear   : false,\n\t\t\t\t\t\tlayersMode      : \"center\",\n\t\t\t\t\t\thideLayers      : false,\n\t\t\t\t\t\tfullscreenMargin: 0,\n\t\t\t\t\t\tspeed           : 20,\n\t\t\t\t\t\tdir             : \"h\",\n\t\t\t\t\t\tparallaxMode    : 'swipe',\n\t\t\t\t\t\tview            : \"basic\"\n\t\t\t\t});\n\n\t\t\t\t\n\t\t\t\twindow.masterslider_instances = window.masterslider_instances || [];\n\t\t\t\twindow.masterslider_instances.push( masterslider_0f5f );\n\t\t\t });\n\n\t\t})(jQuery);\n\t\t<\/script>\n\n[\/et_pb_code][\/et_pb_column][et_pb_column type=&#8221;1_2&#8243; _builder_version=&#8221;4.17.1&#8243; _module_preset=&#8221;default&#8221; global_colors_info=&#8221;{}&#8221;][et_pb_text _builder_version=&#8221;4.17.6&#8243; _module_preset=&#8221;default&#8221; header_3_font=&#8221;Prata||||||||&#8221; header_3_text_align=&#8221;center&#8221; header_3_text_color=&#8221;#00A19B&#8221; header_3_font_size=&#8221;24px&#8221; custom_margin=&#8221;||2%||false|false&#8221; custom_margin_tablet=&#8221;||0%||false|false&#8221; custom_margin_phone=&#8221;||0%||false|false&#8221; custom_margin_last_edited=&#8221;on|phone&#8221; header_3_font_size_tablet=&#8221;22px&#8221; header_3_font_size_phone=&#8221;20px&#8221; header_3_font_size_last_edited=&#8221;on|phone&#8221; global_colors_info=&#8221;{}&#8221;]<\/p>\n<h3>Edition 2017<\/h3>\n<p>[\/et_pb_text][et_pb_code _builder_version=&#8221;4.17.6&#8243; _module_preset=&#8221;default&#8221; custom_margin_tablet=&#8221;2%||||false|false&#8221; custom_margin_phone=&#8221;4%||||false|false&#8221; custom_margin_last_edited=&#8221;on|tablet&#8221; global_colors_info=&#8221;{}&#8221;]\n\t\t<!-- MasterSlider -->\n\t\t<div id=\"P_MS69f0c8637211a\" class=\"master-slider-parent msl ms-parent-id-7\" style=\"max-width:800px;\">\n\n\t\t\t\n\t\t\t<!-- MasterSlider Main -->\n\t\t\t<div id=\"MS69f0c8637211a\" class=\"master-slider ms-skin-default\" >\n\t\t\t\t \t\t\t\t \n\t\t\t\t<div  class=\"ms-slide\" data-delay=\"3\" data-fill-mode=\"fill\"  >\n\t\t\t\t\t<img decoding=\"async\" src=\"https:\/\/www.festivalmandoline.fr\/wp-content\/plugins\/master-slider\/public\/assets\/css\/blank.gif\" alt=\"Concert de mandolines et danse espagnole FIMAC 2017\" title=\"\" data-src=\"https:\/\/www.festivalmandoline.fr\/wp-content\/uploads\/2022\/05\/Concert-et-danse-FIMAC-2017.jpg\" \/>\n\n\n\t<img decoding=\"async\" class=\"ms-thumb\" src=\"https:\/\/www.festivalmandoline.fr\/wp-content\/uploads\/2022\/05\/Concert-et-danse-FIMAC-2017-140x80.jpg\" alt=\"Concert de mandolines et danse espagnole FIMAC 2017\" \/>\n\t<div class=\"ms-thumb\" ><div class=\"ms-tab-context\"><div class=\"&quot;ms-tab-context&quot;\"><\/div><\/div>\n<\/div>\n\t\t\t\t<\/div>\n\t\t\t\t<div  class=\"ms-slide\" data-delay=\"3\" data-fill-mode=\"fill\"  >\n\t\t\t\t\t<img decoding=\"async\" src=\"https:\/\/www.festivalmandoline.fr\/wp-content\/plugins\/master-slider\/public\/assets\/css\/blank.gif\" alt=\"concert de mandolines dans l&#039;\u00e9glise de Castellar pour le FIMAC 2017\" title=\"\" data-src=\"https:\/\/www.festivalmandoline.fr\/wp-content\/uploads\/2022\/05\/Concert-mandoline-dans-le\u0301glise-FIMAC-2017.jpg\" \/>\n\n\n\t<img decoding=\"async\" class=\"ms-thumb\" src=\"https:\/\/www.festivalmandoline.fr\/wp-content\/uploads\/2022\/05\/Concert-mandoline-dans-le\u0301glise-FIMAC-2017-140x80.jpg\" alt=\"concert de mandolines dans l&#039;\u00e9glise de Castellar pour le FIMAC 2017\" \/>\n\t<div class=\"ms-thumb\" ><div class=\"ms-tab-context\"><div class=\"&quot;ms-tab-context&quot;\"><\/div><\/div>\n<\/div>\n\t\t\t\t<\/div>\n\t\t\t\t<div  class=\"ms-slide\" data-delay=\"3\" data-fill-mode=\"fill\"  >\n\t\t\t\t\t<img decoding=\"async\" src=\"https:\/\/www.festivalmandoline.fr\/wp-content\/plugins\/master-slider\/public\/assets\/css\/blank.gif\" alt=\"Natalia Korsak au Festival Mandoline Castellar2017\" title=\"\" data-src=\"https:\/\/www.festivalmandoline.fr\/wp-content\/uploads\/2022\/05\/Natalia-Korsak-FIMAC-2017.jpg\" \/>\n\n\n\t<img decoding=\"async\" class=\"ms-thumb\" src=\"https:\/\/www.festivalmandoline.fr\/wp-content\/uploads\/2022\/05\/Natalia-Korsak-FIMAC-2017-140x80.jpg\" alt=\"Natalia Korsak au Festival Mandoline Castellar2017\" \/>\n\t<div class=\"ms-thumb\" ><div class=\"ms-tab-context\"><div class=\"&quot;ms-tab-context&quot;\"><\/div><\/div>\n<\/div>\n\t\t\t\t<\/div>\n\t\t\t\t<div  class=\"ms-slide\" data-delay=\"3\" data-fill-mode=\"fill\"  >\n\t\t\t\t\t<img decoding=\"async\" src=\"https:\/\/www.festivalmandoline.fr\/wp-content\/plugins\/master-slider\/public\/assets\/css\/blank.gif\" alt=\"Concert de mandoline \u00e9glise de Castellar FIMAC 2017\" title=\"\" data-src=\"https:\/\/www.festivalmandoline.fr\/wp-content\/uploads\/2022\/05\/Concert-mandoline-e\u0301glise-FIMAC-2017.jpg\" \/>\n\n\n\t<img decoding=\"async\" class=\"ms-thumb\" src=\"https:\/\/www.festivalmandoline.fr\/wp-content\/uploads\/2022\/05\/Concert-mandoline-e\u0301glise-FIMAC-2017-140x80.jpg\" alt=\"Concert de mandoline \u00e9glise de Castellar FIMAC 2017\" \/>\n\t<div class=\"ms-thumb\" ><div class=\"ms-tab-context\"><div class=\"&quot;ms-tab-context&quot;\"><\/div><\/div>\n<\/div>\n\t\t\t\t<\/div>\n\t\t\t\t<div  class=\"ms-slide\" data-delay=\"3\" data-fill-mode=\"fill\"  >\n\t\t\t\t\t<img decoding=\"async\" src=\"https:\/\/www.festivalmandoline.fr\/wp-content\/plugins\/master-slider\/public\/assets\/css\/blank.gif\" alt=\"Concert en journ\u00e9e FIMAC 2017\" title=\"\" data-src=\"https:\/\/www.festivalmandoline.fr\/wp-content\/uploads\/2022\/05\/Concert-journe\u0301e-FIMAC-2017.jpg\" \/>\n\n\n\t<img decoding=\"async\" class=\"ms-thumb\" src=\"https:\/\/www.festivalmandoline.fr\/wp-content\/uploads\/2022\/05\/Concert-journe\u0301e-FIMAC-2017-140x80.jpg\" alt=\"Concert en journ\u00e9e FIMAC 2017\" \/>\n\t<div class=\"ms-thumb\" ><div class=\"ms-tab-context\"><div class=\"&quot;ms-tab-context&quot;\"><\/div><\/div>\n<\/div>\n\t\t\t\t<\/div>\n\n\t\t\t<\/div>\n\t\t\t<!-- END MasterSlider Main -->\n\n\t\t\t \n\t\t<\/div>\n\t\t<!-- END MasterSlider -->\n\n\t\t<script>\n\t\t(function ( $ ) {\n\t\t\t\"use strict\";\n\n\t\t\t$(function () {\n\t\t\t\tvar masterslider_211a = new MasterSlider();\n\n\t\t\t\t\/\/ slider controls\n\t\t\t\tmasterslider_211a.control('arrows'     ,{ autohide:false, overVideo:true  });\t\t\t\tmasterslider_211a.control('bullets'    ,{ autohide:false, overVideo:true, dir:'h', align:'bottom' , margin:10  });\n\n\t\t\t\tmasterslider_211a.control('thumblist'  ,{ autohide:false, overVideo:true, dir:'h', speed:17, inset:false, arrows:false, hover:false, customClass:'', align:'bottom',type:'thumbs', margin:5, width:140, height:80, space:5, fillMode:'fill'  });\n\t\t\t\t\/\/ slider setup\n\t\t\t\tmasterslider_211a.setup(\"MS69f0c8637211a\", {\n\t\t\t\t\t\twidth           : 1200,\n\t\t\t\t\t\theight          : 900,\n\t\t\t\t\t\tminHeight       : 0,\n\t\t\t\t\t\tspace           : 0,\n\t\t\t\t\t\tstart           : 1,\n\t\t\t\t\t\tgrabCursor      : true,\n\t\t\t\t\t\tswipe           : true,\n\t\t\t\t\t\tmouse           : true,\n\t\t\t\t\t\tlayout          : \"boxed\",\n\t\t\t\t\t\twheel           : false,\n\t\t\t\t\t\tautoplay        : false,\n\t\t\t\t\t\tinstantStartLayers:false,\n\t\t\t\t\t\tloop            : false,\n\t\t\t\t\t\tshuffle         : false,\n\t\t\t\t\t\tpreload         : 0,\n\t\t\t\t\t\theightLimit     : true,\n\t\t\t\t\t\tautoHeight      : false,\n\t\t\t\t\t\tsmoothHeight    : true,\n\t\t\t\t\t\tendPause        : false,\n\t\t\t\t\t\toverPause       : true,\n\t\t\t\t\t\tfillMode        : \"fill\",\n\t\t\t\t\t\tcenterControls  : true,\n\t\t\t\t\t\tstartOnAppear   : false,\n\t\t\t\t\t\tlayersMode      : \"center\",\n\t\t\t\t\t\thideLayers      : false,\n\t\t\t\t\t\tfullscreenMargin: 0,\n\t\t\t\t\t\tspeed           : 20,\n\t\t\t\t\t\tdir             : \"h\",\n\t\t\t\t\t\tparallaxMode    : 'swipe',\n\t\t\t\t\t\tview            : \"basic\"\n\t\t\t\t});\n\n\t\t\t\t\n\t\t\t\twindow.masterslider_instances = window.masterslider_instances || [];\n\t\t\t\twindow.masterslider_instances.push( masterslider_211a );\n\t\t\t });\n\n\t\t})(jQuery);\n\t\t<\/script>\n\n[\/et_pb_code][\/et_pb_column][\/et_pb_row][et_pb_row column_structure=&#8221;1_2,1_2&#8243; _builder_version=&#8221;4.17.3&#8243; _module_preset=&#8221;default&#8221; max_width=&#8221;100%&#8221; custom_margin=&#8221;||||false|false&#8221; custom_padding=&#8221;||||false|false&#8221; global_colors_info=&#8221;{}&#8221;][et_pb_column type=&#8221;1_2&#8243; _builder_version=&#8221;4.17.1&#8243; _module_preset=&#8221;default&#8221; global_colors_info=&#8221;{}&#8221;][et_pb_text _builder_version=&#8221;4.17.6&#8243; _module_preset=&#8221;default&#8221; header_3_font=&#8221;Prata||||||||&#8221; header_3_text_align=&#8221;center&#8221; header_3_text_color=&#8221;#00A19B&#8221; header_3_font_size=&#8221;24px&#8221; custom_margin=&#8221;||2%||false|false&#8221; custom_margin_tablet=&#8221;||0%||false|false&#8221; custom_margin_phone=&#8221;||0%||false|false&#8221; custom_margin_last_edited=&#8221;on|phone&#8221; header_3_font_size_tablet=&#8221;22px&#8221; header_3_font_size_phone=&#8221;20px&#8221; header_3_font_size_last_edited=&#8221;on|phone&#8221; global_colors_info=&#8221;{}&#8221;]<\/p>\n<h3>Edition 2016<\/h3>\n<p>[\/et_pb_text][et_pb_code _builder_version=&#8221;4.17.6&#8243; _module_preset=&#8221;default&#8221; custom_margin_tablet=&#8221;2%||||false|false&#8221; custom_margin_phone=&#8221;4%||||false|false&#8221; custom_margin_last_edited=&#8221;on|tablet&#8221; global_colors_info=&#8221;{}&#8221;]\n\t\t<!-- MasterSlider -->\n\t\t<div id=\"P_MS69f0c863731bb\" class=\"master-slider-parent msl ms-parent-id-8\" style=\"max-width:800px;\">\n\n\t\t\t\n\t\t\t<!-- MasterSlider Main -->\n\t\t\t<div id=\"MS69f0c863731bb\" class=\"master-slider ms-skin-default\" >\n\t\t\t\t \t\t\t\t \n\t\t\t\t<div  class=\"ms-slide\" data-delay=\"3\" data-fill-mode=\"fill\"  >\n\t\t\t\t\t<img decoding=\"async\" src=\"https:\/\/www.festivalmandoline.fr\/wp-content\/plugins\/master-slider\/public\/assets\/css\/blank.gif\" alt=\"Solo de mandoline au festival international de mandoline de castellar 2016\" title=\"\" data-src=\"https:\/\/www.festivalmandoline.fr\/wp-content\/uploads\/2022\/05\/solo-mandoline-FIMAC-2016.jpg\" \/>\n\n\n\t<img decoding=\"async\" class=\"ms-thumb\" src=\"https:\/\/www.festivalmandoline.fr\/wp-content\/uploads\/2022\/05\/solo-mandoline-FIMAC-2016-140x80.jpg\" alt=\"Solo de mandoline au festival international de mandoline de castellar 2016\" \/>\n\t<div class=\"ms-thumb\" ><div class=\"ms-tab-context\"><div class=\"&quot;ms-tab-context&quot;\"><\/div><\/div>\n<\/div>\n\t\t\t\t<\/div>\n\t\t\t\t<div  class=\"ms-slide\" data-delay=\"3\" data-fill-mode=\"fill\"  >\n\t\t\t\t\t<img decoding=\"async\" src=\"https:\/\/www.festivalmandoline.fr\/wp-content\/plugins\/master-slider\/public\/assets\/css\/blank.gif\" alt=\"Mandoline accord\u00e9on FIMAC 2016\" title=\"\" data-src=\"https:\/\/www.festivalmandoline.fr\/wp-content\/uploads\/2022\/05\/FIMAC-2016-accorde\u0301on-mandoline.jpg\" \/>\n\n\n\t<img decoding=\"async\" class=\"ms-thumb\" src=\"https:\/\/www.festivalmandoline.fr\/wp-content\/uploads\/2022\/05\/FIMAC-2016-accorde\u0301on-mandoline-140x80.jpg\" alt=\"Mandoline accord\u00e9on FIMAC 2016\" \/>\n\t<div class=\"ms-thumb\" ><div class=\"ms-tab-context\"><div class=\"&quot;ms-tab-context&quot;\"><\/div><\/div>\n<\/div>\n\t\t\t\t<\/div>\n\t\t\t\t<div  class=\"ms-slide\" data-delay=\"3\" data-fill-mode=\"fill\"  >\n\t\t\t\t\t<img decoding=\"async\" src=\"https:\/\/www.festivalmandoline.fr\/wp-content\/plugins\/master-slider\/public\/assets\/css\/blank.gif\" alt=\"Artistes festival mandoline castellar 2016\" title=\"\" data-src=\"https:\/\/www.festivalmandoline.fr\/wp-content\/uploads\/2022\/05\/artistes-FIMAC-2016.jpg\" \/>\n\n\n\t<img decoding=\"async\" class=\"ms-thumb\" src=\"https:\/\/www.festivalmandoline.fr\/wp-content\/uploads\/2022\/05\/artistes-FIMAC-2016-140x80.jpg\" alt=\"Artistes festival mandoline castellar 2016\" \/>\n\t<div class=\"ms-thumb\" ><div class=\"ms-tab-context\"><div class=\"&quot;ms-tab-context&quot;\"><\/div><\/div>\n<\/div>\n\t\t\t\t<\/div>\n\t\t\t\t<div  class=\"ms-slide\" data-delay=\"3\" data-fill-mode=\"fill\"  >\n\t\t\t\t\t<img decoding=\"async\" src=\"https:\/\/www.festivalmandoline.fr\/wp-content\/plugins\/master-slider\/public\/assets\/css\/blank.gif\" alt=\"Concert de mandolines FIMAC 2016\" title=\"\" data-src=\"https:\/\/www.festivalmandoline.fr\/wp-content\/uploads\/2022\/05\/concert-mandolines-FIMAC-2016.jpg\" \/>\n\n\n\t<img decoding=\"async\" class=\"ms-thumb\" src=\"https:\/\/www.festivalmandoline.fr\/wp-content\/uploads\/2022\/05\/concert-mandolines-FIMAC-2016-140x80.jpg\" alt=\"Concert de mandolines FIMAC 2016\" \/>\n\t<div class=\"ms-thumb\" ><div class=\"ms-tab-context\"><div class=\"&quot;ms-tab-context&quot;\"><\/div><\/div>\n<\/div>\n\t\t\t\t<\/div>\n\n\t\t\t<\/div>\n\t\t\t<!-- END MasterSlider Main -->\n\n\t\t\t \n\t\t<\/div>\n\t\t<!-- END MasterSlider -->\n\n\t\t<script>\n\t\t(function ( $ ) {\n\t\t\t\"use strict\";\n\n\t\t\t$(function () {\n\t\t\t\tvar masterslider_31bb = new MasterSlider();\n\n\t\t\t\t\/\/ slider controls\n\t\t\t\tmasterslider_31bb.control('arrows'     ,{ autohide:false, overVideo:true  });\t\t\t\tmasterslider_31bb.control('bullets'    ,{ autohide:false, overVideo:true, dir:'h', align:'bottom' , margin:10  });\n\n\t\t\t\tmasterslider_31bb.control('thumblist'  ,{ autohide:false, overVideo:true, dir:'h', speed:17, inset:false, arrows:false, hover:false, customClass:'', align:'bottom',type:'thumbs', margin:5, width:140, height:80, space:5, fillMode:'fill'  });\n\t\t\t\t\/\/ slider setup\n\t\t\t\tmasterslider_31bb.setup(\"MS69f0c863731bb\", {\n\t\t\t\t\t\twidth           : 1200,\n\t\t\t\t\t\theight          : 900,\n\t\t\t\t\t\tminHeight       : 0,\n\t\t\t\t\t\tspace           : 0,\n\t\t\t\t\t\tstart           : 1,\n\t\t\t\t\t\tgrabCursor      : true,\n\t\t\t\t\t\tswipe           : true,\n\t\t\t\t\t\tmouse           : true,\n\t\t\t\t\t\tlayout          : \"boxed\",\n\t\t\t\t\t\twheel           : false,\n\t\t\t\t\t\tautoplay        : false,\n\t\t\t\t\t\tinstantStartLayers:false,\n\t\t\t\t\t\tloop            : false,\n\t\t\t\t\t\tshuffle         : false,\n\t\t\t\t\t\tpreload         : 0,\n\t\t\t\t\t\theightLimit     : true,\n\t\t\t\t\t\tautoHeight      : false,\n\t\t\t\t\t\tsmoothHeight    : true,\n\t\t\t\t\t\tendPause        : false,\n\t\t\t\t\t\toverPause       : true,\n\t\t\t\t\t\tfillMode        : \"fill\",\n\t\t\t\t\t\tcenterControls  : true,\n\t\t\t\t\t\tstartOnAppear   : false,\n\t\t\t\t\t\tlayersMode      : \"center\",\n\t\t\t\t\t\thideLayers      : false,\n\t\t\t\t\t\tfullscreenMargin: 0,\n\t\t\t\t\t\tspeed           : 20,\n\t\t\t\t\t\tdir             : \"h\",\n\t\t\t\t\t\tparallaxMode    : 'swipe',\n\t\t\t\t\t\tview            : \"basic\"\n\t\t\t\t});\n\n\t\t\t\t\n\t\t\t\twindow.masterslider_instances = window.masterslider_instances || [];\n\t\t\t\twindow.masterslider_instances.push( masterslider_31bb );\n\t\t\t });\n\n\t\t})(jQuery);\n\t\t<\/script>\n\n[\/et_pb_code][\/et_pb_column][et_pb_column type=&#8221;1_2&#8243; _builder_version=&#8221;4.17.1&#8243; _module_preset=&#8221;default&#8221; global_colors_info=&#8221;{}&#8221;][\/et_pb_column][\/et_pb_row][\/et_pb_section][et_pb_section fb_built=&#8221;1&#8243; custom_padding_last_edited=&#8221;on|phone&#8221; admin_label=&#8221;En savoir plus sur le FIMAC&#8221; _builder_version=&#8221;4.17.4&#8243; _module_preset=&#8221;default&#8221; background_color=&#8221;#F8F4F3&#8243; custom_margin=&#8221;0px||||false|false&#8221; custom_margin_tablet=&#8221;0px||||false|false&#8221; custom_margin_phone=&#8221;0px||||false|false&#8221; custom_margin_last_edited=&#8221;on|phone&#8221; custom_padding=&#8221;2%||0px||false|false&#8221; custom_padding_tablet=&#8221;0%||||false|false&#8221; custom_padding_phone=&#8221;0%||0px||false|false&#8221; global_colors_info=&#8221;{}&#8221;][et_pb_row custom_padding_last_edited=&#8221;on|phone&#8221; _builder_version=&#8221;4.17.3&#8243; width_tablet=&#8221;80%&#8221; width_phone=&#8221;80%&#8221; width_last_edited=&#8221;on|tablet&#8221; max_width_tablet=&#8221;100%&#8221; max_width_phone=&#8221;100%&#8221; max_width_last_edited=&#8221;on|tablet&#8221; custom_margin=&#8221;||||false|false&#8221; custom_margin_tablet=&#8221;0%||||false|false&#8221; custom_margin_phone=&#8221;0%||||false|false&#8221; custom_margin_last_edited=&#8221;on|tablet&#8221; custom_padding_tablet=&#8221;0px||||false|false&#8221; custom_padding_phone=&#8221;0px||||false|false&#8221; global_colors_info=&#8221;{}&#8221;][et_pb_column type=&#8221;4_4&#8243; _builder_version=&#8221;4.16&#8243; custom_padding=&#8221;|||&#8221; global_colors_info=&#8221;{}&#8221; custom_padding__hover=&#8221;|||&#8221;][et_pb_text content_tablet=&#8221; <\/p>\n<h2>En savoir plus sur le FIMAC<\/h2>\n<p> &#8221; content_phone=&#8221; <\/p>\n<h2>En savoir plus<br \/>sur le FIMAC<\/h2>\n<p> &#8221; content_last_edited=&#8221;off|desktop&#8221; _builder_version=&#8221;4.17.6&#8243; text_font=&#8221;||||||||&#8221; text_line_height=&#8221;2em&#8221; header_font=&#8221;||||||||&#8221; header_2_font=&#8221;Prata||||||||&#8221; header_2_font_size=&#8221;45px&#8221; header_2_line_height=&#8221;1.5em&#8221; text_orientation=&#8221;center&#8221; width_tablet=&#8221;100%&#8221; width_phone=&#8221;100%&#8221; width_last_edited=&#8221;on|tablet&#8221; max_width_tablet=&#8221;100%&#8221; max_width_phone=&#8221;100%&#8221; max_width_last_edited=&#8221;on|tablet&#8221; custom_margin=&#8221;||0px||false|false&#8221; header_2_font_size_tablet=&#8221;35px&#8221; header_2_font_size_phone=&#8221;25px&#8221; header_2_font_size_last_edited=&#8221;on|desktop&#8221; locked=&#8221;off&#8221; global_colors_info=&#8221;{}&#8221;]<\/p>\n<h2>Know more about FIMAC<\/h2>\n<p>[\/et_pb_text][et_pb_text content_tablet=&#8221; <\/p>\n<p>Extraits vid\u00e9os des ann\u00e9es pr\u00e9c\u00e9dentes, articles de presse, livre d&#8217;or&#8230;<br \/>D\u00e9couvrez le Festival International de Mandoline de Castellar d&#8217;une autre mani\u00e8re !<\/p>\n<p> &#8221; content_phone=&#8221; <\/p>\n<p>Extraits vid\u00e9os des ann\u00e9es pr\u00e9c\u00e9dentes, articles de presse, livre d&#8217;or&#8230; D\u00e9couvrez le Festival International de Mandoline de Castellar d&#8217;une autre mani\u00e8re !<\/p>\n<p> &#8221; content_last_edited=&#8221;on|phone&#8221; _builder_version=&#8221;4.17.4&#8243; _module_preset=&#8221;da86b6f0-f83c-4c7c-bdd8-3019777ddffe&#8221; text_font=&#8221;||||||||&#8221; text_text_color=&#8221;#01114D&#8221; text_orientation=&#8221;center&#8221; width=&#8221;80%&#8221; width_tablet=&#8221;100%&#8221; width_phone=&#8221;100%&#8221; width_last_edited=&#8221;on|tablet&#8221; max_width=&#8221;100%&#8221; module_alignment=&#8221;center&#8221; custom_margin=&#8221;||||false|false&#8221; custom_margin_tablet=&#8221;2%||||false|false&#8221; custom_margin_phone=&#8221;4%||||false|false&#8221; custom_margin_last_edited=&#8221;on|phone&#8221; custom_padding=&#8221;||||false|false&#8221; text_font_size_tablet=&#8221;15px&#8221; text_font_size_phone=&#8221;14px&#8221; text_font_size_last_edited=&#8221;on|desktop&#8221; global_colors_info=&#8221;{}&#8221;]<\/p>\n<p>Video excerpts from previous years, press articles, guestbook&#8230;<br \/>Discover the Castellar International Mandolin Festival in another way!<\/p>\n<p>[\/et_pb_text][\/et_pb_column][\/et_pb_row][et_pb_row column_structure=&#8221;1_3,1_3,1_3&#8243; use_custom_gutter=&#8221;on&#8221; custom_padding_last_edited=&#8221;on|phone&#8221; admin_label=&#8221;En savoir plus sur le FIMAC&#8221; _builder_version=&#8221;4.17.3&#8243; _module_preset=&#8221;default&#8221; max_width=&#8221;100%&#8221; custom_margin_tablet=&#8221;&#8221; custom_margin_phone=&#8221;||||false|false&#8221; custom_margin_last_edited=&#8221;on|phone&#8221; custom_padding_tablet=&#8221;0px||||false|false&#8221; custom_padding_phone=&#8221;0px||||false|false&#8221; global_colors_info=&#8221;{}&#8221;][et_pb_column type=&#8221;1_3&#8243; _builder_version=&#8221;4.16.1&#8243; _module_preset=&#8221;default&#8221; global_colors_info=&#8221;{}&#8221;][et_pb_image src=&#8221;https:\/\/www.festivalmandoline.fr\/wp-content\/uploads\/2022\/05\/Sabine-Marine-et-OCC.jpg&#8221; alt=&#8221;Concert mandoline Castellar 2018&#8243; title_text=&#8221;Sabine-Marine-et-OCC&#8221; url=&#8221;https:\/\/festivalmandoline.fr\/videos-fimac&#8221; disabled_on=&#8221;on|on|off&#8221; _builder_version=&#8221;4.17.4&#8243; _module_preset=&#8221;default&#8221; global_colors_info=&#8221;{}&#8221;][\/et_pb_image][et_pb_text admin_label=&#8221;Direction artistique&#8221; _builder_version=&#8221;4.17.4&#8243; text_font=&#8221;||||||||&#8221; text_font_size=&#8221;14px&#8221; text_line_height=&#8221;1.5em&#8221; header_font=&#8221;||||||||&#8221; header_3_font=&#8221;Prata||||||||&#8221; header_3_text_align=&#8221;center&#8221; header_3_font_size=&#8221;24px&#8221; header_3_line_height=&#8221;1.8em&#8221; header_4_font=&#8221;Oxygen||||||||&#8221; header_4_text_color=&#8221;#951B80&#8243; header_4_letter_spacing=&#8221;1px&#8221; header_5_font=&#8221;Oxygen|700||on|||||&#8221; header_5_text_color=&#8221;#00A19B&#8221; header_5_font_size=&#8221;12px&#8221; header_5_letter_spacing=&#8221;1px&#8221; background_color=&#8221;#ffffff&#8221; width=&#8221;80%&#8221; width_tablet=&#8221;100%&#8221; width_phone=&#8221;100%&#8221; width_last_edited=&#8221;on|phone&#8221; max_width=&#8221;100%&#8221; module_alignment=&#8221;center&#8221; custom_margin=&#8221;-25%||||false|true&#8221; custom_margin_tablet=&#8221;0%||2%||false|true&#8221; custom_margin_phone=&#8221;0%||||false|true&#8221; custom_margin_last_edited=&#8221;on|phone&#8221; custom_padding=&#8221;25px|25px|25px|25px|true|true&#8221; custom_padding_tablet=&#8221;35px|40px|35px|40px|true|true&#8221; custom_padding_phone=&#8221;30px|30px|30px|30px|true|true&#8221; custom_padding_last_edited=&#8221;on|phone&#8221; link_option_url=&#8221;https:\/\/festivalmandoline.fr\/videos-fimac&#8221; text_font_size_tablet=&#8221;14px&#8221; text_font_size_phone=&#8221;&#8221; text_font_size_last_edited=&#8221;on|tablet&#8221; header_3_font_size_tablet=&#8221;22px&#8221; header_3_font_size_phone=&#8221;20px&#8221; header_3_font_size_last_edited=&#8221;on|phone&#8221; border_color_all=&#8221;#00A19B&#8221; border_width_top=&#8221;10px&#8221; border_color_top=&#8221;#AA4899&#8243; box_shadow_style=&#8221;preset3&#8243; box_shadow_vertical=&#8221;20px&#8221; box_shadow_blur=&#8221;100px&#8221; box_shadow_spread=&#8221;-20px&#8221; box_shadow_blur_tablet=&#8221;50px&#8221; box_shadow_blur_phone=&#8221;25px&#8221; box_shadow_blur_last_edited=&#8221;on|phone&#8221; locked=&#8221;off&#8221; global_colors_info=&#8221;{}&#8221;]<\/p>\n<h3>Video gallery<\/h3>\n<p>[\/et_pb_text][\/et_pb_column][et_pb_column type=&#8221;1_3&#8243; _builder_version=&#8221;4.16.1&#8243; _module_preset=&#8221;default&#8221; global_colors_info=&#8221;{}&#8221;][et_pb_image src=&#8221;https:\/\/www.festivalmandoline.fr\/wp-content\/uploads\/2022\/05\/solo-mandoline-FIMAC-2016.jpg&#8221; alt=&#8221;Solo de mandoline au festival international de mandoline de castellar 2016&#8243; title_text=&#8221;solo mandoline FIMAC 2016&#8243; url=&#8221;https:\/\/festivalmandoline.fr\/presse-fimac&#8221; disabled_on=&#8221;on|on|off&#8221; _builder_version=&#8221;4.17.4&#8243; _module_preset=&#8221;default&#8221; global_colors_info=&#8221;{}&#8221;][\/et_pb_image][et_pb_text admin_label=&#8221;Programmation 2022&#8243; _builder_version=&#8221;4.17.4&#8243; text_font=&#8221;||||||||&#8221; text_font_size=&#8221;14px&#8221; text_line_height=&#8221;1.5em&#8221; header_font=&#8221;||||||||&#8221; header_3_font=&#8221;Prata||||||||&#8221; header_3_text_align=&#8221;center&#8221; header_3_font_size=&#8221;24px&#8221; header_3_line_height=&#8221;1.8em&#8221; header_4_font=&#8221;Oxygen||||||||&#8221; header_4_text_color=&#8221;#951B80&#8243; header_4_letter_spacing=&#8221;1px&#8221; header_5_font=&#8221;Oxygen|700||on|||||&#8221; header_5_text_color=&#8221;#00A19B&#8221; header_5_font_size=&#8221;12px&#8221; header_5_letter_spacing=&#8221;1px&#8221; background_color=&#8221;#ffffff&#8221; width=&#8221;80%&#8221; width_tablet=&#8221;100%&#8221; width_phone=&#8221;100%&#8221; width_last_edited=&#8221;on|phone&#8221; max_width=&#8221;100%&#8221; module_alignment=&#8221;center&#8221; custom_margin=&#8221;-25%||||false|true&#8221; custom_margin_tablet=&#8221;0%||2%||false|true&#8221; custom_margin_phone=&#8221;0%||||false|true&#8221; custom_margin_last_edited=&#8221;on|tablet&#8221; custom_padding=&#8221;25px|25px|25px|25px|true|true&#8221; custom_padding_tablet=&#8221;30px|30px|30px|30px|true|true&#8221; custom_padding_phone=&#8221;30px|30px|30px|30px|true|true&#8221; custom_padding_last_edited=&#8221;on|phone&#8221; link_option_url=&#8221;https:\/\/festivalmandoline.fr\/presse-fimac&#8221; text_font_size_tablet=&#8221;14px&#8221; text_font_size_phone=&#8221;&#8221; text_font_size_last_edited=&#8221;on|tablet&#8221; header_3_font_size_tablet=&#8221;22px&#8221; header_3_font_size_phone=&#8221;20px&#8221; header_3_font_size_last_edited=&#8221;on|desktop&#8221; border_color_all=&#8221;#00A19B&#8221; border_width_top=&#8221;10px&#8221; border_color_top=&#8221;#AA4899&#8243; box_shadow_style=&#8221;preset3&#8243; box_shadow_vertical=&#8221;20px&#8221; box_shadow_blur=&#8221;100px&#8221; box_shadow_spread=&#8221;-20px&#8221; box_shadow_blur_tablet=&#8221;50px&#8221; box_shadow_blur_phone=&#8221;25px&#8221; box_shadow_blur_last_edited=&#8221;on|phone&#8221; locked=&#8221;off&#8221; global_colors_info=&#8221;{}&#8221;]<\/p>\n<h3>Press articles<\/h3>\n<p>[\/et_pb_text][\/et_pb_column][et_pb_column type=&#8221;1_3&#8243; _builder_version=&#8221;4.16.1&#8243; _module_preset=&#8221;default&#8221; global_colors_info=&#8221;{}&#8221;][et_pb_image src=&#8221;https:\/\/www.festivalmandoline.fr\/wp-content\/uploads\/2022\/05\/village-castellar.jpg&#8221; alt=&#8221;village Castellar&#8221; title_text=&#8221;village castellar&#8221; url=&#8221;https:\/\/festivalmandoline.fr\/actualites\/&#8221; disabled_on=&#8221;on|on|off&#8221; _builder_version=&#8221;4.17.4&#8243; _module_preset=&#8221;default&#8221; global_colors_info=&#8221;{}&#8221;][\/et_pb_image][et_pb_text admin_label=&#8221;Editions pr\u00e9c\u00e9dentes&#8221; _builder_version=&#8221;4.17.4&#8243; text_font=&#8221;||||||||&#8221; text_font_size=&#8221;14px&#8221; text_line_height=&#8221;1.5em&#8221; header_font=&#8221;||||||||&#8221; header_3_font=&#8221;Prata||||||||&#8221; header_3_text_align=&#8221;center&#8221; header_3_font_size=&#8221;24px&#8221; header_3_line_height=&#8221;1.8em&#8221; header_4_font=&#8221;Oxygen||||||||&#8221; header_4_text_color=&#8221;#951B80&#8243; header_4_letter_spacing=&#8221;1px&#8221; header_5_font=&#8221;Oxygen|700||on|||||&#8221; header_5_text_color=&#8221;#00A19B&#8221; header_5_font_size=&#8221;12px&#8221; header_5_letter_spacing=&#8221;1px&#8221; background_color=&#8221;#ffffff&#8221; width=&#8221;80%&#8221; width_tablet=&#8221;100%&#8221; width_phone=&#8221;100%&#8221; width_last_edited=&#8221;on|phone&#8221; max_width=&#8221;100%&#8221; module_alignment=&#8221;center&#8221; custom_margin=&#8221;-25%||||false|true&#8221; custom_margin_tablet=&#8221;0%||||false|true&#8221; custom_margin_phone=&#8221;0%||||false|true&#8221; custom_margin_last_edited=&#8221;on|tablet&#8221; custom_padding=&#8221;25px|25px|25px|25px|true|true&#8221; custom_padding_tablet=&#8221;30px|30px|30px|30px|true|true&#8221; custom_padding_phone=&#8221;30px|30px|30px|30px|true|true&#8221; custom_padding_last_edited=&#8221;on|phone&#8221; link_option_url=&#8221;https:\/\/festivalmandoline.fr\/actualites\/&#8221; text_font_size_tablet=&#8221;14px&#8221; text_font_size_phone=&#8221;&#8221; text_font_size_last_edited=&#8221;on|tablet&#8221; header_3_font_size_tablet=&#8221;22px&#8221; header_3_font_size_phone=&#8221;20px&#8221; header_3_font_size_last_edited=&#8221;on|tablet&#8221; border_color_all=&#8221;#00A19B&#8221; border_width_top=&#8221;10px&#8221; border_color_top=&#8221;#AA4899&#8243; box_shadow_style=&#8221;preset3&#8243; box_shadow_vertical=&#8221;20px&#8221; box_shadow_blur=&#8221;100px&#8221; box_shadow_spread=&#8221;-20px&#8221; box_shadow_blur_tablet=&#8221;50px&#8221; box_shadow_blur_phone=&#8221;25px&#8221; box_shadow_blur_last_edited=&#8221;on|phone&#8221; locked=&#8221;off&#8221; global_colors_info=&#8221;{}&#8221;]<\/p>\n<h3>News<\/h3>\n<p>[\/et_pb_text][\/et_pb_column][\/et_pb_row][\/et_pb_section][et_pb_section fb_built=&#8221;1&#8243; _builder_version=&#8221;4.17.1&#8243; _module_preset=&#8221;default&#8221; background_color=&#8221;#FFFFFF&#8221; background_color_gradient_start=&#8221;#ffffff&#8221; background_color_gradient_end=&#8221;rgba(248,244,243,0.31)&#8221; background_enable_image=&#8221;off&#8221; custom_margin=&#8221;-15vw||||false|false&#8221; custom_padding=&#8221;12vw||0px||false|false&#8221; top_divider_color=&#8221;#F8F4F3&#8243; top_divider_flip=&#8221;horizontal&#8221; bottom_divider_color=&#8221;#F8F4F3&#8243; bottom_divider_height=&#8221;152px&#8221; bottom_divider_repeat=&#8221;1x&#8221; global_colors_info=&#8221;{}&#8221;][et_pb_row column_structure=&#8221;1_4,1_4,1_2&#8243; use_custom_gutter=&#8221;on&#8221; gutter_width=&#8221;2&#8243; _builder_version=&#8221;4.17.4&#8243; max_width=&#8221;100%&#8221; custom_margin=&#8221;6%||||false|false&#8221; custom_margin_tablet=&#8221;4%||||false|false&#8221; custom_margin_phone=&#8221;2%||||false|false&#8221; custom_margin_last_edited=&#8221;on|tablet&#8221; locked=&#8221;off&#8221; global_colors_info=&#8221;{}&#8221;][et_pb_column type=&#8221;1_4&#8243; _builder_version=&#8221;4.16&#8243; custom_padding=&#8221;|||&#8221; global_colors_info=&#8221;{}&#8221; custom_padding__hover=&#8221;|||&#8221;][et_pb_icon font_icon=&#8221;\uf1ea||fa||400&#8243; icon_color=&#8221;#00A19B&#8221; icon_width=&#8221;75px&#8221; _builder_version=&#8221;4.16&#8243; _module_preset=&#8221;default&#8221; custom_margin_tablet=&#8221;&#8221; custom_margin_phone=&#8221;||4%||false|false&#8221; custom_margin_last_edited=&#8221;on|phone&#8221; global_colors_info=&#8221;{}&#8221;][\/et_pb_icon][et_pb_text _builder_version=&#8221;4.16&#8243; text_font=&#8221;||||||||&#8221; text_line_height=&#8221;2em&#8221; header_font=&#8221;||||||||&#8221; header_3_font=&#8221;Prata||||||||&#8221; header_3_font_size=&#8221;24px&#8221; header_3_line_height=&#8221;1.3em&#8221; text_orientation=&#8221;center&#8221; custom_margin_tablet=&#8221;&#8221; custom_margin_phone=&#8221;||4%||false|false&#8221; custom_margin_last_edited=&#8221;on|phone&#8221; text_font_size_tablet=&#8221;14px&#8221; text_font_size_phone=&#8221;&#8221; text_font_size_last_edited=&#8221;on|tablet&#8221; header_3_font_size_tablet=&#8221;22px&#8221; header_3_font_size_phone=&#8221;&#8221; header_3_font_size_last_edited=&#8221;on|desktop&#8221; locked=&#8221;off&#8221; global_colors_info=&#8221;{}&#8221;]<\/p>\n<h3>Newsletter<\/h3>\n<p>Get updates on FIMAC!<br \/>\n[\/et_pb_text][et_pb_button button_url=&#8221;https:\/\/festivalmandoline.fr\/newsletter&#8221; button_text=&#8221;S&#8217;inscrire&#8221; button_alignment=&#8221;center&#8221; _builder_version=&#8221;4.17.4&#8243; custom_button=&#8221;on&#8221; button_text_size=&#8221;12px&#8221; button_text_color=&#8221;#FFFFFF&#8221; button_bg_color=&#8221;#aa4899&#8243; button_border_color=&#8221;rgba(0,0,0,0)&#8221; button_border_radius=&#8221;0px&#8221; button_letter_spacing=&#8221;5px&#8221; button_font=&#8221;|700||on|||||&#8221; custom_padding=&#8221;20px|40px|20px|40px|true|true&#8221; custom_padding_tablet=&#8221;20px|40px|20px|40px|true|true&#8221; custom_padding_phone=&#8221;15px|30px|15px|30px|true|true&#8221; custom_padding_last_edited=&#8221;on|phone&#8221; button_letter_spacing_tablet=&#8221;5px&#8221; button_letter_spacing_phone=&#8221;3px&#8221; button_letter_spacing_last_edited=&#8221;on|phone&#8221; box_shadow_style=&#8221;preset3&#8243; box_shadow_color=&#8221;rgba(138,178,211,0.3)&#8221; locked=&#8221;off&#8221; global_colors_info=&#8221;{}&#8221;][\/et_pb_button][\/et_pb_column][et_pb_column type=&#8221;1_4&#8243; _builder_version=&#8221;4.16&#8243; custom_padding=&#8221;|||&#8221; global_colors_info=&#8221;{}&#8221; custom_padding__hover=&#8221;|||&#8221;][et_pb_icon font_icon=&#8221;\uf0c0||fa||900&#8243; icon_color=&#8221;#00A19B&#8221; icon_width=&#8221;75px&#8221; _builder_version=&#8221;4.16&#8243; _module_preset=&#8221;default&#8221; custom_margin_tablet=&#8221;&#8221; custom_margin_phone=&#8221;||4%||false|false&#8221; custom_margin_last_edited=&#8221;on|phone&#8221; global_colors_info=&#8221;{}&#8221;][\/et_pb_icon][et_pb_text _builder_version=&#8221;4.16&#8243; text_font=&#8221;||||||||&#8221; text_line_height=&#8221;2em&#8221; header_font=&#8221;||||||||&#8221; header_3_font=&#8221;Prata||||||||&#8221; header_3_font_size=&#8221;24px&#8221; header_3_line_height=&#8221;1.3em&#8221; text_orientation=&#8221;center&#8221; custom_margin_tablet=&#8221;&#8221; custom_margin_phone=&#8221;||4%||false|false&#8221; custom_margin_last_edited=&#8221;on|phone&#8221; text_font_size_tablet=&#8221;14px&#8221; text_font_size_phone=&#8221;&#8221; text_font_size_last_edited=&#8221;on|tablet&#8221; header_3_font_size_tablet=&#8221;22px&#8221; header_3_font_size_phone=&#8221;&#8221; header_3_font_size_last_edited=&#8221;on|tablet&#8221; locked=&#8221;off&#8221; global_colors_info=&#8221;{}&#8221;]<\/p>\n<h3>Friends of FIMAC<\/h3>\n<p>Support and participate in the festival!<br \/>\n[\/et_pb_text][et_pb_button button_url=&#8221;https:\/\/www.festivalmandoline.fr\/nous-soutenir\/&#8221; button_text=&#8221;Soutenir&#8221; button_alignment=&#8221;center&#8221; _builder_version=&#8221;4.17.4&#8243; custom_button=&#8221;on&#8221; button_text_size=&#8221;12px&#8221; button_text_color=&#8221;#FFFFFF&#8221; button_bg_color=&#8221;#aa4899&#8243; button_border_color=&#8221;rgba(0,0,0,0)&#8221; button_border_radius=&#8221;0px&#8221; button_letter_spacing=&#8221;5px&#8221; button_font=&#8221;|700||on|||||&#8221; custom_padding=&#8221;20px|40px|20px|40px|true|true&#8221; custom_padding_tablet=&#8221;20px|40px|20px|40px|true|true&#8221; custom_padding_phone=&#8221;15px|30px|15px|30px|true|true&#8221; custom_padding_last_edited=&#8221;on|phone&#8221; button_letter_spacing_tablet=&#8221;5px&#8221; button_letter_spacing_phone=&#8221;3px&#8221; button_letter_spacing_last_edited=&#8221;on|phone&#8221; box_shadow_style=&#8221;preset3&#8243; box_shadow_color=&#8221;rgba(138,178,211,0.3)&#8221; locked=&#8221;off&#8221; global_colors_info=&#8221;{}&#8221;][\/et_pb_button][\/et_pb_column][et_pb_column type=&#8221;1_2&#8243; _builder_version=&#8221;4.16&#8243; custom_padding=&#8221;|||&#8221; global_colors_info=&#8221;{}&#8221; custom_padding__hover=&#8221;|||&#8221;][et_pb_text _builder_version=&#8221;4.16&#8243; text_font=&#8221;||||||||&#8221; text_line_height=&#8221;2em&#8221; header_font=&#8221;||||||||&#8221; header_2_font=&#8221;Prata||||||||&#8221; header_2_font_size=&#8221;50px&#8221; header_2_line_height=&#8221;1.5em&#8221; text_orientation=&#8221;center&#8221; custom_margin=&#8221;0%||0px||false|false&#8221; custom_margin_tablet=&#8221;5%||||false|false&#8221; custom_margin_phone=&#8221;5%||||false|false&#8221; custom_margin_last_edited=&#8221;on|tablet&#8221; custom_padding=&#8221;||0px||false|false&#8221; text_font_size_tablet=&#8221;14px&#8221; text_font_size_phone=&#8221;&#8221; text_font_size_last_edited=&#8221;on|tablet&#8221; header_2_font_size_tablet=&#8221;35px&#8221; header_2_font_size_phone=&#8221;25px&#8221; header_2_font_size_last_edited=&#8221;on|desktop&#8221; locked=&#8221;off&#8221; global_colors_info=&#8221;{}&#8221;]<\/p>\n<h2>Contact us<\/h2>\n<p>[\/et_pb_text][et_pb_text content_tablet=&#8221;Une demande concernant la programmation du festival ou une r\u00e9servation ? Posez-nous votre question, nous vous r\u00e9pondons dans les plus brefs d\u00e9lais.&#8221; content_phone=&#8221;Une demande concernant la programmation du festival ou une r\u00e9servation ? Posez-nous votre question, nous vous r\u00e9pondons rapidement.&#8221; content_last_edited=&#8221;on|tablet&#8221; _builder_version=&#8221;4.16&#8243; text_font=&#8221;||||||||&#8221; text_line_height=&#8221;2em&#8221; header_font=&#8221;||||||||&#8221; header_3_font=&#8221;Prata||||||||&#8221; header_3_font_size=&#8221;24px&#8221; header_3_line_height=&#8221;1.3em&#8221; text_orientation=&#8221;center&#8221; text_font_size_tablet=&#8221;14px&#8221; text_font_size_phone=&#8221;&#8221; text_font_size_last_edited=&#8221;on|tablet&#8221; header_3_font_size_tablet=&#8221;20px&#8221; header_3_font_size_phone=&#8221;&#8221; header_3_font_size_last_edited=&#8221;on|desktop&#8221; locked=&#8221;off&#8221; global_colors_info=&#8221;{}&#8221;]Have a question about the festival or how to buy tickets? Ask here and we will respond as soon as possible.<br \/>\n[\/et_pb_text][et_pb_contact_form email=&#8221;contact@festivalmandoline.fr&#8221; submit_button_text=&#8221;Envoyer&#8221; module_id=&#8221;et_pb_contact_form_0&#8243; _builder_version=&#8221;4.17.4&#8243; _unique_id=&#8221;5b7d5756-a1c8-49c5-a3d5-2dbb4e20ec62&#8243; form_field_background_color=&#8221;rgba(1,17,77,0.07)&#8221; form_field_text_color=&#8221;#01114D&#8221; title_level=&#8221;h3&#8243; title_font=&#8221;Prata||||||||&#8221; title_text_align=&#8221;center&#8221; title_font_size=&#8221;50px&#8221; title_line_height=&#8221;1.3em&#8221; form_field_font=&#8221;Oxygen||||||||&#8221; form_field_font_size=&#8221;16px&#8221; form_field_line_height=&#8221;2em&#8221; custom_button=&#8221;on&#8221; button_text_size=&#8221;12px&#8221; button_text_color=&#8221;#FFFFFF&#8221; button_bg_color=&#8221;#aa4899&#8243; button_border_width=&#8221;15px&#8221; button_border_color=&#8221;rgba(0,0,0,0)&#8221; button_border_radius=&#8221;0px&#8221; button_letter_spacing=&#8221;5px&#8221; button_font=&#8221;|700||on|||||&#8221; max_width=&#8221;600px&#8221; module_alignment=&#8221;center&#8221; custom_margin=&#8221;5%||||false|false&#8221; custom_margin_tablet=&#8221;4%||||false|false&#8221; custom_margin_phone=&#8221;&#8221; custom_margin_last_edited=&#8221;on|tablet&#8221; title_font_size_tablet=&#8221;48px&#8221; title_font_size_phone=&#8221;32px&#8221; title_font_size_last_edited=&#8221;on|phone&#8221; form_field_font_size_tablet=&#8221;15px&#8221; form_field_font_size_phone=&#8221;14px&#8221; form_field_font_size_last_edited=&#8221;on|phone&#8221; button_border_width_tablet=&#8221;15px&#8221; button_border_width_phone=&#8221;10px&#8221; button_border_width_last_edited=&#8221;on|phone&#8221; button_letter_spacing_tablet=&#8221;5px&#8221; button_letter_spacing_phone=&#8221;3px&#8221; button_letter_spacing_last_edited=&#8221;on|phone&#8221; box_shadow_style_button=&#8221;preset3&#8243; box_shadow_color_button=&#8221;rgba(138,178,211,0.3)&#8221; form_background_color=&#8221;rgba(138,178,211,0.07)&#8221; locked=&#8221;off&#8221; global_colors_info=&#8221;{}&#8221;][et_pb_contact_field field_id=&#8221;Name&#8221; field_title=&#8221;Nom&#8221; fullwidth_field=&#8221;on&#8221; _builder_version=&#8221;4.16&#8243; custom_margin=&#8221;||30px&#8221; global_colors_info=&#8221;{}&#8221; button_text_size__hover_enabled=&#8221;off&#8221; button_one_text_size__hover_enabled=&#8221;off&#8221; button_two_text_size__hover_enabled=&#8221;off&#8221; button_text_color__hover_enabled=&#8221;off&#8221; button_one_text_color__hover_enabled=&#8221;off&#8221; button_two_text_color__hover_enabled=&#8221;off&#8221; button_border_width__hover_enabled=&#8221;off&#8221; button_one_border_width__hover_enabled=&#8221;off&#8221; button_two_border_width__hover_enabled=&#8221;off&#8221; button_border_color__hover_enabled=&#8221;off&#8221; button_one_border_color__hover_enabled=&#8221;off&#8221; button_two_border_color__hover_enabled=&#8221;off&#8221; button_border_radius__hover_enabled=&#8221;off&#8221; button_one_border_radius__hover_enabled=&#8221;off&#8221; button_two_border_radius__hover_enabled=&#8221;off&#8221; button_letter_spacing__hover_enabled=&#8221;off&#8221; button_one_letter_spacing__hover_enabled=&#8221;off&#8221; button_two_letter_spacing__hover_enabled=&#8221;off&#8221; button_bg_color__hover_enabled=&#8221;off&#8221; button_one_bg_color__hover_enabled=&#8221;off&#8221; button_two_bg_color__hover_enabled=&#8221;off&#8221;][\/et_pb_contact_field][et_pb_contact_field field_id=&#8221;Email&#8221; field_title=&#8221;Email&#8221; field_type=&#8221;email&#8221; fullwidth_field=&#8221;on&#8221; _builder_version=&#8221;4.16&#8243; custom_margin=&#8221;||30px&#8221; global_colors_info=&#8221;{}&#8221; button_text_size__hover_enabled=&#8221;off&#8221; button_one_text_size__hover_enabled=&#8221;off&#8221; button_two_text_size__hover_enabled=&#8221;off&#8221; button_text_color__hover_enabled=&#8221;off&#8221; button_one_text_color__hover_enabled=&#8221;off&#8221; button_two_text_color__hover_enabled=&#8221;off&#8221; button_border_width__hover_enabled=&#8221;off&#8221; button_one_border_width__hover_enabled=&#8221;off&#8221; button_two_border_width__hover_enabled=&#8221;off&#8221; button_border_color__hover_enabled=&#8221;off&#8221; button_one_border_color__hover_enabled=&#8221;off&#8221; button_two_border_color__hover_enabled=&#8221;off&#8221; button_border_radius__hover_enabled=&#8221;off&#8221; button_one_border_radius__hover_enabled=&#8221;off&#8221; button_two_border_radius__hover_enabled=&#8221;off&#8221; button_letter_spacing__hover_enabled=&#8221;off&#8221; button_one_letter_spacing__hover_enabled=&#8221;off&#8221; button_two_letter_spacing__hover_enabled=&#8221;off&#8221; button_bg_color__hover_enabled=&#8221;off&#8221; button_one_bg_color__hover_enabled=&#8221;off&#8221; button_two_bg_color__hover_enabled=&#8221;off&#8221;][\/et_pb_contact_field][et_pb_contact_field field_id=&#8221;message&#8221; field_title=&#8221;Votre message&#8221; field_type=&#8221;select&#8221; select_options=&#8221;%91{%22value%22:%22%22,%22checked%22:0,%22dragID%22:0}%93&#8243; required_mark=&#8221;off&#8221; fullwidth_field=&#8221;on&#8221; _builder_version=&#8221;4.16&#8243; custom_margin=&#8221;||30px&#8221; global_colors_info=&#8221;{}&#8221; button_text_size__hover_enabled=&#8221;off&#8221; button_one_text_size__hover_enabled=&#8221;off&#8221; button_two_text_size__hover_enabled=&#8221;off&#8221; button_text_color__hover_enabled=&#8221;off&#8221; button_one_text_color__hover_enabled=&#8221;off&#8221; button_two_text_color__hover_enabled=&#8221;off&#8221; button_border_width__hover_enabled=&#8221;off&#8221; button_one_border_width__hover_enabled=&#8221;off&#8221; button_two_border_width__hover_enabled=&#8221;off&#8221; button_border_color__hover_enabled=&#8221;off&#8221; button_one_border_color__hover_enabled=&#8221;off&#8221; button_two_border_color__hover_enabled=&#8221;off&#8221; button_border_radius__hover_enabled=&#8221;off&#8221; button_one_border_radius__hover_enabled=&#8221;off&#8221; button_two_border_radius__hover_enabled=&#8221;off&#8221; button_letter_spacing__hover_enabled=&#8221;off&#8221; button_one_letter_spacing__hover_enabled=&#8221;off&#8221; button_two_letter_spacing__hover_enabled=&#8221;off&#8221; button_bg_color__hover_enabled=&#8221;off&#8221; button_one_bg_color__hover_enabled=&#8221;off&#8221; button_two_bg_color__hover_enabled=&#8221;off&#8221;][\/et_pb_contact_field][\/et_pb_contact_form][\/et_pb_column][\/et_pb_row][et_pb_row column_structure=&#8221;1_2,1_2&#8243; _builder_version=&#8221;4.16&#8243; _module_preset=&#8221;default&#8221; max_width=&#8221;100%&#8221; global_colors_info=&#8221;{}&#8221;][et_pb_column type=&#8221;1_2&#8243; _builder_version=&#8221;4.16&#8243; _module_preset=&#8221;default&#8221; global_colors_info=&#8221;{}&#8221;][et_pb_image src=&#8221;https:\/\/www.festivalmandoline.fr\/wp-content\/uploads\/2022\/03\/Logo-allonge%CC%81-FIMAC.png&#8221; title_text=&#8221;Logo allonge\u0301 FIMAC&#8221; align=&#8221;center&#8221; _builder_version=&#8221;4.17.4&#8243; _module_preset=&#8221;default&#8221; width=&#8221;50%&#8221; width_tablet=&#8221;65%&#8221; width_phone=&#8221;65%&#8221; width_last_edited=&#8221;on|tablet&#8221; module_alignment=&#8221;center&#8221; custom_margin=&#8221;-45%||||false|false&#8221; custom_margin_tablet=&#8221;-10%||||false|false&#8221; custom_margin_phone=&#8221;-10%||||false|false&#8221; custom_margin_last_edited=&#8221;on|tablet&#8221; global_colors_info=&#8221;{}&#8221;][\/et_pb_image][\/et_pb_column][et_pb_column type=&#8221;1_2&#8243; disabled_on=&#8221;on|on|off&#8221; _builder_version=&#8221;4.16&#8243; _module_preset=&#8221;default&#8221; global_colors_info=&#8221;{}&#8221;][\/et_pb_column][\/et_pb_row][\/et_pb_section]<\/p>\n","protected":false},"excerpt":{"rendered":"<p>PHOTO GALLERYCastellar International Mandolin FestivalFIMAC in picturesFrom concerts strolling through the streets of the village to evening concerts, via masterclasses and backstage, find here a selection of the most beautiful memories of the Castellar International Mandolin Festival!Edition 2022\n\t\t<!-- MasterSlider -->\n\t\t<div id=\"P_MS69f0c8637df81\" class=\"master-slider-parent msl ms-parent-id-9\" style=\"max-width:800px;\">\n\n\t\t\t\n\t\t\t<!-- MasterSlider Main -->\n\t\t\t<div id=\"MS69f0c8637df81\" class=\"master-slider ms-skin-default\" >\n\t\t\t\t \t\t\t\t \n\t\t\t\t<div  class=\"ms-slide\" data-delay=\"3\" data-fill-mode=\"fill\"  >\n\t\t\t\t\t<img decoding=\"async\" src=\"https:\/\/www.festivalmandoline.fr\/wp-content\/plugins\/master-slider\/public\/assets\/css\/blank.gif\" alt=\"\" title=\"\" data-src=\"https:\/\/www.festivalmandoline.fr\/wp-content\/uploads\/2023\/05\/mercredi-4-mandolinistes-300dpi.jpg\" \/>\n\n\n\t<img decoding=\"async\" class=\"ms-thumb\" src=\"https:\/\/www.festivalmandoline.fr\/wp-content\/uploads\/2023\/05\/mercredi-4-mandolinistes-300dpi-140x80.jpg\" alt=\"\" \/>\n\t<div class=\"ms-thumb\" ><div class=\"ms-tab-context\"><div class=\"&quot;ms-tab-context&quot;\"><\/div><\/div>\n<\/div>\n\t\t\t\t<\/div>\n\t\t\t\t<div  class=\"ms-slide\" data-delay=\"3\" data-fill-mode=\"fill\"  >\n\t\t\t\t\t<img decoding=\"async\" src=\"https:\/\/www.festivalmandoline.fr\/wp-content\/plugins\/master-slider\/public\/assets\/css\/blank.gif\" alt=\"\" title=\"\" data-src=\"https:\/\/www.festivalmandoline.fr\/wp-content\/uploads\/2023\/05\/concerto-marine-300dpi.jpg\" \/>\n\n\n\t<img decoding=\"async\" class=\"ms-thumb\" src=\"https:\/\/www.festivalmandoline.fr\/wp-content\/uploads\/2023\/05\/concerto-marine-300dpi-140x80.jpg\" alt=\"\" \/>\n\t<div class=\"ms-thumb\" ><div class=\"ms-tab-context\"><div class=\"&quot;ms-tab-context&quot;\"><\/div><\/div>\n<\/div>\n\t\t\t\t<\/div>\n\t\t\t\t<div  class=\"ms-slide\" data-delay=\"3\" data-fill-mode=\"fill\"  >\n\t\t\t\t\t<img decoding=\"async\" src=\"https:\/\/www.festivalmandoline.fr\/wp-content\/plugins\/master-slider\/public\/assets\/css\/blank.gif\" alt=\"\" title=\"\" data-src=\"https:\/\/www.festivalmandoline.fr\/wp-content\/uploads\/2023\/05\/mercredi-groupe-musiciens-300-dpi.jpg\" \/>\n\n\n\t<img decoding=\"async\" class=\"ms-thumb\" src=\"https:\/\/www.festivalmandoline.fr\/wp-content\/uploads\/2023\/05\/mercredi-groupe-musiciens-300-dpi-140x80.jpg\" alt=\"\" \/>\n\t<div class=\"ms-thumb\" ><div class=\"ms-tab-context\"><div class=\"&quot;ms-tab-context&quot;\"><\/div><\/div>\n<\/div>\n\t\t\t\t<\/div>\n\t\t\t\t<div  class=\"ms-slide\" data-delay=\"3\" data-fill-mode=\"fill\"  >\n\t\t\t\t\t<img decoding=\"async\" src=\"https:\/\/www.festivalmandoline.fr\/wp-content\/plugins\/master-slider\/public\/assets\/css\/blank.gif\" alt=\"\" title=\"\" data-src=\"https:\/\/www.festivalmandoline.fr\/wp-content\/uploads\/2023\/05\/duo-la-corda-300-dpi.jpg\" \/>\n\n\n\t<img decoding=\"async\" class=\"ms-thumb\" src=\"https:\/\/www.festivalmandoline.fr\/wp-content\/uploads\/2023\/05\/duo-la-corda-300-dpi-140x80.jpg\" alt=\"\" \/>\n\t<div class=\"ms-thumb\" ><div class=\"ms-tab-context\"><div class=\"&quot;ms-tab-context&quot;\"><\/div><\/div>\n<\/div>\n\t\t\t\t<\/div>\n\t\t\t\t<div  class=\"ms-slide\" data-delay=\"3\" data-fill-mode=\"fill\"  >\n\t\t\t\t\t<img decoding=\"async\" src=\"https:\/\/www.festivalmandoline.fr\/wp-content\/plugins\/master-slider\/public\/assets\/css\/blank.gif\" alt=\"\" title=\"\" data-src=\"https:\/\/www.festivalmandoline.fr\/wp-content\/uploads\/2023\/05\/samedi-wssduo-300-dpi.jpg\" \/>\n\n\n\t<img decoding=\"async\" class=\"ms-thumb\" src=\"https:\/\/www.festivalmandoline.fr\/wp-content\/uploads\/2023\/05\/samedi-wssduo-300-dpi-140x80.jpg\" alt=\"\" \/>\n\t<div class=\"ms-thumb\" ><div class=\"ms-tab-context\"><div class=\"&quot;ms-tab-context&quot;\"><\/div><\/div>\n<\/div>\n\t\t\t\t<\/div>\n\t\t\t\t<div  class=\"ms-slide\" data-delay=\"3\" data-fill-mode=\"fill\"  >\n\t\t\t\t\t<img decoding=\"async\" src=\"https:\/\/www.festivalmandoline.fr\/wp-content\/plugins\/master-slider\/public\/assets\/css\/blank.gif\" alt=\"\" title=\"\" data-src=\"https:\/\/www.festivalmandoline.fr\/wp-content\/uploads\/2023\/05\/samedi-wss-public-300dpi.jpg\" \/>\n\n\n\t<img decoding=\"async\" class=\"ms-thumb\" src=\"https:\/\/www.festivalmandoline.fr\/wp-content\/uploads\/2023\/05\/samedi-wss-public-300dpi-140x80.jpg\" alt=\"\" \/>\n\t<div class=\"ms-thumb\" ><div class=\"ms-tab-context\"><div class=\"&quot;ms-tab-context&quot;\"><\/div><\/div>\n<\/div>\n\t\t\t\t<\/div>\n\n\t\t\t<\/div>\n\t\t\t<!-- END MasterSlider Main -->\n\n\t\t\t \n\t\t<\/div>\n\t\t<!-- END MasterSlider -->\n\n\t\t<script>\n\t\t(function ( $ ) {\n\t\t\t\"use strict\";\n\n\t\t\t$(function () {\n\t\t\t\tvar masterslider_df81 = new MasterSlider();\n\n\t\t\t\t\/\/ slider controls\n\t\t\t\tmasterslider_df81.control('arrows'     ,{ autohide:false, overVideo:true  });\t\t\t\tmasterslider_df81.control('bullets'    ,{ autohide:false, overVideo:true, dir:'h', align:'bottom' , margin:10  });\n\n\t\t\t\tmasterslider_df81.control('thumblist'  ,{ autohide:false, overVideo:true, dir:'h', speed:17, inset:false, arrows:false, hover:false, customClass:'', align:'bottom',type:'thumbs', margin:5, width:140, height:80, space:5, fillMode:'fill'  });\n\t\t\t\t\/\/ slider setup\n\t\t\t\tmasterslider_df81.setup(\"MS69f0c8637df81\", {\n\t\t\t\t\t\twidth           : 1200,\n\t\t\t\t\t\theight          : 900,\n\t\t\t\t\t\tminHeight       : 0,\n\t\t\t\t\t\tspace           : 0,\n\t\t\t\t\t\tstart           : 1,\n\t\t\t\t\t\tgrabCursor      : true,\n\t\t\t\t\t\tswipe           : true,\n\t\t\t\t\t\tmouse           : true,\n\t\t\t\t\t\tlayout          : \"boxed\",\n\t\t\t\t\t\twheel           : false,\n\t\t\t\t\t\tautoplay        : false,\n\t\t\t\t\t\tinstantStartLayers:false,\n\t\t\t\t\t\tloop            : false,\n\t\t\t\t\t\tshuffle         : false,\n\t\t\t\t\t\tpreload         : 0,\n\t\t\t\t\t\theightLimit     : true,\n\t\t\t\t\t\tautoHeight      : false,\n\t\t\t\t\t\tsmoothHeight    : true,\n\t\t\t\t\t\tendPause        : false,\n\t\t\t\t\t\toverPause       : true,\n\t\t\t\t\t\tfillMode        : \"fill\",\n\t\t\t\t\t\tcenterControls  : true,\n\t\t\t\t\t\tstartOnAppear   : false,\n\t\t\t\t\t\tlayersMode      : \"center\",\n\t\t\t\t\t\thideLayers      : false,\n\t\t\t\t\t\tfullscreenMargin: 0,\n\t\t\t\t\t\tspeed           : 20,\n\t\t\t\t\t\tdir             : \"h\",\n\t\t\t\t\t\tparallaxMode    : 'swipe',\n\t\t\t\t\t\tview            : \"basic\"\n\t\t\t\t});\n\n\t\t\t\t\n\t\t\t\twindow.masterslider_instances = window.masterslider_instances || [];\n\t\t\t\twindow.masterslider_instances.push( masterslider_df81 );\n\t\t\t });\n\n\t\t})(jQuery);\n\t\t<\/script>\n\nEdition 2021\n\t\t<!-- MasterSlider -->\n\t\t<div id=\"P_MS69f0c8637f2d0\" class=\"master-slider-parent msl ms-parent-id-3\" style=\"max-width:800px;\">\n\n\t\t\t\n\t\t\t<!-- MasterSlider Main -->\n\t\t\t<div id=\"MS69f0c8637f2d0\" class=\"master-slider ms-skin-default\" >\n\t\t\t\t \t\t\t\t \n\t\t\t\t<div  class=\"ms-slide\" data-delay=\"3\" data-fill-mode=\"fill\"  >\n\t\t\t\t\t<img decoding=\"async\" src=\"https:\/\/www.festivalmandoline.fr\/wp-content\/plugins\/master-slider\/public\/assets\/css\/blank.gif\" alt=\"Festival International de Mandoline de Castellar concert 2021\" title=\"\" data-src=\"https:\/\/www.festivalmandoline.fr\/wp-content\/uploads\/2022\/05\/FIMAC-2021-photo.jpg\" \/>\n\n\n\t<img decoding=\"async\" class=\"ms-thumb\" src=\"https:\/\/www.festivalmandoline.fr\/wp-content\/uploads\/2022\/05\/FIMAC-2021-photo-140x80.jpg\" alt=\"Festival International de Mandoline de Castellar concert 2021\" \/>\n\t<div class=\"ms-thumb\" ><div class=\"ms-tab-context\"><div class=\"&quot;ms-tab-context&quot;\"><\/div><\/div>\n<\/div>\n\t\t\t\t<\/div>\n\t\t\t\t<div  class=\"ms-slide\" data-delay=\"3\" data-fill-mode=\"fill\"  >\n\t\t\t\t\t<img decoding=\"async\" src=\"https:\/\/www.festivalmandoline.fr\/wp-content\/plugins\/master-slider\/public\/assets\/css\/blank.gif\" alt=\"r\u00e9p\u00e9titions festival mandoline castellar 2021\" title=\"\" data-src=\"https:\/\/www.festivalmandoline.fr\/wp-content\/uploads\/2022\/05\/re\u0301pe\u0301titions-fimac-2021.jpg\" \/>\n\n\n\t<img decoding=\"async\" class=\"ms-thumb\" src=\"https:\/\/www.festivalmandoline.fr\/wp-content\/uploads\/2022\/05\/re\u0301pe\u0301titions-fimac-2021-140x80.jpg\" alt=\"r\u00e9p\u00e9titions festival mandoline castellar 2021\" \/>\n\t<div class=\"ms-thumb\" ><div class=\"ms-tab-context\"><div class=\"&quot;ms-tab-context&quot;\"><\/div><\/div>\n<\/div>\n\t\t\t\t<\/div>\n\t\t\t\t<div  class=\"ms-slide\" data-delay=\"3\" data-fill-mode=\"fill\"  >\n\t\t\t\t\t<img decoding=\"async\" src=\"https:\/\/www.festivalmandoline.fr\/wp-content\/plugins\/master-slider\/public\/assets\/css\/blank.gif\" alt=\"Mandolinistes invit\u00e9s au FIMAC 2021\" title=\"\" data-src=\"https:\/\/www.festivalmandoline.fr\/wp-content\/uploads\/2022\/05\/artistes-FIMAC-2021.jpg\" \/>\n\n\n\t<img decoding=\"async\" class=\"ms-thumb\" src=\"https:\/\/www.festivalmandoline.fr\/wp-content\/uploads\/2022\/05\/artistes-FIMAC-2021-140x80.jpg\" alt=\"Mandolinistes invit\u00e9s au FIMAC 2021\" \/>\n\t<div class=\"ms-thumb\" ><div class=\"ms-tab-context\"><div class=\"&quot;ms-tab-context&quot;\"><\/div><\/div>\n<\/div>\n\t\t\t\t<\/div>\n\t\t\t\t<div  class=\"ms-slide\" data-delay=\"3\" data-fill-mode=\"fill\"  >\n\t\t\t\t\t<img decoding=\"async\" src=\"https:\/\/www.festivalmandoline.fr\/wp-content\/plugins\/master-slider\/public\/assets\/css\/blank.gif\" alt=\"Sabine Marz\u00e9 r\u00e9p\u00e9titions de mandoline 2021\" title=\"\" data-src=\"https:\/\/www.festivalmandoline.fr\/wp-content\/uploads\/2022\/05\/sabine-marze\u0301-re\u0301pe\u0301titions.jpg\" \/>\n\n\n\t<img decoding=\"async\" class=\"ms-thumb\" src=\"https:\/\/www.festivalmandoline.fr\/wp-content\/uploads\/2022\/05\/sabine-marze\u0301-re\u0301pe\u0301titions-140x80.jpg\" alt=\"Sabine Marz\u00e9 r\u00e9p\u00e9titions de mandoline 2021\" \/>\n\t<div class=\"ms-thumb\" ><div class=\"ms-tab-context\"><div class=\"&quot;ms-tab-context&quot;\"><\/div><\/div>\n<\/div>\n\t\t\t\t<\/div>\n\t\t\t\t<div  class=\"ms-slide\" data-delay=\"3\" data-fill-mode=\"fill\"  >\n\t\t\t\t\t<img decoding=\"async\" src=\"https:\/\/www.festivalmandoline.fr\/wp-content\/plugins\/master-slider\/public\/assets\/css\/blank.gif\" alt=\"Artistes du Festival international de mandoline de Castellar en 2021\" title=\"\" data-src=\"https:\/\/www.festivalmandoline.fr\/wp-content\/uploads\/2022\/05\/artistes-du-FIMAC-2021.jpg\" \/>\n\n\n\t<img decoding=\"async\" class=\"ms-thumb\" src=\"https:\/\/www.festivalmandoline.fr\/wp-content\/uploads\/2022\/05\/artistes-du-FIMAC-2021-140x80.jpg\" alt=\"Artistes du Festival international de mandoline de Castellar en 2021\" \/>\n\t<div class=\"ms-thumb\" ><div class=\"ms-tab-context\"><div class=\"&quot;ms-tab-context&quot;\"><\/div><\/div>\n<\/div>\n\t\t\t\t<\/div>\n\t\t\t\t<div  class=\"ms-slide\" data-delay=\"3\" data-fill-mode=\"fill\"  >\n\t\t\t\t\t<img decoding=\"async\" src=\"https:\/\/www.festivalmandoline.fr\/wp-content\/plugins\/master-slider\/public\/assets\/css\/blank.gif\" alt=\"\" title=\"\" data-src=\"https:\/\/www.festivalmandoline.fr\/wp-content\/uploads\/2022\/05\/concert-mandoline-eglise-castellar.jpg\" \/>\n\n\n\t<img decoding=\"async\" class=\"ms-thumb\" src=\"https:\/\/www.festivalmandoline.fr\/wp-content\/uploads\/2022\/05\/concert-mandoline-eglise-castellar-140x80.jpg\" alt=\"\" \/>\n\t<div class=\"ms-thumb\" ><div class=\"ms-tab-context\"><div class=\"&quot;ms-tab-context&quot;\"><\/div><\/div>\n<\/div>\n\t\t\t\t<\/div>\n\n\t\t\t<\/div>\n\t\t\t<!-- END MasterSlider Main -->\n\n\t\t\t \n\t\t<\/div>\n\t\t<!-- END MasterSlider -->\n\n\t\t<script>\n\t\t(function ( $ ) {\n\t\t\t\"use strict\";\n\n\t\t\t$(function () {\n\t\t\t\tvar masterslider_f2d0 = new MasterSlider();\n\n\t\t\t\t\/\/ slider controls\n\t\t\t\tmasterslider_f2d0.control('arrows'     ,{ autohide:false, overVideo:true  });\t\t\t\tmasterslider_f2d0.control('bullets'    ,{ autohide:false, overVideo:true, dir:'h', align:'bottom' , margin:10  });\n\n\t\t\t\tmasterslider_f2d0.control('thumblist'  ,{ autohide:false, overVideo:true, dir:'h', speed:17, inset:false, arrows:false, hover:false, customClass:'', align:'bottom',type:'thumbs', margin:5, width:140, height:80, space:5, fillMode:'fill'  });\n\t\t\t\t\/\/ slider setup\n\t\t\t\tmasterslider_f2d0.setup(\"MS69f0c8637f2d0\", {\n\t\t\t\t\t\twidth           : 1200,\n\t\t\t\t\t\theight          : 900,\n\t\t\t\t\t\tminHeight       : 0,\n\t\t\t\t\t\tspace           : 0,\n\t\t\t\t\t\tstart           : 1,\n\t\t\t\t\t\tgrabCursor      : true,\n\t\t\t\t\t\tswipe           : true,\n\t\t\t\t\t\tmouse           : true,\n\t\t\t\t\t\tlayout          : \"boxed\",\n\t\t\t\t\t\twheel           : false,\n\t\t\t\t\t\tautoplay        : false,\n\t\t\t\t\t\tinstantStartLayers:false,\n\t\t\t\t\t\tloop            : false,\n\t\t\t\t\t\tshuffle         : false,\n\t\t\t\t\t\tpreload         : 0,\n\t\t\t\t\t\theightLimit     : true,\n\t\t\t\t\t\tautoHeight      : false,\n\t\t\t\t\t\tsmoothHeight    : true,\n\t\t\t\t\t\tendPause        : false,\n\t\t\t\t\t\toverPause       : true,\n\t\t\t\t\t\tfillMode        : \"fill\",\n\t\t\t\t\t\tcenterControls  : true,\n\t\t\t\t\t\tstartOnAppear   : false,\n\t\t\t\t\t\tlayersMode      : \"center\",\n\t\t\t\t\t\thideLayers      : false,\n\t\t\t\t\t\tfullscreenMargin: 0,\n\t\t\t\t\t\tspeed           : 20,\n\t\t\t\t\t\tdir             : \"h\",\n\t\t\t\t\t\tparallaxMode    : 'swipe',\n\t\t\t\t\t\tview            : \"basic\"\n\t\t\t\t});\n\n\t\t\t\t\n\t\t\t\twindow.masterslider_instances = window.masterslider_instances || [];\n\t\t\t\twindow.masterslider_instances.push( masterslider_f2d0 );\n\t\t\t });\n\n\t\t})(jQuery);\n\t\t<\/script>\n\nEdition 2020\n\t\t<!-- MasterSlider -->\n\t\t<div id=\"P_MS69f0c863804c0\" class=\"master-slider-parent msl ms-parent-id-4\" style=\"max-width:800px;\">\n\n\t\t\t\n\t\t\t<!-- MasterSlider Main -->\n\t\t\t<div id=\"MS69f0c863804c0\" class=\"master-slider ms-skin-default\" >\n\t\t\t\t \t\t\t\t \n\t\t\t\t<div  class=\"ms-slide\" data-delay=\"3\" data-fill-mode=\"fill\"  >\n\t\t\t\t\t<img decoding=\"async\" src=\"https:\/\/www.festivalmandoline.fr\/wp-content\/plugins\/master-slider\/public\/assets\/css\/blank.gif\" alt=\"Concert mandoline guitare place de castellar 2020\" title=\"\" data-src=\"https:\/\/www.festivalmandoline.fr\/wp-content\/uploads\/2022\/05\/Concert-du-soir-place-castellar.jpg\" \/>\n\n\n\t<img decoding=\"async\" class=\"ms-thumb\" src=\"https:\/\/www.festivalmandoline.fr\/wp-content\/uploads\/2022\/05\/Concert-du-soir-place-castellar-140x80.jpg\" alt=\"Concert mandoline guitare place de castellar 2020\" \/>\n\t<div class=\"ms-thumb\" ><div class=\"ms-tab-context\"><div class=\"&quot;ms-tab-context&quot;\"><\/div><\/div>\n<\/div>\n\t\t\t\t<\/div>\n\t\t\t\t<div  class=\"ms-slide\" data-delay=\"3\" data-fill-mode=\"fill\"  >\n\t\t\t\t\t<img decoding=\"async\" src=\"https:\/\/www.festivalmandoline.fr\/wp-content\/plugins\/master-slider\/public\/assets\/css\/blank.gif\" alt=\"Concert mandoline guitare FIMAC 2020\" title=\"\" data-src=\"https:\/\/www.festivalmandoline.fr\/wp-content\/uploads\/2022\/05\/mandoline-guitare-FIMAC-2020.jpg\" \/>\n\n\n\t<img decoding=\"async\" class=\"ms-thumb\" src=\"https:\/\/www.festivalmandoline.fr\/wp-content\/uploads\/2022\/05\/mandoline-guitare-FIMAC-2020-140x80.jpg\" alt=\"Concert mandoline guitare FIMAC 2020\" \/>\n\t<div class=\"ms-thumb\" ><div class=\"ms-tab-context\"><div class=\"&quot;ms-tab-context&quot;\"><\/div><\/div>\n<\/div>\n\t\t\t\t<\/div>\n\t\t\t\t<div  class=\"ms-slide\" data-delay=\"3\" data-fill-mode=\"fill\"  >\n\t\t\t\t\t<img decoding=\"async\" src=\"https:\/\/www.festivalmandoline.fr\/wp-content\/plugins\/master-slider\/public\/assets\/css\/blank.gif\" alt=\"Discours du Pr\u00e9sident du FIMAC \u00e9t\u00e9 2020\" title=\"\" data-src=\"https:\/\/www.festivalmandoline.fr\/wp-content\/uploads\/2022\/05\/Discours-Pre\u0301sident-FIMAC-2020.jpg\" \/>\n\n\n\t<img decoding=\"async\" class=\"ms-thumb\" src=\"https:\/\/www.festivalmandoline.fr\/wp-content\/uploads\/2022\/05\/Discours-Pre\u0301sident-FIMAC-2020-140x80.jpg\" alt=\"Discours du Pr\u00e9sident du FIMAC \u00e9t\u00e9 2020\" \/>\n\t<div class=\"ms-thumb\" ><div class=\"ms-tab-context\"><div class=\"&quot;ms-tab-context&quot;\"><\/div><\/div>\n<\/div>\n\t\t\t\t<\/div>\n\t\t\t\t<div  class=\"ms-slide\" data-delay=\"3\" data-fill-mode=\"fill\"  >\n\t\t\t\t\t<img decoding=\"async\" src=\"https:\/\/www.festivalmandoline.fr\/wp-content\/plugins\/master-slider\/public\/assets\/css\/blank.gif\" alt=\"Duo de mandolines FIMAC 2020\" title=\"\" data-src=\"https:\/\/www.festivalmandoline.fr\/wp-content\/uploads\/2022\/05\/Duo-mandoline-FIMAC-2020.jpg\" \/>\n\n\n\t<img decoding=\"async\" class=\"ms-thumb\" src=\"https:\/\/www.festivalmandoline.fr\/wp-content\/uploads\/2022\/05\/Duo-mandoline-FIMAC-2020-140x80.jpg\" alt=\"Duo de mandolines FIMAC 2020\" \/>\n\t<div class=\"ms-thumb\" ><div class=\"ms-tab-context\"><div class=\"&quot;ms-tab-context&quot;\"><\/div><\/div>\n<\/div>\n\t\t\t\t<\/div>\n\n\t\t\t<\/div>\n\t\t\t<!-- END MasterSlider Main -->\n\n\t\t\t \n\t\t<\/div>\n\t\t<!-- END MasterSlider -->\n\n\t\t<script>\n\t\t(function ( $ ) {\n\t\t\t\"use strict\";\n\n\t\t\t$(function () {\n\t\t\t\tvar masterslider_04c0 = new MasterSlider();\n\n\t\t\t\t\/\/ slider controls\n\t\t\t\tmasterslider_04c0.control('arrows'     ,{ autohide:false, overVideo:true  });\t\t\t\tmasterslider_04c0.control('bullets'    ,{ autohide:false, overVideo:true, dir:'h', align:'bottom' , margin:10  });\n\n\t\t\t\tmasterslider_04c0.control('thumblist'  ,{ autohide:false, overVideo:true, dir:'h', speed:17, inset:false, arrows:false, hover:false, customClass:'', align:'bottom',type:'thumbs', margin:5, width:140, height:80, space:5, fillMode:'fill'  });\n\t\t\t\t\/\/ slider setup\n\t\t\t\tmasterslider_04c0.setup(\"MS69f0c863804c0\", {\n\t\t\t\t\t\twidth           : 1200,\n\t\t\t\t\t\theight          : 900,\n\t\t\t\t\t\tminHeight       : 0,\n\t\t\t\t\t\tspace           : 0,\n\t\t\t\t\t\tstart           : 1,\n\t\t\t\t\t\tgrabCursor      : true,\n\t\t\t\t\t\tswipe           : true,\n\t\t\t\t\t\tmouse           : true,\n\t\t\t\t\t\tlayout          : \"boxed\",\n\t\t\t\t\t\twheel           : false,\n\t\t\t\t\t\tautoplay        : false,\n\t\t\t\t\t\tinstantStartLayers:false,\n\t\t\t\t\t\tloop            : false,\n\t\t\t\t\t\tshuffle         : false,\n\t\t\t\t\t\tpreload         : 0,\n\t\t\t\t\t\theightLimit     : true,\n\t\t\t\t\t\tautoHeight      : false,\n\t\t\t\t\t\tsmoothHeight    : true,\n\t\t\t\t\t\tendPause        : false,\n\t\t\t\t\t\toverPause       : true,\n\t\t\t\t\t\tfillMode        : \"fill\",\n\t\t\t\t\t\tcenterControls  : true,\n\t\t\t\t\t\tstartOnAppear   : false,\n\t\t\t\t\t\tlayersMode      : \"center\",\n\t\t\t\t\t\thideLayers      : false,\n\t\t\t\t\t\tfullscreenMargin: 0,\n\t\t\t\t\t\tspeed           : 20,\n\t\t\t\t\t\tdir             : \"h\",\n\t\t\t\t\t\tparallaxMode    : 'swipe',\n\t\t\t\t\t\tview            : \"basic\"\n\t\t\t\t});\n\n\t\t\t\t\n\t\t\t\twindow.masterslider_instances = window.masterslider_instances || [];\n\t\t\t\twindow.masterslider_instances.push( masterslider_04c0 );\n\t\t\t });\n\n\t\t})(jQuery);\n\t\t<\/script>\n\nEdition 2019\n\t\t<!-- MasterSlider -->\n\t\t<div id=\"P_MS69f0c86381649\" class=\"master-slider-parent msl ms-parent-id-5\" style=\"max-width:800px;\">\n\n\t\t\t\n\t\t\t<!-- MasterSlider Main -->\n\t\t\t<div id=\"MS69f0c86381649\" class=\"master-slider ms-skin-default\" >\n\t\t\t\t \t\t\t\t \n\t\t\t\t<div  class=\"ms-slide\" data-delay=\"3\" data-fill-mode=\"fill\"  >\n\t\t\t\t\t<img decoding=\"async\" src=\"https:\/\/www.festivalmandoline.fr\/wp-content\/plugins\/master-slider\/public\/assets\/css\/blank.gif\" alt=\"Quintette Anedda au FIMAC 2019\" title=\"\" data-src=\"https:\/\/www.festivalmandoline.fr\/wp-content\/uploads\/2022\/05\/Quintette-Anedda-FIMAC-2019.jpg\" \/>\n\n\n\t<img decoding=\"async\" class=\"ms-thumb\" src=\"https:\/\/www.festivalmandoline.fr\/wp-content\/uploads\/2022\/05\/Quintette-Anedda-FIMAC-2019-140x80.jpg\" alt=\"Quintette Anedda au FIMAC 2019\" \/>\n\t<div class=\"ms-thumb\" ><div class=\"ms-tab-context\"><div class=\"&quot;ms-tab-context&quot;\"><\/div><\/div>\n<\/div>\n\t\t\t\t<\/div>\n\t\t\t\t<div  class=\"ms-slide\" data-delay=\"3\" data-fill-mode=\"fill\"  >\n\t\t\t\t\t<img decoding=\"async\" src=\"https:\/\/www.festivalmandoline.fr\/wp-content\/plugins\/master-slider\/public\/assets\/css\/blank.gif\" alt=\"Sabinne MArze et Vincent Beer au FIMAC 2019\" title=\"\" data-src=\"https:\/\/www.festivalmandoline.fr\/wp-content\/uploads\/2022\/05\/Sabine-Marze\u0301-et-Vincent-Beer-FIMAC-2019.jpg\" \/>\n\n\n\t<img decoding=\"async\" class=\"ms-thumb\" src=\"https:\/\/www.festivalmandoline.fr\/wp-content\/uploads\/2022\/05\/Sabine-Marze\u0301-et-Vincent-Beer-FIMAC-2019-140x80.jpg\" alt=\"Sabinne MArze et Vincent Beer au FIMAC 2019\" \/>\n\t<div class=\"ms-thumb\" ><div class=\"ms-tab-context\"><div class=\"&quot;ms-tab-context&quot;\"><\/div><\/div>\n<\/div>\n\t\t\t\t<\/div>\n\t\t\t\t<div  class=\"ms-slide\" data-delay=\"3\" data-fill-mode=\"fill\"  >\n\t\t\t\t\t<img decoding=\"async\" src=\"https:\/\/www.festivalmandoline.fr\/wp-content\/plugins\/master-slider\/public\/assets\/css\/blank.gif\" alt=\"Carlo Aonzo FIMAC 2019\" title=\"\" data-src=\"https:\/\/www.festivalmandoline.fr\/wp-content\/uploads\/2022\/05\/Carlo-Aonzo-FIMAC-2019.jpg\" \/>\n\n\n\t<img decoding=\"async\" class=\"ms-thumb\" src=\"https:\/\/www.festivalmandoline.fr\/wp-content\/uploads\/2022\/05\/Carlo-Aonzo-FIMAC-2019-140x80.jpg\" alt=\"Carlo Aonzo FIMAC 2019\" \/>\n\t<div class=\"ms-thumb\" ><div class=\"ms-tab-context\"><div class=\"&quot;ms-tab-context&quot;\"><\/div><\/div>\n<\/div>\n\t\t\t\t<\/div>\n\t\t\t\t<div  class=\"ms-slide\" data-delay=\"3\" data-fill-mode=\"fill\"  >\n\t\t\t\t\t<img decoding=\"async\" src=\"https:\/\/www.festivalmandoline.fr\/wp-content\/plugins\/master-slider\/public\/assets\/css\/blank.gif\" alt=\"Vincent mandoline FIMAC 2019\" title=\"\" data-src=\"https:\/\/www.festivalmandoline.fr\/wp-content\/uploads\/2022\/05\/Vincent-mandoline-FIMAC-2019.jpg\" \/>\n\n\n\t<img decoding=\"async\" class=\"ms-thumb\" src=\"https:\/\/www.festivalmandoline.fr\/wp-content\/uploads\/2022\/05\/Vincent-mandoline-FIMAC-2019-140x80.jpg\" alt=\"Vincent mandoline FIMAC 2019\" \/>\n\t<div class=\"ms-thumb\" ><div class=\"ms-tab-context\"><div class=\"&quot;ms-tab-context&quot;\"><\/div><\/div>\n<\/div>\n\t\t\t\t<\/div>\n\t\t\t\t<div  class=\"ms-slide\" data-delay=\"3\" data-fill-mode=\"fill\"  >\n\t\t\t\t\t<img decoding=\"async\" src=\"https:\/\/www.festivalmandoline.fr\/wp-content\/plugins\/master-slider\/public\/assets\/css\/blank.gif\" alt=\"Quatuor de mandolines FIMAC 2019\" title=\"\" data-src=\"https:\/\/www.festivalmandoline.fr\/wp-content\/uploads\/2022\/05\/Quatuor-mandoline-FIMAC-2019.jpg\" \/>\n\n\n\t<img decoding=\"async\" class=\"ms-thumb\" src=\"https:\/\/www.festivalmandoline.fr\/wp-content\/uploads\/2022\/05\/Quatuor-mandoline-FIMAC-2019-140x80.jpg\" alt=\"Quatuor de mandolines FIMAC 2019\" \/>\n\t<div class=\"ms-thumb\" ><div class=\"ms-tab-context\"><div class=\"&quot;ms-tab-context&quot;\"><\/div><\/div>\n<\/div>\n\t\t\t\t<\/div>\n\n\t\t\t<\/div>\n\t\t\t<!-- END MasterSlider Main -->\n\n\t\t\t \n\t\t<\/div>\n\t\t<!-- END MasterSlider -->\n\n\t\t<script>\n\t\t(function ( $ ) {\n\t\t\t\"use strict\";\n\n\t\t\t$(function () {\n\t\t\t\tvar masterslider_1649 = new MasterSlider();\n\n\t\t\t\t\/\/ slider controls\n\t\t\t\tmasterslider_1649.control('arrows'     ,{ autohide:false, overVideo:true  });\t\t\t\tmasterslider_1649.control('bullets'    ,{ autohide:false, overVideo:true, dir:'h', align:'bottom' , margin:10  });\n\n\t\t\t\tmasterslider_1649.control('thumblist'  ,{ autohide:false, overVideo:true, dir:'h', speed:17, inset:false, arrows:false, hover:false, customClass:'', align:'bottom',type:'thumbs', margin:5, width:140, height:80, space:5, fillMode:'fill'  });\n\t\t\t\t\/\/ slider setup\n\t\t\t\tmasterslider_1649.setup(\"MS69f0c86381649\", {\n\t\t\t\t\t\twidth           : 1200,\n\t\t\t\t\t\theight          : 900,\n\t\t\t\t\t\tminHeight       : 0,\n\t\t\t\t\t\tspace           : 0,\n\t\t\t\t\t\tstart           : 1,\n\t\t\t\t\t\tgrabCursor      : true,\n\t\t\t\t\t\tswipe           : true,\n\t\t\t\t\t\tmouse           : true,\n\t\t\t\t\t\tlayout          : \"boxed\",\n\t\t\t\t\t\twheel           : false,\n\t\t\t\t\t\tautoplay        : false,\n\t\t\t\t\t\tinstantStartLayers:false,\n\t\t\t\t\t\tloop            : false,\n\t\t\t\t\t\tshuffle         : false,\n\t\t\t\t\t\tpreload         : 0,\n\t\t\t\t\t\theightLimit     : true,\n\t\t\t\t\t\tautoHeight      : false,\n\t\t\t\t\t\tsmoothHeight    : true,\n\t\t\t\t\t\tendPause        : false,\n\t\t\t\t\t\toverPause       : true,\n\t\t\t\t\t\tfillMode        : \"fill\",\n\t\t\t\t\t\tcenterControls  : true,\n\t\t\t\t\t\tstartOnAppear   : false,\n\t\t\t\t\t\tlayersMode      : \"center\",\n\t\t\t\t\t\thideLayers      : false,\n\t\t\t\t\t\tfullscreenMargin: 0,\n\t\t\t\t\t\tspeed           : 20,\n\t\t\t\t\t\tdir             : \"h\",\n\t\t\t\t\t\tparallaxMode    : 'swipe',\n\t\t\t\t\t\tview            : \"basic\"\n\t\t\t\t});\n\n\t\t\t\t\n\t\t\t\twindow.masterslider_instances = window.masterslider_instances || [];\n\t\t\t\twindow.masterslider_instances.push( masterslider_1649 );\n\t\t\t });\n\n\t\t})(jQuery);\n\t\t<\/script>\n\nEdition 2018\n\t\t<!-- MasterSlider -->\n\t\t<div id=\"P_MS69f0c863826db\" class=\"master-slider-parent msl ms-parent-id-6\" style=\"max-width:800px;\">\n\n\t\t\t\n\t\t\t<!-- MasterSlider Main -->\n\t\t\t<div id=\"MS69f0c863826db\" class=\"master-slider ms-skin-default\" >\n\t\t\t\t \t\t\t\t \n\t\t\t\t<div  class=\"ms-slide\" data-delay=\"3\" data-fill-mode=\"fill\"  >\n\t\t\t\t\t<img decoding=\"async\" src=\"https:\/\/www.festivalmandoline.fr\/wp-content\/plugins\/master-slider\/public\/assets\/css\/blank.gif\" alt=\"Concert mandoline Castellar 2018\" title=\"\" data-src=\"https:\/\/www.festivalmandoline.fr\/wp-content\/uploads\/2022\/05\/Sabine-Marine-et-OCC.jpg\" \/>\n\n\n\t<img decoding=\"async\" class=\"ms-thumb\" src=\"https:\/\/www.festivalmandoline.fr\/wp-content\/uploads\/2022\/05\/Sabine-Marine-et-OCC-140x80.jpg\" alt=\"Concert mandoline Castellar 2018\" \/>\n\t<div class=\"ms-thumb\" ><div class=\"ms-tab-context\"><div class=\"&quot;ms-tab-context&quot;\"><\/div><\/div>\n<\/div>\n\t\t\t\t<\/div>\n\t\t\t\t<div  class=\"ms-slide\" data-delay=\"3\" data-fill-mode=\"fill\"  >\n\t\t\t\t\t<img decoding=\"async\" src=\"https:\/\/www.festivalmandoline.fr\/wp-content\/plugins\/master-slider\/public\/assets\/css\/blank.gif\" alt=\"Concert spectacle mandoline castellar 2018\" title=\"\" data-src=\"https:\/\/www.festivalmandoline.fr\/wp-content\/uploads\/2022\/05\/Vendredi-Inoue.jpg\" \/>\n\n\n\t<img decoding=\"async\" class=\"ms-thumb\" src=\"https:\/\/www.festivalmandoline.fr\/wp-content\/uploads\/2022\/05\/Vendredi-Inoue-140x80.jpg\" alt=\"Concert spectacle mandoline castellar 2018\" \/>\n\t<div class=\"ms-thumb\" ><div class=\"ms-tab-context\"><div class=\"&quot;ms-tab-context&quot;\"><\/div><\/div>\n<\/div>\n\t\t\t\t<\/div>\n\t\t\t\t<div  class=\"ms-slide\" data-delay=\"3\" data-fill-mode=\"fill\"  >\n\t\t\t\t\t<img decoding=\"async\" src=\"https:\/\/www.festivalmandoline.fr\/wp-content\/plugins\/master-slider\/public\/assets\/css\/blank.gif\" alt=\"Concert trio aprs mandoline castellar 2018\" title=\"\" data-src=\"https:\/\/www.festivalmandoline.fr\/wp-content\/uploads\/2022\/05\/trio-aprs-concert-FIMAC-2018.jpg\" \/>\n\n\n\t<img decoding=\"async\" class=\"ms-thumb\" src=\"https:\/\/www.festivalmandoline.fr\/wp-content\/uploads\/2022\/05\/trio-aprs-concert-FIMAC-2018-140x80.jpg\" alt=\"Concert trio aprs mandoline castellar 2018\" \/>\n\t<div class=\"ms-thumb\" ><div class=\"ms-tab-context\"><div class=\"&quot;ms-tab-context&quot;\"><\/div><\/div>\n<\/div>\n\t\t\t\t<\/div>\n\t\t\t\t<div  class=\"ms-slide\" data-delay=\"3\" data-fill-mode=\"fill\"  >\n\t\t\t\t\t<img decoding=\"async\" src=\"https:\/\/www.festivalmandoline.fr\/wp-content\/plugins\/master-slider\/public\/assets\/css\/blank.gif\" alt=\"Trio Julien au Festival de Mandoline de Castellar 2018\" title=\"\" data-src=\"https:\/\/www.festivalmandoline.fr\/wp-content\/uploads\/2022\/05\/Trio-Julien-FIMAC_2018.jpg\" \/>\n\n\n\t<img decoding=\"async\" class=\"ms-thumb\" src=\"https:\/\/www.festivalmandoline.fr\/wp-content\/uploads\/2022\/05\/Trio-Julien-FIMAC_2018-140x80.jpg\" alt=\"Trio Julien au Festival de Mandoline de Castellar 2018\" \/>\n\t<div class=\"ms-thumb\" ><div class=\"ms-tab-context\"><div class=\"&quot;ms-tab-context&quot;\"><\/div><\/div>\n<\/div>\n\t\t\t\t<\/div>\n\n\t\t\t<\/div>\n\t\t\t<!-- END MasterSlider Main -->\n\n\t\t\t \n\t\t<\/div>\n\t\t<!-- END MasterSlider -->\n\n\t\t<script>\n\t\t(function ( $ ) {\n\t\t\t\"use strict\";\n\n\t\t\t$(function () {\n\t\t\t\tvar masterslider_26db = new MasterSlider();\n\n\t\t\t\t\/\/ slider controls\n\t\t\t\tmasterslider_26db.control('arrows'     ,{ autohide:false, overVideo:true  });\t\t\t\tmasterslider_26db.control('bullets'    ,{ autohide:false, overVideo:true, dir:'h', align:'bottom' , margin:10  });\n\n\t\t\t\tmasterslider_26db.control('thumblist'  ,{ autohide:false, overVideo:true, dir:'h', speed:17, inset:false, arrows:false, hover:false, customClass:'', align:'bottom',type:'thumbs', margin:5, width:140, height:80, space:5, fillMode:'fill'  });\n\t\t\t\t\/\/ slider setup\n\t\t\t\tmasterslider_26db.setup(\"MS69f0c863826db\", {\n\t\t\t\t\t\twidth           : 1200,\n\t\t\t\t\t\theight          : 900,\n\t\t\t\t\t\tminHeight       : 0,\n\t\t\t\t\t\tspace           : 0,\n\t\t\t\t\t\tstart           : 1,\n\t\t\t\t\t\tgrabCursor      : true,\n\t\t\t\t\t\tswipe           : true,\n\t\t\t\t\t\tmouse           : true,\n\t\t\t\t\t\tlayout          : \"boxed\",\n\t\t\t\t\t\twheel           : false,\n\t\t\t\t\t\tautoplay        : false,\n\t\t\t\t\t\tinstantStartLayers:false,\n\t\t\t\t\t\tloop            : false,\n\t\t\t\t\t\tshuffle         : false,\n\t\t\t\t\t\tpreload         : 0,\n\t\t\t\t\t\theightLimit     : true,\n\t\t\t\t\t\tautoHeight      : false,\n\t\t\t\t\t\tsmoothHeight    : true,\n\t\t\t\t\t\tendPause        : false,\n\t\t\t\t\t\toverPause       : true,\n\t\t\t\t\t\tfillMode        : \"fill\",\n\t\t\t\t\t\tcenterControls  : true,\n\t\t\t\t\t\tstartOnAppear   : false,\n\t\t\t\t\t\tlayersMode      : \"center\",\n\t\t\t\t\t\thideLayers      : false,\n\t\t\t\t\t\tfullscreenMargin: 0,\n\t\t\t\t\t\tspeed           : 20,\n\t\t\t\t\t\tdir             : \"h\",\n\t\t\t\t\t\tparallaxMode    : 'swipe',\n\t\t\t\t\t\tview            : \"basic\"\n\t\t\t\t});\n\n\t\t\t\t\n\t\t\t\twindow.masterslider_instances = window.masterslider_instances || [];\n\t\t\t\twindow.masterslider_instances.push( masterslider_26db );\n\t\t\t });\n\n\t\t})(jQuery);\n\t\t<\/script>\n\nEdition 2017\n\t\t<!-- MasterSlider -->\n\t\t<div id=\"P_MS69f0c8638379b\" class=\"master-slider-parent msl ms-parent-id-7\" style=\"max-width:800px;\">\n\n\t\t\t\n\t\t\t<!-- MasterSlider Main -->\n\t\t\t<div id=\"MS69f0c8638379b\" class=\"master-slider ms-skin-default\" >\n\t\t\t\t \t\t\t\t \n\t\t\t\t<div  class=\"ms-slide\" data-delay=\"3\" data-fill-mode=\"fill\"  >\n\t\t\t\t\t<img decoding=\"async\" src=\"https:\/\/www.festivalmandoline.fr\/wp-content\/plugins\/master-slider\/public\/assets\/css\/blank.gif\" alt=\"Concert de mandolines et danse espagnole FIMAC 2017\" title=\"\" data-src=\"https:\/\/www.festivalmandoline.fr\/wp-content\/uploads\/2022\/05\/Concert-et-danse-FIMAC-2017.jpg\" \/>\n\n\n\t<img decoding=\"async\" class=\"ms-thumb\" src=\"https:\/\/www.festivalmandoline.fr\/wp-content\/uploads\/2022\/05\/Concert-et-danse-FIMAC-2017-140x80.jpg\" alt=\"Concert de mandolines et danse espagnole FIMAC 2017\" \/>\n\t<div class=\"ms-thumb\" ><div class=\"ms-tab-context\"><div class=\"&quot;ms-tab-context&quot;\"><\/div><\/div>\n<\/div>\n\t\t\t\t<\/div>\n\t\t\t\t<div  class=\"ms-slide\" data-delay=\"3\" data-fill-mode=\"fill\"  >\n\t\t\t\t\t<img decoding=\"async\" src=\"https:\/\/www.festivalmandoline.fr\/wp-content\/plugins\/master-slider\/public\/assets\/css\/blank.gif\" alt=\"concert de mandolines dans l&#039;\u00e9glise de Castellar pour le FIMAC 2017\" title=\"\" data-src=\"https:\/\/www.festivalmandoline.fr\/wp-content\/uploads\/2022\/05\/Concert-mandoline-dans-le\u0301glise-FIMAC-2017.jpg\" \/>\n\n\n\t<img decoding=\"async\" class=\"ms-thumb\" src=\"https:\/\/www.festivalmandoline.fr\/wp-content\/uploads\/2022\/05\/Concert-mandoline-dans-le\u0301glise-FIMAC-2017-140x80.jpg\" alt=\"concert de mandolines dans l&#039;\u00e9glise de Castellar pour le FIMAC 2017\" \/>\n\t<div class=\"ms-thumb\" ><div class=\"ms-tab-context\"><div class=\"&quot;ms-tab-context&quot;\"><\/div><\/div>\n<\/div>\n\t\t\t\t<\/div>\n\t\t\t\t<div  class=\"ms-slide\" data-delay=\"3\" data-fill-mode=\"fill\"  >\n\t\t\t\t\t<img decoding=\"async\" src=\"https:\/\/www.festivalmandoline.fr\/wp-content\/plugins\/master-slider\/public\/assets\/css\/blank.gif\" alt=\"Natalia Korsak au Festival Mandoline Castellar2017\" title=\"\" data-src=\"https:\/\/www.festivalmandoline.fr\/wp-content\/uploads\/2022\/05\/Natalia-Korsak-FIMAC-2017.jpg\" \/>\n\n\n\t<img decoding=\"async\" class=\"ms-thumb\" src=\"https:\/\/www.festivalmandoline.fr\/wp-content\/uploads\/2022\/05\/Natalia-Korsak-FIMAC-2017-140x80.jpg\" alt=\"Natalia Korsak au Festival Mandoline Castellar2017\" \/>\n\t<div class=\"ms-thumb\" ><div class=\"ms-tab-context\"><div class=\"&quot;ms-tab-context&quot;\"><\/div><\/div>\n<\/div>\n\t\t\t\t<\/div>\n\t\t\t\t<div  class=\"ms-slide\" data-delay=\"3\" data-fill-mode=\"fill\"  >\n\t\t\t\t\t<img decoding=\"async\" src=\"https:\/\/www.festivalmandoline.fr\/wp-content\/plugins\/master-slider\/public\/assets\/css\/blank.gif\" alt=\"Concert de mandoline \u00e9glise de Castellar FIMAC 2017\" title=\"\" data-src=\"https:\/\/www.festivalmandoline.fr\/wp-content\/uploads\/2022\/05\/Concert-mandoline-e\u0301glise-FIMAC-2017.jpg\" \/>\n\n\n\t<img decoding=\"async\" class=\"ms-thumb\" src=\"https:\/\/www.festivalmandoline.fr\/wp-content\/uploads\/2022\/05\/Concert-mandoline-e\u0301glise-FIMAC-2017-140x80.jpg\" alt=\"Concert de mandoline \u00e9glise de Castellar FIMAC 2017\" \/>\n\t<div class=\"ms-thumb\" ><div class=\"ms-tab-context\"><div class=\"&quot;ms-tab-context&quot;\"><\/div><\/div>\n<\/div>\n\t\t\t\t<\/div>\n\t\t\t\t<div  class=\"ms-slide\" data-delay=\"3\" data-fill-mode=\"fill\"  >\n\t\t\t\t\t<img decoding=\"async\" src=\"https:\/\/www.festivalmandoline.fr\/wp-content\/plugins\/master-slider\/public\/assets\/css\/blank.gif\" alt=\"Concert en journ\u00e9e FIMAC 2017\" title=\"\" data-src=\"https:\/\/www.festivalmandoline.fr\/wp-content\/uploads\/2022\/05\/Concert-journe\u0301e-FIMAC-2017.jpg\" \/>\n\n\n\t<img decoding=\"async\" class=\"ms-thumb\" src=\"https:\/\/www.festivalmandoline.fr\/wp-content\/uploads\/2022\/05\/Concert-journe\u0301e-FIMAC-2017-140x80.jpg\" alt=\"Concert en journ\u00e9e FIMAC 2017\" \/>\n\t<div class=\"ms-thumb\" ><div class=\"ms-tab-context\"><div class=\"&quot;ms-tab-context&quot;\"><\/div><\/div>\n<\/div>\n\t\t\t\t<\/div>\n\n\t\t\t<\/div>\n\t\t\t<!-- END MasterSlider Main -->\n\n\t\t\t \n\t\t<\/div>\n\t\t<!-- END MasterSlider -->\n\n\t\t<script>\n\t\t(function ( $ ) {\n\t\t\t\"use strict\";\n\n\t\t\t$(function () {\n\t\t\t\tvar masterslider_379b = new MasterSlider();\n\n\t\t\t\t\/\/ slider controls\n\t\t\t\tmasterslider_379b.control('arrows'     ,{ autohide:false, overVideo:true  });\t\t\t\tmasterslider_379b.control('bullets'    ,{ autohide:false, overVideo:true, dir:'h', align:'bottom' , margin:10  });\n\n\t\t\t\tmasterslider_379b.control('thumblist'  ,{ autohide:false, overVideo:true, dir:'h', speed:17, inset:false, arrows:false, hover:false, customClass:'', align:'bottom',type:'thumbs', margin:5, width:140, height:80, space:5, fillMode:'fill'  });\n\t\t\t\t\/\/ slider setup\n\t\t\t\tmasterslider_379b.setup(\"MS69f0c8638379b\", {\n\t\t\t\t\t\twidth           : 1200,\n\t\t\t\t\t\theight          : 900,\n\t\t\t\t\t\tminHeight       : 0,\n\t\t\t\t\t\tspace           : 0,\n\t\t\t\t\t\tstart           : 1,\n\t\t\t\t\t\tgrabCursor      : true,\n\t\t\t\t\t\tswipe           : true,\n\t\t\t\t\t\tmouse           : true,\n\t\t\t\t\t\tlayout          : \"boxed\",\n\t\t\t\t\t\twheel           : false,\n\t\t\t\t\t\tautoplay        : false,\n\t\t\t\t\t\tinstantStartLayers:false,\n\t\t\t\t\t\tloop            : false,\n\t\t\t\t\t\tshuffle         : false,\n\t\t\t\t\t\tpreload         : 0,\n\t\t\t\t\t\theightLimit     : true,\n\t\t\t\t\t\tautoHeight      : false,\n\t\t\t\t\t\tsmoothHeight    : true,\n\t\t\t\t\t\tendPause        : false,\n\t\t\t\t\t\toverPause       : true,\n\t\t\t\t\t\tfillMode        : \"fill\",\n\t\t\t\t\t\tcenterControls  : true,\n\t\t\t\t\t\tstartOnAppear   : false,\n\t\t\t\t\t\tlayersMode      : \"center\",\n\t\t\t\t\t\thideLayers      : false,\n\t\t\t\t\t\tfullscreenMargin: 0,\n\t\t\t\t\t\tspeed           : 20,\n\t\t\t\t\t\tdir             : \"h\",\n\t\t\t\t\t\tparallaxMode    : 'swipe',\n\t\t\t\t\t\tview            : \"basic\"\n\t\t\t\t});\n\n\t\t\t\t\n\t\t\t\twindow.masterslider_instances = window.masterslider_instances || [];\n\t\t\t\twindow.masterslider_instances.push( masterslider_379b );\n\t\t\t });\n\n\t\t})(jQuery);\n\t\t<\/script>\n\nEdition 2016\n\t\t<!-- MasterSlider -->\n\t\t<div id=\"P_MS69f0c86384833\" class=\"master-slider-parent msl ms-parent-id-8\" style=\"max-width:800px;\">\n\n\t\t\t\n\t\t\t<!-- MasterSlider Main -->\n\t\t\t<div id=\"MS69f0c86384833\" class=\"master-slider ms-skin-default\" >\n\t\t\t\t \t\t\t\t \n\t\t\t\t<div  class=\"ms-slide\" data-delay=\"3\" data-fill-mode=\"fill\"  >\n\t\t\t\t\t<img decoding=\"async\" src=\"https:\/\/www.festivalmandoline.fr\/wp-content\/plugins\/master-slider\/public\/assets\/css\/blank.gif\" alt=\"Solo de mandoline au festival international de mandoline de castellar 2016\" title=\"\" data-src=\"https:\/\/www.festivalmandoline.fr\/wp-content\/uploads\/2022\/05\/solo-mandoline-FIMAC-2016.jpg\" \/>\n\n\n\t<img decoding=\"async\" class=\"ms-thumb\" src=\"https:\/\/www.festivalmandoline.fr\/wp-content\/uploads\/2022\/05\/solo-mandoline-FIMAC-2016-140x80.jpg\" alt=\"Solo de mandoline au festival international de mandoline de castellar 2016\" \/>\n\t<div class=\"ms-thumb\" ><div class=\"ms-tab-context\"><div class=\"&quot;ms-tab-context&quot;\"><\/div><\/div>\n<\/div>\n\t\t\t\t<\/div>\n\t\t\t\t<div  class=\"ms-slide\" data-delay=\"3\" data-fill-mode=\"fill\"  >\n\t\t\t\t\t<img decoding=\"async\" src=\"https:\/\/www.festivalmandoline.fr\/wp-content\/plugins\/master-slider\/public\/assets\/css\/blank.gif\" alt=\"Mandoline accord\u00e9on FIMAC 2016\" title=\"\" data-src=\"https:\/\/www.festivalmandoline.fr\/wp-content\/uploads\/2022\/05\/FIMAC-2016-accorde\u0301on-mandoline.jpg\" \/>\n\n\n\t<img decoding=\"async\" class=\"ms-thumb\" src=\"https:\/\/www.festivalmandoline.fr\/wp-content\/uploads\/2022\/05\/FIMAC-2016-accorde\u0301on-mandoline-140x80.jpg\" alt=\"Mandoline accord\u00e9on FIMAC 2016\" \/>\n\t<div class=\"ms-thumb\" ><div class=\"ms-tab-context\"><div class=\"&quot;ms-tab-context&quot;\"><\/div><\/div>\n<\/div>\n\t\t\t\t<\/div>\n\t\t\t\t<div  class=\"ms-slide\" data-delay=\"3\" data-fill-mode=\"fill\"  >\n\t\t\t\t\t<img decoding=\"async\" src=\"https:\/\/www.festivalmandoline.fr\/wp-content\/plugins\/master-slider\/public\/assets\/css\/blank.gif\" alt=\"Artistes festival mandoline castellar 2016\" title=\"\" data-src=\"https:\/\/www.festivalmandoline.fr\/wp-content\/uploads\/2022\/05\/artistes-FIMAC-2016.jpg\" \/>\n\n\n\t<img decoding=\"async\" class=\"ms-thumb\" src=\"https:\/\/www.festivalmandoline.fr\/wp-content\/uploads\/2022\/05\/artistes-FIMAC-2016-140x80.jpg\" alt=\"Artistes festival mandoline castellar 2016\" \/>\n\t<div class=\"ms-thumb\" ><div class=\"ms-tab-context\"><div class=\"&quot;ms-tab-context&quot;\"><\/div><\/div>\n<\/div>\n\t\t\t\t<\/div>\n\t\t\t\t<div  class=\"ms-slide\" data-delay=\"3\" data-fill-mode=\"fill\"  >\n\t\t\t\t\t<img decoding=\"async\" src=\"https:\/\/www.festivalmandoline.fr\/wp-content\/plugins\/master-slider\/public\/assets\/css\/blank.gif\" alt=\"Concert de mandolines FIMAC 2016\" title=\"\" data-src=\"https:\/\/www.festivalmandoline.fr\/wp-content\/uploads\/2022\/05\/concert-mandolines-FIMAC-2016.jpg\" \/>\n\n\n\t<img decoding=\"async\" class=\"ms-thumb\" src=\"https:\/\/www.festivalmandoline.fr\/wp-content\/uploads\/2022\/05\/concert-mandolines-FIMAC-2016-140x80.jpg\" alt=\"Concert de mandolines FIMAC 2016\" \/>\n\t<div class=\"ms-thumb\" ><div class=\"ms-tab-context\"><div class=\"&quot;ms-tab-context&quot;\"><\/div><\/div>\n<\/div>\n\t\t\t\t<\/div>\n\n\t\t\t<\/div>\n\t\t\t<!-- END MasterSlider Main -->\n\n\t\t\t \n\t\t<\/div>\n\t\t<!-- END MasterSlider -->\n\n\t\t<script>\n\t\t(function ( $ ) {\n\t\t\t\"use strict\";\n\n\t\t\t$(function () {\n\t\t\t\tvar masterslider_4833 = new MasterSlider();\n\n\t\t\t\t\/\/ slider controls\n\t\t\t\tmasterslider_4833.control('arrows'     ,{ autohide:false, overVideo:true  });\t\t\t\tmasterslider_4833.control('bullets'    ,{ autohide:false, overVideo:true, dir:'h', align:'bottom' , margin:10  });\n\n\t\t\t\tmasterslider_4833.control('thumblist'  ,{ autohide:false, overVideo:true, dir:'h', speed:17, inset:false, arrows:false, hover:false, customClass:'', align:'bottom',type:'thumbs', margin:5, width:140, height:80, space:5, fillMode:'fill'  });\n\t\t\t\t\/\/ slider setup\n\t\t\t\tmasterslider_4833.setup(\"MS69f0c86384833\", {\n\t\t\t\t\t\twidth           : 1200,\n\t\t\t\t\t\theight          : 900,\n\t\t\t\t\t\tminHeight       : 0,\n\t\t\t\t\t\tspace           : 0,\n\t\t\t\t\t\tstart           : 1,\n\t\t\t\t\t\tgrabCursor      : true,\n\t\t\t\t\t\tswipe           : true,\n\t\t\t\t\t\tmouse           : true,\n\t\t\t\t\t\tlayout          : \"boxed\",\n\t\t\t\t\t\twheel           : false,\n\t\t\t\t\t\tautoplay        : false,\n\t\t\t\t\t\tinstantStartLayers:false,\n\t\t\t\t\t\tloop            : false,\n\t\t\t\t\t\tshuffle         : false,\n\t\t\t\t\t\tpreload         : 0,\n\t\t\t\t\t\theightLimit     : true,\n\t\t\t\t\t\tautoHeight      : false,\n\t\t\t\t\t\tsmoothHeight    : true,\n\t\t\t\t\t\tendPause        : false,\n\t\t\t\t\t\toverPause       : true,\n\t\t\t\t\t\tfillMode        : \"fill\",\n\t\t\t\t\t\tcenterControls  : true,\n\t\t\t\t\t\tstartOnAppear   : false,\n\t\t\t\t\t\tlayersMode      : \"center\",\n\t\t\t\t\t\thideLayers      : false,\n\t\t\t\t\t\tfullscreenMargin: 0,\n\t\t\t\t\t\tspeed           : 20,\n\t\t\t\t\t\tdir             : \"h\",\n\t\t\t\t\t\tparallaxMode    : 'swipe',\n\t\t\t\t\t\tview            : \"basic\"\n\t\t\t\t});\n\n\t\t\t\t\n\t\t\t\twindow.masterslider_instances = window.masterslider_instances || [];\n\t\t\t\twindow.masterslider_instances.push( masterslider_4833 );\n\t\t\t });\n\n\t\t})(jQuery);\n\t\t<\/script>\n\nKnow more about FIMACVideo excerpts [&hellip;]<\/p>\n","protected":false},"author":890,"featured_media":0,"parent":0,"menu_order":0,"comment_status":"closed","ping_status":"closed","template":"","meta":{"_et_pb_use_builder":"on","_et_pb_old_content":"","_et_gb_content_width":"","footnotes":""},"class_list":["post-8800","page","type-page","status-publish","hentry"],"yoast_head":"<!-- This site is optimized with the Yoast SEO plugin v26.9 - https:\/\/yoast.com\/product\/yoast-seo-wordpress\/ -->\n<title>PHOTO GALLERY - Festival International de Mandoline Classique<\/title>\n<meta name=\"robots\" content=\"index, follow, max-snippet:-1, max-image-preview:large, max-video-preview:-1\" \/>\n<link rel=\"canonical\" href=\"https:\/\/www.festivalmandoline.fr\/en\/photo-gallery\/\" \/>\n<meta property=\"og:locale\" content=\"en_US\" \/>\n<meta property=\"og:type\" content=\"article\" \/>\n<meta property=\"og:title\" content=\"PHOTO GALLERY - Festival International de Mandoline Classique\" \/>\n<meta property=\"og:description\" content=\"PHOTO GALLERYCastellar International Mandolin FestivalFIMAC in picturesFrom concerts strolling through the streets of the village to evening concerts, via masterclasses and backstage, find here a selection of the most beautiful memories of the Castellar International Mandolin Festival!Edition 2022Edition 2021Edition 2020Edition 2019Edition 2018Edition 2017Edition 2016Know more about FIMACVideo excerpts [&hellip;]\" \/>\n<meta property=\"og:url\" content=\"https:\/\/www.festivalmandoline.fr\/en\/photo-gallery\/\" \/>\n<meta property=\"og:site_name\" content=\"Festival International de Mandoline Classique\" \/>\n<meta property=\"article:publisher\" content=\"https:\/\/www.facebook.com\/Festival.International.de.Mandoline.Castellar\" \/>\n<meta name=\"twitter:card\" content=\"summary_large_image\" \/>\n<meta name=\"twitter:label1\" content=\"Est. reading time\" \/>\n\t<meta name=\"twitter:data1\" content=\"26 minutes\" \/>\n<script type=\"application\/ld+json\" class=\"yoast-schema-graph\">{\"@context\":\"https:\/\/schema.org\",\"@graph\":[{\"@type\":\"WebPage\",\"@id\":\"https:\/\/www.festivalmandoline.fr\/en\/photo-gallery\/\",\"url\":\"https:\/\/www.festivalmandoline.fr\/en\/photo-gallery\/\",\"name\":\"PHOTO GALLERY - Festival International de Mandoline Classique\",\"isPartOf\":{\"@id\":\"https:\/\/www.festivalmandoline.fr\/en\/#website\"},\"datePublished\":\"2022-04-18T11:20:49+00:00\",\"breadcrumb\":{\"@id\":\"https:\/\/www.festivalmandoline.fr\/en\/photo-gallery\/#breadcrumb\"},\"inLanguage\":\"en-US\",\"potentialAction\":[{\"@type\":\"ReadAction\",\"target\":[\"https:\/\/www.festivalmandoline.fr\/en\/photo-gallery\/\"]}]},{\"@type\":\"BreadcrumbList\",\"@id\":\"https:\/\/www.festivalmandoline.fr\/en\/photo-gallery\/#breadcrumb\",\"itemListElement\":[{\"@type\":\"ListItem\",\"position\":1,\"name\":\"Home\",\"item\":\"https:\/\/www.festivalmandoline.fr\/en\/fimac-home\/\"},{\"@type\":\"ListItem\",\"position\":2,\"name\":\"PHOTO GALLERY\"}]},{\"@type\":\"WebSite\",\"@id\":\"https:\/\/www.festivalmandoline.fr\/en\/#website\",\"url\":\"https:\/\/www.festivalmandoline.fr\/en\/\",\"name\":\"Festival International de Mandoline Classique\",\"description\":\"Du 17 au 19 avril 2026- NICE\",\"publisher\":{\"@id\":\"https:\/\/www.festivalmandoline.fr\/en\/#organization\"},\"potentialAction\":[{\"@type\":\"SearchAction\",\"target\":{\"@type\":\"EntryPoint\",\"urlTemplate\":\"https:\/\/www.festivalmandoline.fr\/en\/?s={search_term_string}\"},\"query-input\":{\"@type\":\"PropertyValueSpecification\",\"valueRequired\":true,\"valueName\":\"search_term_string\"}}],\"inLanguage\":\"en-US\"},{\"@type\":\"Organization\",\"@id\":\"https:\/\/www.festivalmandoline.fr\/en\/#organization\",\"name\":\"Festival International de Mandoline Classique\",\"url\":\"https:\/\/www.festivalmandoline.fr\/en\/\",\"logo\":{\"@type\":\"ImageObject\",\"inLanguage\":\"en-US\",\"@id\":\"https:\/\/www.festivalmandoline.fr\/en\/#\/schema\/logo\/image\/\",\"url\":\"https:\/\/www.festivalmandoline.fr\/wp-content\/uploads\/2022\/03\/Logo-seul.jpg\",\"contentUrl\":\"https:\/\/www.festivalmandoline.fr\/wp-content\/uploads\/2022\/03\/Logo-seul.jpg\",\"width\":487,\"height\":582,\"caption\":\"Festival International de Mandoline Classique\"},\"image\":{\"@id\":\"https:\/\/www.festivalmandoline.fr\/en\/#\/schema\/logo\/image\/\"},\"sameAs\":[\"https:\/\/www.facebook.com\/Festival.International.de.Mandoline.Castellar\"]}]}<\/script>\n<!-- \/ Yoast SEO plugin. -->","yoast_head_json":{"title":"PHOTO GALLERY - Festival International de Mandoline Classique","robots":{"index":"index","follow":"follow","max-snippet":"max-snippet:-1","max-image-preview":"max-image-preview:large","max-video-preview":"max-video-preview:-1"},"canonical":"https:\/\/www.festivalmandoline.fr\/en\/photo-gallery\/","og_locale":"en_US","og_type":"article","og_title":"PHOTO GALLERY - Festival International de Mandoline Classique","og_description":"PHOTO GALLERYCastellar International Mandolin FestivalFIMAC in picturesFrom concerts strolling through the streets of the village to evening concerts, via masterclasses and backstage, find here a selection of the most beautiful memories of the Castellar International Mandolin Festival!Edition 2022Edition 2021Edition 2020Edition 2019Edition 2018Edition 2017Edition 2016Know more about FIMACVideo excerpts [&hellip;]","og_url":"https:\/\/www.festivalmandoline.fr\/en\/photo-gallery\/","og_site_name":"Festival International de Mandoline Classique","article_publisher":"https:\/\/www.facebook.com\/Festival.International.de.Mandoline.Castellar","twitter_card":"summary_large_image","twitter_misc":{"Est. reading time":"26 minutes"},"schema":{"@context":"https:\/\/schema.org","@graph":[{"@type":"WebPage","@id":"https:\/\/www.festivalmandoline.fr\/en\/photo-gallery\/","url":"https:\/\/www.festivalmandoline.fr\/en\/photo-gallery\/","name":"PHOTO GALLERY - Festival International de Mandoline Classique","isPartOf":{"@id":"https:\/\/www.festivalmandoline.fr\/en\/#website"},"datePublished":"2022-04-18T11:20:49+00:00","breadcrumb":{"@id":"https:\/\/www.festivalmandoline.fr\/en\/photo-gallery\/#breadcrumb"},"inLanguage":"en-US","potentialAction":[{"@type":"ReadAction","target":["https:\/\/www.festivalmandoline.fr\/en\/photo-gallery\/"]}]},{"@type":"BreadcrumbList","@id":"https:\/\/www.festivalmandoline.fr\/en\/photo-gallery\/#breadcrumb","itemListElement":[{"@type":"ListItem","position":1,"name":"Home","item":"https:\/\/www.festivalmandoline.fr\/en\/fimac-home\/"},{"@type":"ListItem","position":2,"name":"PHOTO GALLERY"}]},{"@type":"WebSite","@id":"https:\/\/www.festivalmandoline.fr\/en\/#website","url":"https:\/\/www.festivalmandoline.fr\/en\/","name":"Festival International de Mandoline Classique","description":"Du 17 au 19 avril 2026- NICE","publisher":{"@id":"https:\/\/www.festivalmandoline.fr\/en\/#organization"},"potentialAction":[{"@type":"SearchAction","target":{"@type":"EntryPoint","urlTemplate":"https:\/\/www.festivalmandoline.fr\/en\/?s={search_term_string}"},"query-input":{"@type":"PropertyValueSpecification","valueRequired":true,"valueName":"search_term_string"}}],"inLanguage":"en-US"},{"@type":"Organization","@id":"https:\/\/www.festivalmandoline.fr\/en\/#organization","name":"Festival International de Mandoline Classique","url":"https:\/\/www.festivalmandoline.fr\/en\/","logo":{"@type":"ImageObject","inLanguage":"en-US","@id":"https:\/\/www.festivalmandoline.fr\/en\/#\/schema\/logo\/image\/","url":"https:\/\/www.festivalmandoline.fr\/wp-content\/uploads\/2022\/03\/Logo-seul.jpg","contentUrl":"https:\/\/www.festivalmandoline.fr\/wp-content\/uploads\/2022\/03\/Logo-seul.jpg","width":487,"height":582,"caption":"Festival International de Mandoline Classique"},"image":{"@id":"https:\/\/www.festivalmandoline.fr\/en\/#\/schema\/logo\/image\/"},"sameAs":["https:\/\/www.facebook.com\/Festival.International.de.Mandoline.Castellar"]}]}},"_links":{"self":[{"href":"https:\/\/www.festivalmandoline.fr\/en\/wp-json\/wp\/v2\/pages\/8800","targetHints":{"allow":["GET"]}}],"collection":[{"href":"https:\/\/www.festivalmandoline.fr\/en\/wp-json\/wp\/v2\/pages"}],"about":[{"href":"https:\/\/www.festivalmandoline.fr\/en\/wp-json\/wp\/v2\/types\/page"}],"author":[{"embeddable":true,"href":"https:\/\/www.festivalmandoline.fr\/en\/wp-json\/wp\/v2\/users\/890"}],"replies":[{"embeddable":true,"href":"https:\/\/www.festivalmandoline.fr\/en\/wp-json\/wp\/v2\/comments?post=8800"}],"version-history":[{"count":0,"href":"https:\/\/www.festivalmandoline.fr\/en\/wp-json\/wp\/v2\/pages\/8800\/revisions"}],"wp:attachment":[{"href":"https:\/\/www.festivalmandoline.fr\/en\/wp-json\/wp\/v2\/media?parent=8800"}],"curies":[{"name":"wp","href":"https:\/\/api.w.org\/{rel}","templated":true}]}}