{"id":11844,"date":"2025-10-06T10:23:40","date_gmt":"2025-10-06T08:23:40","guid":{"rendered":"https:\/\/www.festivalmandoline.fr\/past-editions\/programme-2025-past-edition\/"},"modified":"2025-10-06T10:23:40","modified_gmt":"2025-10-06T08:23:40","slug":"programme-2025-past-edition","status":"publish","type":"page","link":"https:\/\/www.festivalmandoline.fr\/en\/past-editions\/programme-2025-past-edition\/","title":{"rendered":"Programme 2025 past edition"},"content":{"rendered":"<p>[et_pb_section fb_built=&#8221;1&#8243; admin_label=&#8221;Header page statique&#8221; _builder_version=&#8221;4.27.4&#8243; use_background_color_gradient=&#8221;on&#8221; background_color_gradient_stops=&#8221;rgba(1,17,77,0.28) 0%|rgba(1,17,77,0.85) 100%&#8221; background_color_gradient_overlays_image=&#8221;on&#8221; background_color_gradient_start=&#8221;rgba(1,17,77,0.28)&#8221; background_color_gradient_end=&#8221;rgba(1,17,77,0.85)&#8221; background_image=&#8221;https:\/\/www.festivalmandoline.fr\/wp-content\/uploads\/2016\/09\/devant-eglise.jpg&#8221; max_width_tablet=&#8221;&#8221; max_width_phone=&#8221;&#8221; max_width_last_edited=&#8221;on|phone&#8221; custom_margin=&#8221;4%|4%|-16%|4%|false|true&#8221; custom_margin_tablet=&#8221;0%|0px|0%|0px|false|true&#8221; custom_margin_phone=&#8221;&#8221; custom_margin_last_edited=&#8221;on|tablet&#8221; custom_padding=&#8221;0px|0px|0px|0px|true|true&#8221; box_shadow_style=&#8221;preset3&#8243; box_shadow_vertical=&#8221;40px&#8221; box_shadow_blur=&#8221;200px&#8221; box_shadow_spread=&#8221;-20px&#8221; box_shadow_vertical_tablet=&#8221;25px&#8221; box_shadow_vertical_phone=&#8221;20px&#8221; box_shadow_vertical_last_edited=&#8221;on|phone&#8221; box_shadow_blur_tablet=&#8221;100px&#8221; box_shadow_blur_phone=&#8221;50px&#8221; box_shadow_blur_last_edited=&#8221;on|phone&#8221; box_shadow_spread_tablet=&#8221;-20px&#8221; box_shadow_spread_phone=&#8221;-20px&#8221; box_shadow_spread_last_edited=&#8221;on|phone&#8221; global_colors_info=&#8221;{}&#8221;][et_pb_row custom_padding_last_edited=&#8221;on|desktop&#8221; padding_top_bottom_link_1=&#8221;true&#8221; padding_left_right_link_1=&#8221;true&#8221; _builder_version=&#8221;4.17.3&#8243; background_image=&#8221;https:\/\/www.festivalmandoline.fr\/wp-content\/uploads\/2022\/03\/wedding_engagement_37-3.png&#8221; background_position=&#8221;bottom_center&#8221; width=&#8221;100%&#8221; max_width=&#8221;100%&#8221; custom_margin=&#8221;||||false|false&#8221; custom_padding=&#8221;8%|60px|8%||true|false&#8221; custom_padding_tablet=&#8221;10%|0px|10%|0px|true|false&#8221; custom_padding_phone=&#8221;12%|0px|12%|0px|true|false&#8221; use_custom_width=&#8221;on&#8221; width_unit=&#8221;off&#8221; custom_width_percent=&#8221;100%&#8221; global_colors_info=&#8221;{}&#8221;][et_pb_column type=&#8221;4_4&#8243; _builder_version=&#8221;4.16&#8243; custom_padding=&#8221;0px|5vw|0px|5vw|true|false&#8221; custom_padding_tablet=&#8221;0vw||0vw||true|false&#8221; custom_padding_phone=&#8221;0vw||0vw||true|false&#8221; custom_padding_last_edited=&#8221;on|desktop&#8221; global_colors_info=&#8221;{}&#8221; custom_padding__hover=&#8221;|||&#8221;][et_pb_text _builder_version=&#8221;4.27.3&#8243; text_font=&#8221;Prata||||||||&#8221; text_text_color=&#8221;#FFFFFF&#8221; text_font_size=&#8221;85px&#8221; header_font_size=&#8221;85px&#8221; header_line_height=&#8221;1em&#8221; header_6_font=&#8221;|700||on|||||&#8221; header_6_letter_spacing=&#8221;0.5vw&#8221; header_6_line_height=&#8221;2em&#8221; width=&#8221;100%&#8221; max_width=&#8221;100%&#8221; max_width_tablet=&#8221;70%&#8221; max_width_last_edited=&#8221;off|phone&#8221; custom_margin=&#8221;||||false|false&#8221; custom_padding=&#8221;||||false|false&#8221; animation_style=&#8221;zoom&#8221; animation_intensity_zoom=&#8221;5%&#8221; text_font_size_tablet=&#8221;75px&#8221; text_font_size_phone=&#8221;55px&#8221; text_font_size_last_edited=&#8221;on|desktop&#8221; text_line_height_tablet=&#8221;1em&#8221; text_line_height_phone=&#8221;1.2em&#8221; text_line_height_last_edited=&#8221;on|tablet&#8221; header_font_size_tablet=&#8221;65px&#8221; header_font_size_phone=&#8221;45px&#8221; header_font_size_last_edited=&#8221;on|desktop&#8221; header_line_height_tablet=&#8221;1.2em&#8221; header_line_height_phone=&#8221;1.2em&#8221; header_line_height_last_edited=&#8221;on|desktop&#8221; text_orientation_tablet=&#8221;center&#8221; text_orientation_phone=&#8221;center&#8221; text_orientation_last_edited=&#8221;on|tablet&#8221; module_alignment_tablet=&#8221;center&#8221; module_alignment_phone=&#8221;center&#8221; module_alignment_last_edited=&#8221;on|tablet&#8221; global_colors_info=&#8221;{}&#8221;]Programme 2025<br \/>\n[\/et_pb_text][et_pb_text content_tablet=&#8221;   Festival International de Mandoline de Castellar   &#8221; content_phone=&#8221;   Festival International de Mandoline de Castellar   &#8221; content_last_edited=&#8221;off|desktop&#8221; _builder_version=&#8221;4.27.4&#8243; text_font=&#8221;Abhaya Libre||||||||&#8221; text_text_color=&#8221;#FFFFFF&#8221; text_font_size=&#8221;40px&#8221; header_font=&#8221;Abhaya Libre||||||||&#8221; header_text_color=&#8221;#FFFFFF&#8221; header_font_size=&#8221;40px&#8221; header_line_height=&#8221;1.5em&#8221; header_6_font=&#8221;|700||on|||||&#8221; header_6_letter_spacing=&#8221;0.5vw&#8221; header_6_line_height=&#8221;2em&#8221; width=&#8221;100%&#8221; width_tablet=&#8221;100%&#8221; width_phone=&#8221;100%&#8221; width_last_edited=&#8221;on|phone&#8221; max_width=&#8221;100%&#8221; max_width_tablet=&#8221;100%&#8221; max_width_phone=&#8221;100%&#8221; max_width_last_edited=&#8221;on|phone&#8221; custom_margin=&#8221;||||false|false&#8221; custom_margin_tablet=&#8221;||||false|false&#8221; custom_margin_phone=&#8221;||||false|false&#8221; custom_margin_last_edited=&#8221;on|desktop&#8221; custom_padding=&#8221;0%||||false|false&#8221; custom_padding_tablet=&#8221;0%||||false|false&#8221; custom_padding_phone=&#8221;0%|0%|||false|false&#8221; custom_padding_last_edited=&#8221;on|phone&#8221; animation_style=&#8221;zoom&#8221; animation_intensity_zoom=&#8221;5%&#8221; text_font_size_tablet=&#8221;35px&#8221; text_font_size_phone=&#8221;30px&#8221; text_font_size_last_edited=&#8221;on|desktop&#8221; text_line_height_tablet=&#8221;1.2em&#8221; text_line_height_phone=&#8221;1.2em&#8221; text_line_height_last_edited=&#8221;on|desktop&#8221; header_text_align_tablet=&#8221;center&#8221; header_text_align_phone=&#8221;center&#8221; header_text_align_last_edited=&#8221;on|tablet&#8221; header_font_size_tablet=&#8221;30px&#8221; header_font_size_phone=&#8221;25px&#8221; header_font_size_last_edited=&#8221;on|phone&#8221; header_line_height_tablet=&#8221;1.5em&#8221; header_line_height_phone=&#8221;1.2em&#8221; header_line_height_last_edited=&#8221;on|phone&#8221; text_orientation_tablet=&#8221;center&#8221; text_orientation_phone=&#8221;center&#8221; text_orientation_last_edited=&#8221;on|desktop&#8221; module_alignment_tablet=&#8221;center&#8221; module_alignment_phone=&#8221;center&#8221; module_alignment_last_edited=&#8221;on|tablet&#8221; global_colors_info=&#8221;{}&#8221;]<\/p>\n<p>&nbsp;<\/p>\n<p>International Classical Mandolin Festival<\/p>\n<p>[\/et_pb_text][\/et_pb_column][\/et_pb_row][\/et_pb_section][et_pb_section fb_built=&#8221;1&#8243; custom_padding_last_edited=&#8221;on|phone&#8221; padding_top_1=&#8221;120px&#8221; padding_top_bottom_link_1=&#8221;false&#8221; padding_left_right_link_1=&#8221;false&#8221; _builder_version=&#8221;4.17.3&#8243; _module_preset=&#8221;default&#8221; background_color=&#8221;#F8F4F3&#8243; custom_margin=&#8221;||||false|false&#8221; custom_padding=&#8221;||2%||false|false&#8221; custom_padding_tablet=&#8221;||0%||false|false&#8221; custom_padding_phone=&#8221;||0%||false|false&#8221; global_colors_info=&#8221;{}&#8221;][et_pb_row custom_padding_last_edited=&#8221;on|tablet&#8221; _builder_version=&#8221;4.17.3&#8243; _module_preset=&#8221;default&#8221; max_width=&#8221;100%&#8221; module_alignment=&#8221;center&#8221; custom_margin=&#8221;16%|auto||auto|false|false&#8221; custom_margin_tablet=&#8221;0%||||false|false&#8221; custom_margin_phone=&#8221;0%||||false|false&#8221; custom_margin_last_edited=&#8221;on|tablet&#8221; custom_padding_tablet=&#8221;0px||0px||false|false&#8221; custom_padding_phone=&#8221;0px||0px||false|false&#8221; global_colors_info=&#8221;{}&#8221;][et_pb_column type=&#8221;4_4&#8243; _builder_version=&#8221;4.16&#8243; _module_preset=&#8221;default&#8221; global_colors_info=&#8221;{}&#8221;][et_pb_text content_tablet=&#8221;   Programme du 21 au 23 juillet   &#8221; content_phone=&#8221;   Programme du 21 au 23 juillet   &#8221; content_last_edited=&#8221;off|desktop&#8221; _builder_version=&#8221;4.27.3&#8243; text_font=&#8221;||||||||&#8221; text_line_height=&#8221;2em&#8221; header_font=&#8221;||||||||&#8221; header_2_font=&#8221;Prata||||||||&#8221; header_2_font_size=&#8221;45px&#8221; header_2_line_height=&#8221;1.5em&#8221; text_orientation=&#8221;center&#8221; width_tablet=&#8221;100%&#8221; width_phone=&#8221;65%&#8221; width_last_edited=&#8221;on|phone&#8221; max_width_tablet=&#8221;100%&#8221; max_width_phone=&#8221;100%&#8221; max_width_last_edited=&#8221;on|tablet&#8221; custom_margin=&#8221;||0px||false|false&#8221; header_2_font_size_tablet=&#8221;35px&#8221; header_2_font_size_phone=&#8221;25px&#8221; header_2_font_size_last_edited=&#8221;on|desktop&#8221; module_alignment_tablet=&#8221;&#8221; module_alignment_phone=&#8221;center&#8221; module_alignment_last_edited=&#8221;on|phone&#8221; locked=&#8221;off&#8221; global_colors_info=&#8221;{}&#8221;]<\/p>\n<h1><span style=\"color: #003300;\"><strong>Program from April 11 to 13<\/strong><\/span><\/h1>\n<p>[\/et_pb_text][et_pb_text _builder_version=&#8221;4.27.3&#8243; _module_preset=&#8221;da86b6f0-f83c-4c7c-bdd8-3019777ddffe&#8221; text_font=&#8221;||||||||&#8221; text_text_color=&#8221;#01114D&#8221; text_orientation=&#8221;center&#8221; width=&#8221;80%&#8221; width_tablet=&#8221;100%&#8221; width_phone=&#8221;100%&#8221; width_last_edited=&#8221;on|tablet&#8221; max_width=&#8221;100%&#8221; module_alignment=&#8221;center&#8221; custom_margin=&#8221;||||false|false&#8221; custom_margin_tablet=&#8221;2%||||false|false&#8221; custom_margin_phone=&#8221;4%||||false|false&#8221; custom_margin_last_edited=&#8221;on|phone&#8221; custom_padding=&#8221;||||false|false&#8221; text_font_size_tablet=&#8221;15px&#8221; text_font_size_phone=&#8221;14px&#8221; text_font_size_last_edited=&#8221;on|desktop&#8221; global_colors_info=&#8221;{}&#8221;]Discover the full program for this 16th edition of FIMAC! Internationally renowned artists and up-and-coming talents will perform on the festival stages over 3 days.<br \/>\n[\/et_pb_text][\/et_pb_column][\/et_pb_row][et_pb_row column_structure=&#8221;1_4,1_4,1_2&#8243; custom_padding_last_edited=&#8221;on|phone&#8221; _builder_version=&#8221;4.27.3&#8243; _module_preset=&#8221;default&#8221; max_width=&#8221;100%&#8221; custom_margin=&#8221;2%||||false|false&#8221; custom_padding_tablet=&#8221;&#8221; custom_padding_phone=&#8221;4%||||false|false&#8221; global_colors_info=&#8221;{}&#8221;][et_pb_column type=&#8221;1_4&#8243; _builder_version=&#8221;4.16&#8243; _module_preset=&#8221;default&#8221; global_colors_info=&#8221;{}&#8221;][et_pb_blurb title=&#8221;11&#8243; _builder_version=&#8221;4.27.3&#8243; _module_preset=&#8221;dab8ae77-843d-4934-a7b3-8e57f832b52c&#8221; header_font=&#8221;Prata|700|||||||&#8221; header_text_color=&#8221;#00A19B&#8221; header_font_size=&#8221;45px&#8221; body_font=&#8221;Oxygen|700||on|||||&#8221; body_text_color=&#8221;#01114D&#8221; body_font_size=&#8221;22px&#8221; body_letter_spacing=&#8221;1px&#8221; background_color=&#8221;#FFFFFF&#8221; text_orientation=&#8221;center&#8221; custom_margin=&#8221;|2vw||2vw|false|true&#8221; custom_margin_tablet=&#8221;4%|8vw||8vw|false|true&#8221; custom_margin_phone=&#8221;|22vw||22vw|false|true&#8221; custom_margin_last_edited=&#8221;on|tablet&#8221; custom_padding=&#8221;2vw||2vw||true|true&#8221; custom_padding_tablet=&#8221;3vw||3vw||true|true&#8221; custom_padding_phone=&#8221;4vw||4vw||true|true&#8221; custom_padding_last_edited=&#8221;on|phone&#8221; header_font_size_tablet=&#8221;40px&#8221; header_font_size_phone=&#8221;30px&#8221; header_font_size_last_edited=&#8221;on|tablet&#8221; body_font_size_tablet=&#8221;20px&#8221; body_font_size_phone=&#8221;16px&#8221; body_font_size_last_edited=&#8221;on|tablet&#8221; body_line_height_tablet=&#8221;&#8221; body_line_height_phone=&#8221;1.4em&#8221; body_line_height_last_edited=&#8221;on|phone&#8221; border_width_top=&#8221;10px&#8221; border_color_top=&#8221;#AA4899&#8243; box_shadow_style=&#8221;preset3&#8243; box_shadow_vertical=&#8221;20px&#8221; box_shadow_blur=&#8221;50px&#8221; box_shadow_spread=&#8221;-20px&#8221; global_colors_info=&#8221;{}&#8221;]APRIL<br \/>\n[\/et_pb_blurb][\/et_pb_column][et_pb_column type=&#8221;1_4&#8243; disabled_on=&#8221;on|off|off&#8221; _builder_version=&#8221;4.17.3&#8243; _module_preset=&#8221;default&#8221; global_colors_info=&#8221;{}&#8221;][et_pb_image src=&#8221;https:\/\/www.festivalmandoline.fr\/wp-content\/uploads\/2025\/01\/Gertrud-et-Thorsten-reduite.jpg&#8221; title_text=&#8221;Gertrud et Thorsten r\u00e9duite&#8221; src_tablet=&#8221;https:\/\/www.festivalmandoline.fr\/wp-content\/uploads\/2025\/01\/Gertrud-et-Thorsten-reduite.jpg&#8221; src_phone=&#8221;https:\/\/www.festivalmandoline.fr\/wp-content\/uploads\/2019\/11\/Vivaldi-Sabine.jpg&#8221; src_last_edited=&#8221;on|tablet&#8221; disabled_on=&#8221;on|off|off&#8221; _builder_version=&#8221;4.27.4&#8243; _module_preset=&#8221;default&#8221; width_tablet=&#8221;85%&#8221; width_phone=&#8221;85%&#8221; width_last_edited=&#8221;on|tablet&#8221; locked=&#8221;off&#8221; global_colors_info=&#8221;{}&#8221;][\/et_pb_image][\/et_pb_column][et_pb_column type=&#8221;1_2&#8243; _builder_version=&#8221;4.16&#8243; _module_preset=&#8221;default&#8221; global_colors_info=&#8221;{}&#8221;][et_pb_text _builder_version=&#8221;4.27.4&#8243; _module_preset=&#8221;default&#8221; text_text_color=&#8221;#00A19B&#8221; header_3_font=&#8221;Prata||||||||&#8221; header_3_text_color=&#8221;#00A19B&#8221; header_3_font_size=&#8221;24px&#8221; custom_margin=&#8221;||2%||false|false&#8221; custom_margin_tablet=&#8221;||2%||false|false&#8221; custom_margin_phone=&#8221;||2%||false|false&#8221; custom_margin_last_edited=&#8221;on|phone&#8221; custom_padding=&#8221;||0px||false|false&#8221; header_3_font_size_tablet=&#8221;22px&#8221; header_3_font_size_phone=&#8221;20px&#8221; header_3_font_size_last_edited=&#8221;on|phone&#8221; global_colors_info=&#8221;{}&#8221;]<\/p>\n<h3>OUR FAVORITES<\/h3>\n<p>[\/et_pb_text][et_pb_text _builder_version=&#8221;4.27.4&#8243; _module_preset=&#8221;534cc526-6274-4e31-9e1a-7f18a5947bf1&#8243; header_4_font=&#8221;Oxygen|||on|||||&#8221; header_4_text_color=&#8221;#951B80&#8243; header_4_font_size=&#8221;14px&#8221; header_4_letter_spacing=&#8221;1px&#8221; header_4_line_height=&#8221;1.2em&#8221; custom_margin=&#8221;||0px||false|false&#8221; header_4_text_align_tablet=&#8221;center&#8221; header_4_text_align_phone=&#8221;center&#8221; header_4_text_align_last_edited=&#8221;on|phone&#8221; header_4_font_size_tablet=&#8221;14px&#8221; header_4_font_size_phone=&#8221;&#8221; header_4_font_size_last_edited=&#8221;on|tablet&#8221; header_4_line_height_tablet=&#8221;1.2em&#8221; header_4_line_height_phone=&#8221;1.8em&#8221; header_4_line_height_last_edited=&#8221;on|phone&#8221; locked=&#8221;off&#8221; global_colors_info=&#8221;{}&#8221;]<\/p>\n<h4><span style=\"color: #951b80;\">Friday, April 11, 2025 &#8211; 7:00 pm &#8211; Palais de l&#8217;Agriculture &#8211; Nice<\/span><\/h4>\n<p>[\/et_pb_text][et_pb_text _builder_version=&#8221;4.27.4&#8243; _module_preset=&#8221;41d5859c-fbaa-458a-88e4-5d886857f235&#8243; text_font=&#8221;Oxygen||||||||&#8221; text_text_color=&#8221;#01114D&#8221; text_line_height=&#8221;2em&#8221; custom_margin=&#8221;||1vw||false|false&#8221; custom_padding=&#8221;||||false|false&#8221; text_font_size_tablet=&#8221;15px&#8221; text_font_size_phone=&#8221;14px&#8221; text_font_size_last_edited=&#8221;on|tablet&#8221; text_orientation_tablet=&#8221;center&#8221; text_orientation_phone=&#8221;center&#8221; text_orientation_last_edited=&#8221;on|phone&#8221; locked=&#8221;off&#8221; global_colors_info=&#8221;{}&#8221;]<\/p>\n<p style=\"text-align: justify;\">A sort of &#8220;best-of&#8221; repertoire for mandolin and guitar: that&#8217;s how you could describe the program for this concert. Skilfully blending original works and arrangements by Italian, Spanish, English, American and Japanese composers, Gertrud Weyhofen and Thorsten Dr\u00fccker have selected pages that will enable the audience to appreciate the diverse sound possibilities of their instruments and their union. <\/p>\n<p>[\/et_pb_text][\/et_pb_column][\/et_pb_row][et_pb_row column_structure=&#8221;1_4,1_4,1_2&#8243; custom_padding_last_edited=&#8221;on|phone&#8221; _builder_version=&#8221;4.27.3&#8243; _module_preset=&#8221;default&#8221; max_width=&#8221;100%&#8221; custom_margin=&#8221;2%||||false|false&#8221; custom_padding_tablet=&#8221;&#8221; custom_padding_phone=&#8221;4%||||false|false&#8221; global_colors_info=&#8221;{}&#8221;][et_pb_column type=&#8221;1_4&#8243; _builder_version=&#8221;4.16&#8243; _module_preset=&#8221;default&#8221; global_colors_info=&#8221;{}&#8221;][et_pb_blurb title=&#8221;12&#8243; _builder_version=&#8221;4.27.3&#8243; _module_preset=&#8221;dab8ae77-843d-4934-a7b3-8e57f832b52c&#8221; header_font=&#8221;Prata|700|||||||&#8221; header_text_color=&#8221;#00A19B&#8221; header_font_size=&#8221;45px&#8221; body_font=&#8221;Oxygen|700||on|||||&#8221; body_text_color=&#8221;#01114D&#8221; body_font_size=&#8221;22px&#8221; body_letter_spacing=&#8221;1px&#8221; background_color=&#8221;#FFFFFF&#8221; text_orientation=&#8221;center&#8221; custom_margin=&#8221;|2vw||2vw|false|true&#8221; custom_margin_tablet=&#8221;4%|8vw||8vw|false|true&#8221; custom_margin_phone=&#8221;|22vw||22vw|false|true&#8221; custom_margin_last_edited=&#8221;on|tablet&#8221; custom_padding=&#8221;2vw||2vw||true|true&#8221; custom_padding_tablet=&#8221;3vw||3vw||true|true&#8221; custom_padding_phone=&#8221;4vw||4vw||true|true&#8221; custom_padding_last_edited=&#8221;on|phone&#8221; header_font_size_tablet=&#8221;40px&#8221; header_font_size_phone=&#8221;30px&#8221; header_font_size_last_edited=&#8221;on|tablet&#8221; body_font_size_tablet=&#8221;20px&#8221; body_font_size_phone=&#8221;16px&#8221; body_font_size_last_edited=&#8221;on|tablet&#8221; body_line_height_tablet=&#8221;&#8221; body_line_height_phone=&#8221;1.4em&#8221; body_line_height_last_edited=&#8221;on|phone&#8221; border_width_top=&#8221;10px&#8221; border_color_top=&#8221;#AA4899&#8243; box_shadow_style=&#8221;preset3&#8243; box_shadow_vertical=&#8221;20px&#8221; box_shadow_blur=&#8221;50px&#8221; box_shadow_spread=&#8221;-20px&#8221; global_colors_info=&#8221;{}&#8221;]APRIL<br \/>\n[\/et_pb_blurb][\/et_pb_column][et_pb_column type=&#8221;1_4&#8243; disabled_on=&#8221;on|off|off&#8221; _builder_version=&#8221;4.17.3&#8243; _module_preset=&#8221;default&#8221; global_colors_info=&#8221;{}&#8221;][et_pb_image src=&#8221;https:\/\/www.festivalmandoline.fr\/wp-content\/uploads\/2025\/01\/Joel-pour-site-internet.jpg&#8221; title_text=&#8221;Jo\u00ebl pour site internet&#8221; _builder_version=&#8221;4.27.4&#8243; _module_preset=&#8221;default&#8221; global_colors_info=&#8221;{}&#8221;][\/et_pb_image][\/et_pb_column][et_pb_column type=&#8221;1_2&#8243; _builder_version=&#8221;4.16&#8243; _module_preset=&#8221;default&#8221; global_colors_info=&#8221;{}&#8221;][et_pb_text _builder_version=&#8221;4.27.3&#8243; _module_preset=&#8221;default&#8221; text_text_color=&#8221;#00A19B&#8221; header_3_font=&#8221;Prata||||||||&#8221; header_3_text_color=&#8221;#00A19B&#8221; header_3_font_size=&#8221;24px&#8221; custom_margin=&#8221;||2%||false|false&#8221; custom_margin_tablet=&#8221;||2%||false|false&#8221; custom_margin_phone=&#8221;||2%||false|false&#8221; custom_margin_last_edited=&#8221;on|phone&#8221; custom_padding=&#8221;||0px||false|false&#8221; header_3_font_size_tablet=&#8221;22px&#8221; header_3_font_size_phone=&#8221;20px&#8221; header_3_font_size_last_edited=&#8221;on|phone&#8221; global_colors_info=&#8221;{}&#8221;]<\/p>\n<h3>CONFERENCE<\/h3>\n<p>[\/et_pb_text][et_pb_text _builder_version=&#8221;4.27.4&#8243; _module_preset=&#8221;534cc526-6274-4e31-9e1a-7f18a5947bf1&#8243; header_4_font=&#8221;Oxygen|||on|||||&#8221; header_4_text_color=&#8221;#951B80&#8243; header_4_font_size=&#8221;14px&#8221; header_4_letter_spacing=&#8221;1px&#8221; header_4_line_height=&#8221;1.2em&#8221; custom_margin=&#8221;||0px||false|false&#8221; header_4_text_align_tablet=&#8221;center&#8221; header_4_text_align_phone=&#8221;center&#8221; header_4_text_align_last_edited=&#8221;on|phone&#8221; header_4_font_size_tablet=&#8221;14px&#8221; header_4_font_size_phone=&#8221;&#8221; header_4_font_size_last_edited=&#8221;on|tablet&#8221; header_4_line_height_tablet=&#8221;1.2em&#8221; header_4_line_height_phone=&#8221;1.8em&#8221; header_4_line_height_last_edited=&#8221;on|phone&#8221; locked=&#8221;off&#8221; global_colors_info=&#8221;{}&#8221;]<\/p>\n<h4><span style=\"color: #951b80;\">Saturday, April 12, 2025 &#8211; 10:00 am &#8211; Palais de l&#8217;Agriculture<\/span><\/h4>\n<p>[\/et_pb_text][et_pb_text _builder_version=&#8221;4.27.4&#8243; _module_preset=&#8221;41d5859c-fbaa-458a-88e4-5d886857f235&#8243; text_font=&#8221;Oxygen||||||||&#8221; text_text_color=&#8221;#01114D&#8221; text_line_height=&#8221;2em&#8221; custom_margin=&#8221;||1vw||false|false&#8221; custom_padding=&#8221;||||false|false&#8221; text_font_size_tablet=&#8221;15px&#8221; text_font_size_phone=&#8221;14px&#8221; text_font_size_last_edited=&#8221;on|tablet&#8221; text_orientation_tablet=&#8221;center&#8221; text_orientation_phone=&#8221;center&#8221; text_orientation_last_edited=&#8221;on|phone&#8221; locked=&#8221;off&#8221; global_colors_info=&#8221;{}&#8221;]<\/p>\n<p style=\"text-align: justify;\">In the early Cubist works of Georges Braque and Pablo Picasso, the guitar and mandolin occupy a central place, symbolizing both the break with traditional perspective and the exploration of the decomposition of forms. These instruments, often represented in fragments and from different angles, embody the desire to grasp the object in its multiplicity, while introducing the notion of simultaneity. They become privileged objects for experimenting with the reduction of volumes and surfaces, while anchoring cubism in a tactile and sonic dimension. These works mark the interaction between painting and music, redefining the limits of visual art.   <\/p>\n<p>[\/et_pb_text][\/et_pb_column][\/et_pb_row][et_pb_row column_structure=&#8221;1_4,1_4,1_2&#8243; custom_padding_last_edited=&#8221;on|phone&#8221; _builder_version=&#8221;4.17.3&#8243; _module_preset=&#8221;default&#8221; max_width=&#8221;100%&#8221; custom_margin=&#8221;2%||||false|false&#8221; custom_margin_tablet=&#8221;2%||||false|false&#8221; custom_margin_phone=&#8221;0%||||false|false&#8221; custom_margin_last_edited=&#8221;on|phone&#8221; custom_padding_tablet=&#8221;&#8221; custom_padding_phone=&#8221;4%||||false|false&#8221; global_colors_info=&#8221;{}&#8221;][et_pb_column type=&#8221;1_4&#8243; _builder_version=&#8221;4.16&#8243; _module_preset=&#8221;default&#8221; global_colors_info=&#8221;{}&#8221;][et_pb_blurb title=&#8221;12&#8243; _builder_version=&#8221;4.27.3&#8243; _module_preset=&#8221;dab8ae77-843d-4934-a7b3-8e57f832b52c&#8221; header_font=&#8221;Prata|700|||||||&#8221; header_text_color=&#8221;#00A19B&#8221; header_font_size=&#8221;45px&#8221; body_font=&#8221;Oxygen|700||on|||||&#8221; body_text_color=&#8221;#01114D&#8221; body_font_size=&#8221;22px&#8221; body_letter_spacing=&#8221;1px&#8221; background_color=&#8221;#FFFFFF&#8221; text_orientation=&#8221;center&#8221; custom_margin=&#8221;|2vw||2vw|false|true&#8221; custom_margin_tablet=&#8221;4%|8vw||8vw|false|true&#8221; custom_margin_phone=&#8221;|22vw||22vw|false|true&#8221; custom_margin_last_edited=&#8221;on|tablet&#8221; custom_padding=&#8221;2vw||2vw||true|true&#8221; custom_padding_tablet=&#8221;3vw||3vw||true|true&#8221; custom_padding_phone=&#8221;4vw||4vw||true|true&#8221; custom_padding_last_edited=&#8221;on|phone&#8221; header_font_size_tablet=&#8221;40px&#8221; header_font_size_phone=&#8221;30px&#8221; header_font_size_last_edited=&#8221;on|tablet&#8221; body_font_size_tablet=&#8221;20px&#8221; body_font_size_phone=&#8221;16px&#8221; body_font_size_last_edited=&#8221;on|tablet&#8221; body_line_height_tablet=&#8221;&#8221; body_line_height_phone=&#8221;1.4em&#8221; body_line_height_last_edited=&#8221;on|phone&#8221; border_width_top=&#8221;10px&#8221; border_color_top=&#8221;#AA4899&#8243; box_shadow_style=&#8221;preset3&#8243; box_shadow_vertical=&#8221;20px&#8221; box_shadow_blur=&#8221;50px&#8221; box_shadow_spread=&#8221;-20px&#8221; global_colors_info=&#8221;{}&#8221;]APRIL<br \/>\n[\/et_pb_blurb][\/et_pb_column][et_pb_column type=&#8221;1_4&#8243; disabled_on=&#8221;on|off|off&#8221; _builder_version=&#8221;4.17.3&#8243; _module_preset=&#8221;default&#8221; global_colors_info=&#8221;{}&#8221;][et_pb_image src=&#8221;https:\/\/www.festivalmandoline.fr\/wp-content\/uploads\/2022\/05\/mandoline-2015.jpg&#8221; alt=&#8221;concert mandoline programmation 2022 FIMAC&#8221; title_text=&#8221;mandoline 2015&#8243; src_tablet=&#8221;https:\/\/www.festivalmandoline.fr\/wp-content\/uploads\/2022\/05\/mandoline-2015.jpg&#8221; src_phone=&#8221;https:\/\/www.festivalmandoline.fr\/wp-content\/uploads\/2019\/11\/Vivaldi-Sabine.jpg&#8221; src_last_edited=&#8221;on|tablet&#8221; disabled_on=&#8221;on|off|off&#8221; _builder_version=&#8221;4.27.4&#8243; _module_preset=&#8221;default&#8221; width_tablet=&#8221;85%&#8221; width_phone=&#8221;85%&#8221; width_last_edited=&#8221;on|tablet&#8221; custom_padding=&#8221;1px|||||&#8221; locked=&#8221;off&#8221; global_colors_info=&#8221;{}&#8221;][\/et_pb_image][\/et_pb_column][et_pb_column type=&#8221;1_2&#8243; _builder_version=&#8221;4.16&#8243; _module_preset=&#8221;default&#8221; global_colors_info=&#8221;{}&#8221;][et_pb_text _builder_version=&#8221;4.27.3&#8243; _module_preset=&#8221;default&#8221; text_text_color=&#8221;#00A19B&#8221; header_3_font=&#8221;Prata||||||||&#8221; header_3_text_color=&#8221;#00A19B&#8221; header_3_font_size=&#8221;24px&#8221; custom_margin=&#8221;||2%||false|false&#8221; custom_margin_tablet=&#8221;||2%||false|false&#8221; custom_margin_phone=&#8221;||2%||false|false&#8221; custom_margin_last_edited=&#8221;on|phone&#8221; custom_padding=&#8221;||0px||false|false&#8221; header_3_font_size_tablet=&#8221;22px&#8221; header_3_font_size_phone=&#8221;20px&#8221; header_3_font_size_last_edited=&#8221;on|phone&#8221; global_colors_info=&#8221;{}&#8221;]<\/p>\n<h3>YOUNG TALENT CONCERT<\/h3>\n<p>[\/et_pb_text][et_pb_text _builder_version=&#8221;4.27.4&#8243; _module_preset=&#8221;534cc526-6274-4e31-9e1a-7f18a5947bf1&#8243; header_4_font=&#8221;Oxygen|||on|||||&#8221; header_4_text_color=&#8221;#951B80&#8243; header_4_font_size=&#8221;14px&#8221; header_4_letter_spacing=&#8221;1px&#8221; header_4_line_height=&#8221;1.2em&#8221; custom_margin=&#8221;||0px||false|false&#8221; header_4_text_align_tablet=&#8221;center&#8221; header_4_text_align_phone=&#8221;center&#8221; header_4_text_align_last_edited=&#8221;on|phone&#8221; header_4_font_size_tablet=&#8221;14px&#8221; header_4_font_size_phone=&#8221;&#8221; header_4_font_size_last_edited=&#8221;on|tablet&#8221; header_4_line_height_tablet=&#8221;1.2em&#8221; header_4_line_height_phone=&#8221;1.8em&#8221; header_4_line_height_last_edited=&#8221;on|phone&#8221; locked=&#8221;off&#8221; global_colors_info=&#8221;{}&#8221;]<\/p>\n<h4><span style=\"color: #951b80;\">Saturday, April 12, 2025 &#8211; 11:00 am &#8211; Free admission<\/span><\/h4>\n<p>[\/et_pb_text][et_pb_text _builder_version=&#8221;4.27.4&#8243; _module_preset=&#8221;41d5859c-fbaa-458a-88e4-5d886857f235&#8243; text_font=&#8221;Oxygen||||||||&#8221; text_text_color=&#8221;#01114D&#8221; text_line_height=&#8221;2em&#8221; custom_margin=&#8221;||1vw||false|false&#8221; custom_padding=&#8221;||||false|false&#8221; text_font_size_tablet=&#8221;15px&#8221; text_font_size_phone=&#8221;14px&#8221; text_font_size_last_edited=&#8221;on|tablet&#8221; text_orientation_tablet=&#8221;center&#8221; text_orientation_phone=&#8221;center&#8221; text_orientation_last_edited=&#8221;on|phone&#8221; locked=&#8221;off&#8221; global_colors_info=&#8221;{}&#8221;]<\/p>\n<p style=\"text-align: justify;\">Since its inception, FIMAC has made it a point of honor to unearth and promote the talents of tomorrow. The &#8220;Jeunes Talents&#8221; concert is now a not-to-be-missed event, showcasing the virtuosity and sensitivity of promising young artists. Through a varied repertoire of Baroque and contemporary masterpieces, these young musicians offer audiences a performance full of emotion, passion and technical mastery. This concert is a rare opportunity to see the new generation of mandolinists blossom, in a context that combines tradition and innovation. An unmissable event for music lovers and newcomers alike!    <\/p>\n<p>[\/et_pb_text][\/et_pb_column][\/et_pb_row][et_pb_row column_structure=&#8221;1_4,1_4,1_2&#8243; custom_padding_last_edited=&#8221;on|phone&#8221; _builder_version=&#8221;4.17.3&#8243; _module_preset=&#8221;default&#8221; max_width=&#8221;100%&#8221; custom_margin=&#8221;2%||||false|false&#8221; custom_margin_tablet=&#8221;2%||||false|false&#8221; custom_margin_phone=&#8221;0%||||false|false&#8221; custom_margin_last_edited=&#8221;on|phone&#8221; custom_padding_tablet=&#8221;&#8221; custom_padding_phone=&#8221;4%||||false|false&#8221; global_colors_info=&#8221;{}&#8221;][et_pb_column type=&#8221;1_4&#8243; _builder_version=&#8221;4.16&#8243; _module_preset=&#8221;default&#8221; global_colors_info=&#8221;{}&#8221;][et_pb_blurb title=&#8221;12&#8243; _builder_version=&#8221;4.27.3&#8243; _module_preset=&#8221;dab8ae77-843d-4934-a7b3-8e57f832b52c&#8221; header_font=&#8221;Prata|700|||||||&#8221; header_text_color=&#8221;#00A19B&#8221; header_font_size=&#8221;45px&#8221; body_font=&#8221;Oxygen|700||on|||||&#8221; body_text_color=&#8221;#01114D&#8221; body_font_size=&#8221;22px&#8221; body_letter_spacing=&#8221;1px&#8221; background_color=&#8221;#FFFFFF&#8221; text_orientation=&#8221;center&#8221; custom_margin=&#8221;|2vw||2vw|false|true&#8221; custom_margin_tablet=&#8221;4%|8vw||8vw|false|true&#8221; custom_margin_phone=&#8221;|22vw||22vw|false|true&#8221; custom_margin_last_edited=&#8221;on|tablet&#8221; custom_padding=&#8221;2vw||2vw||true|true&#8221; custom_padding_tablet=&#8221;3vw||3vw||true|true&#8221; custom_padding_phone=&#8221;4vw||4vw||true|true&#8221; custom_padding_last_edited=&#8221;on|phone&#8221; header_font_size_tablet=&#8221;40px&#8221; header_font_size_phone=&#8221;30px&#8221; header_font_size_last_edited=&#8221;on|tablet&#8221; body_font_size_tablet=&#8221;20px&#8221; body_font_size_phone=&#8221;16px&#8221; body_font_size_last_edited=&#8221;on|tablet&#8221; body_line_height_tablet=&#8221;&#8221; body_line_height_phone=&#8221;1.4em&#8221; body_line_height_last_edited=&#8221;on|phone&#8221; border_width_top=&#8221;10px&#8221; border_color_top=&#8221;#AA4899&#8243; box_shadow_style=&#8221;preset3&#8243; box_shadow_vertical=&#8221;20px&#8221; box_shadow_blur=&#8221;50px&#8221; box_shadow_spread=&#8221;-20px&#8221; global_colors_info=&#8221;{}&#8221;]APRIL<br \/>\n[\/et_pb_blurb][\/et_pb_column][et_pb_column type=&#8221;1_4&#8243; disabled_on=&#8221;on|off|off&#8221; _builder_version=&#8221;4.17.3&#8243; _module_preset=&#8221;default&#8221; global_colors_info=&#8221;{}&#8221;][et_pb_image src=&#8221;https:\/\/www.festivalmandoline.fr\/wp-content\/uploads\/2025\/01\/Page-1-Une-chose-de-Schubert.jpg&#8221; alt=&#8221;Duo La Corda mandolin and guitar at the Castellar International Mandolin Festival&#8221; title_text=&#8221;Page 1 Une chose de Schubert&#8221; src_tablet=&#8221;https:\/\/www.festivalmandoline.fr\/wp-content\/uploads\/2025\/01\/Page-1-Une-chose-de-Schubert.jpg&#8221; src_phone=&#8221;https:\/\/www.festivalmandoline.fr\/wp-content\/uploads\/2019\/11\/Vivaldi-Sabine.jpg&#8221; src_last_edited=&#8221;on|tablet&#8221; disabled_on=&#8221;on|off|off&#8221; _builder_version=&#8221;4.27.4&#8243; _module_preset=&#8221;default&#8221; width_tablet=&#8221;85%&#8221; width_phone=&#8221;85%&#8221; width_last_edited=&#8221;on|tablet&#8221; locked=&#8221;off&#8221; global_colors_info=&#8221;{}&#8221;][\/et_pb_image][\/et_pb_column][et_pb_column type=&#8221;1_2&#8243; _builder_version=&#8221;4.16&#8243; _module_preset=&#8221;default&#8221; global_colors_info=&#8221;{}&#8221;][et_pb_text _builder_version=&#8221;4.27.4&#8243; _module_preset=&#8221;default&#8221; text_text_color=&#8221;#00A19B&#8221; header_3_font=&#8221;Prata||||||||&#8221; header_3_text_color=&#8221;#00A19B&#8221; header_3_font_size=&#8221;24px&#8221; custom_margin=&#8221;||2%||false|false&#8221; custom_margin_tablet=&#8221;||2%||false|false&#8221; custom_margin_phone=&#8221;||2%||false|false&#8221; custom_margin_last_edited=&#8221;on|phone&#8221; custom_padding=&#8221;||0px||false|false&#8221; header_3_font_size_tablet=&#8221;22px&#8221; header_3_font_size_phone=&#8221;20px&#8221; header_3_font_size_last_edited=&#8221;on|phone&#8221; global_colors_info=&#8221;{}&#8221;]<\/p>\n<h3>&#8220;UNE CHOSE DE SCHUBERT&#8221; Marcel Proust<\/h3>\n<p>[\/et_pb_text][et_pb_text _builder_version=&#8221;4.27.4&#8243; _module_preset=&#8221;534cc526-6274-4e31-9e1a-7f18a5947bf1&#8243; header_4_font=&#8221;Oxygen|||on|||||&#8221; header_4_text_color=&#8221;#951B80&#8243; header_4_font_size=&#8221;14px&#8221; header_4_letter_spacing=&#8221;1px&#8221; header_4_line_height=&#8221;1.2em&#8221; custom_margin=&#8221;||0px||false|false&#8221; header_4_text_align_tablet=&#8221;center&#8221; header_4_text_align_phone=&#8221;center&#8221; header_4_text_align_last_edited=&#8221;on|phone&#8221; header_4_font_size_tablet=&#8221;14px&#8221; header_4_font_size_phone=&#8221;&#8221; header_4_font_size_last_edited=&#8221;on|tablet&#8221; header_4_line_height_tablet=&#8221;1.2em&#8221; header_4_line_height_phone=&#8221;1.8em&#8221; header_4_line_height_last_edited=&#8221;on|phone&#8221; locked=&#8221;off&#8221; global_colors_info=&#8221;{}&#8221;]<\/p>\n<h4><span style=\"color: #951b80;\">Saturday, April 12, 2025 &#8211; 7:00 PM &#8211; Palais de l&#8217;Agriculture<\/span><\/h4>\n<p>[\/et_pb_text][et_pb_text _builder_version=&#8221;4.27.4&#8243; _module_preset=&#8221;41d5859c-fbaa-458a-88e4-5d886857f235&#8243; text_font=&#8221;Oxygen||||||||&#8221; text_text_color=&#8221;#01114D&#8221; text_line_height=&#8221;2em&#8221; custom_margin=&#8221;||1vw||false|false&#8221; custom_padding=&#8221;||0px||false|false&#8221; text_font_size_tablet=&#8221;15px&#8221; text_font_size_phone=&#8221;14px&#8221; text_font_size_last_edited=&#8221;on|tablet&#8221; text_orientation_tablet=&#8221;center&#8221; text_orientation_phone=&#8221;center&#8221; text_orientation_last_edited=&#8221;on|phone&#8221; locked=&#8221;off&#8221; global_colors_info=&#8221;{}&#8221;]<\/p>\n<p style=\"text-align: justify;\">Immerse yourself with the musicians of Ensemble Benzaiten in the world of this imaginary salon, where Schubert&#8217;s notes and Proust&#8217;s words meet and intertwine. The Arpeggione Sonata and Trio, Op.100 blend with Proustian fragments, where every note and phrase reveals a subtle and profound musicality. This original show invites you to imagine your own personal Vinteuil. A spellbinding moment, both intimate and universal, exploring the hidden beauty of time and the human soul.   <\/p>\n<p>[\/et_pb_text][\/et_pb_column][\/et_pb_row][et_pb_row column_structure=&#8221;1_4,1_4,1_2&#8243; custom_padding_last_edited=&#8221;on|phone&#8221; _builder_version=&#8221;4.17.3&#8243; _module_preset=&#8221;default&#8221; max_width=&#8221;100%&#8221; custom_margin=&#8221;2%||||false|false&#8221; custom_margin_tablet=&#8221;2%||||false|false&#8221; custom_margin_phone=&#8221;0%||||false|false&#8221; custom_margin_last_edited=&#8221;on|phone&#8221; custom_padding_tablet=&#8221;&#8221; custom_padding_phone=&#8221;4%||||false|false&#8221; global_colors_info=&#8221;{}&#8221;][et_pb_column type=&#8221;1_4&#8243; _builder_version=&#8221;4.16&#8243; _module_preset=&#8221;default&#8221; global_colors_info=&#8221;{}&#8221;][et_pb_blurb title=&#8221;12 &#8211; 13&#8243; _builder_version=&#8221;4.27.3&#8243; _module_preset=&#8221;dab8ae77-843d-4934-a7b3-8e57f832b52c&#8221; header_font=&#8221;Prata|700|||||||&#8221; header_text_color=&#8221;#00A19B&#8221; header_font_size=&#8221;45px&#8221; body_font=&#8221;Oxygen|700||on|||||&#8221; body_text_color=&#8221;#01114D&#8221; body_font_size=&#8221;22px&#8221; body_letter_spacing=&#8221;1px&#8221; background_color=&#8221;#FFFFFF&#8221; text_orientation=&#8221;center&#8221; custom_margin=&#8221;|2vw||2vw|false|true&#8221; custom_margin_tablet=&#8221;4%|8vw||8vw|false|true&#8221; custom_margin_phone=&#8221;|22vw||22vw|false|true&#8221; custom_margin_last_edited=&#8221;on|tablet&#8221; custom_padding=&#8221;2vw||2vw||true|true&#8221; custom_padding_tablet=&#8221;3vw||3vw||true|true&#8221; custom_padding_phone=&#8221;4vw||4vw||true|true&#8221; custom_padding_last_edited=&#8221;on|phone&#8221; header_font_size_tablet=&#8221;40px&#8221; header_font_size_phone=&#8221;30px&#8221; header_font_size_last_edited=&#8221;on|tablet&#8221; body_font_size_tablet=&#8221;20px&#8221; body_font_size_phone=&#8221;16px&#8221; body_font_size_last_edited=&#8221;on|tablet&#8221; body_line_height_tablet=&#8221;&#8221; body_line_height_phone=&#8221;1.4em&#8221; body_line_height_last_edited=&#8221;on|phone&#8221; border_width_top=&#8221;10px&#8221; border_color_top=&#8221;#AA4899&#8243; box_shadow_style=&#8221;preset3&#8243; box_shadow_vertical=&#8221;20px&#8221; box_shadow_blur=&#8221;50px&#8221; box_shadow_spread=&#8221;-20px&#8221; global_colors_info=&#8221;{}&#8221;]APRIL<br \/>\n[\/et_pb_blurb][\/et_pb_column][et_pb_column type=&#8221;1_4&#8243; disabled_on=&#8221;on|off|off&#8221; _builder_version=&#8221;4.17.3&#8243; _module_preset=&#8221;default&#8221; global_colors_info=&#8221;{}&#8221;][et_pb_image src=&#8221;https:\/\/www.festivalmandoline.fr\/wp-content\/uploads\/2025\/01\/Mandolin.jpg&#8221; alt=&#8221;Duo La Corda mandolin and guitar at the Castellar International Mandolin Festival&#8221; title_text=&#8221;Mandolin&#8221; src_tablet=&#8221;https:\/\/www.festivalmandoline.fr\/wp-content\/uploads\/2025\/01\/Mandolin.jpg&#8221; src_phone=&#8221;https:\/\/www.festivalmandoline.fr\/wp-content\/uploads\/2019\/11\/Vivaldi-Sabine.jpg&#8221; src_last_edited=&#8221;on|tablet&#8221; disabled_on=&#8221;on|off|off&#8221; _builder_version=&#8221;4.27.4&#8243; _module_preset=&#8221;default&#8221; width_tablet=&#8221;85%&#8221; width_phone=&#8221;85%&#8221; width_last_edited=&#8221;on|tablet&#8221; locked=&#8221;off&#8221; global_colors_info=&#8221;{}&#8221;][\/et_pb_image][\/et_pb_column][et_pb_column type=&#8221;1_2&#8243; _builder_version=&#8221;4.16&#8243; _module_preset=&#8221;default&#8221; global_colors_info=&#8221;{}&#8221;][et_pb_text _builder_version=&#8221;4.27.3&#8243; _module_preset=&#8221;default&#8221; text_text_color=&#8221;#00A19B&#8221; header_3_font=&#8221;Prata||||||||&#8221; header_3_text_color=&#8221;#00A19B&#8221; header_3_font_size=&#8221;24px&#8221; custom_margin=&#8221;||2%||false|false&#8221; custom_margin_tablet=&#8221;||2%||false|false&#8221; custom_margin_phone=&#8221;||2%||false|false&#8221; custom_margin_last_edited=&#8221;on|phone&#8221; custom_padding=&#8221;||0px||false|false&#8221; header_3_font_size_tablet=&#8221;22px&#8221; header_3_font_size_phone=&#8221;20px&#8221; header_3_font_size_last_edited=&#8221;on|phone&#8221; global_colors_info=&#8221;{}&#8221;]<\/p>\n<h3>AROUND THE FESTIVAL<\/h3>\n<p>[\/et_pb_text][et_pb_text _builder_version=&#8221;4.27.4&#8243; _module_preset=&#8221;534cc526-6274-4e31-9e1a-7f18a5947bf1&#8243; header_4_font=&#8221;Oxygen|||on|||||&#8221; header_4_text_color=&#8221;#951B80&#8243; header_4_font_size=&#8221;14px&#8221; header_4_letter_spacing=&#8221;1px&#8221; header_4_line_height=&#8221;1.2em&#8221; custom_margin=&#8221;||0px||false|false&#8221; header_4_text_align_tablet=&#8221;center&#8221; header_4_text_align_phone=&#8221;center&#8221; header_4_text_align_last_edited=&#8221;on|phone&#8221; header_4_font_size_tablet=&#8221;14px&#8221; header_4_font_size_phone=&#8221;&#8221; header_4_font_size_last_edited=&#8221;on|tablet&#8221; header_4_line_height_tablet=&#8221;1.2em&#8221; header_4_line_height_phone=&#8221;1.8em&#8221; header_4_line_height_last_edited=&#8221;on|phone&#8221; locked=&#8221;off&#8221; global_colors_info=&#8221;{}&#8221;]<\/p>\n<h4><span style=\"color: #951b80;\">Saturday 12th and Sunday 13th April 2025 &#8211; Palais de l&#8217;Agriculture<\/span><\/h4>\n<p>[\/et_pb_text][et_pb_text _builder_version=&#8221;4.27.4&#8243; _module_preset=&#8221;41d5859c-fbaa-458a-88e4-5d886857f235&#8243; text_font=&#8221;Oxygen||||||||&#8221; text_text_color=&#8221;#01114D&#8221; text_line_height=&#8221;2em&#8221; custom_margin=&#8221;||1vw||false|false&#8221; custom_padding=&#8221;||0px||false|false&#8221; text_font_size_tablet=&#8221;15px&#8221; text_font_size_phone=&#8221;14px&#8221; text_font_size_last_edited=&#8221;on|tablet&#8221; text_orientation_tablet=&#8221;center&#8221; text_orientation_phone=&#8221;center&#8221; text_orientation_last_edited=&#8221;on|phone&#8221; locked=&#8221;off&#8221; global_colors_info=&#8221;{}&#8221;]<\/p>\n<p style=\"text-align: justify;\">Numerous events will take place alongside the concerts during the festival: workshops, masterclasses, meetings and public rehearsals, offering an enriching and privileged experience for visitors, who will be able to interact informally with the artists present throughout the two days in a convivial setting.<\/p>\n<p>[\/et_pb_text][\/et_pb_column][\/et_pb_row][et_pb_row column_structure=&#8221;1_4,1_4,1_2&#8243; custom_padding_last_edited=&#8221;on|phone&#8221; _builder_version=&#8221;4.17.3&#8243; _module_preset=&#8221;default&#8221; max_width=&#8221;100%&#8221; custom_margin=&#8221;2%||||false|false&#8221; custom_margin_tablet=&#8221;2%||||false|false&#8221; custom_margin_phone=&#8221;0%||||false|false&#8221; custom_margin_last_edited=&#8221;on|phone&#8221; custom_padding_tablet=&#8221;&#8221; custom_padding_phone=&#8221;4%||||false|false&#8221; global_colors_info=&#8221;{}&#8221;][et_pb_column type=&#8221;1_4&#8243; _builder_version=&#8221;4.16&#8243; _module_preset=&#8221;default&#8221; global_colors_info=&#8221;{}&#8221;][et_pb_blurb title=&#8221;13&#8243; _builder_version=&#8221;4.27.3&#8243; _module_preset=&#8221;dab8ae77-843d-4934-a7b3-8e57f832b52c&#8221; header_font=&#8221;Prata|700|||||||&#8221; header_text_color=&#8221;#00A19B&#8221; header_font_size=&#8221;45px&#8221; body_font=&#8221;Oxygen|700||on|||||&#8221; body_text_color=&#8221;#01114D&#8221; body_font_size=&#8221;22px&#8221; body_letter_spacing=&#8221;1px&#8221; background_color=&#8221;#FFFFFF&#8221; text_orientation=&#8221;center&#8221; custom_margin=&#8221;|2vw||2vw|false|true&#8221; custom_margin_tablet=&#8221;4%|8vw||8vw|false|true&#8221; custom_margin_phone=&#8221;|22vw||22vw|false|true&#8221; custom_margin_last_edited=&#8221;on|tablet&#8221; custom_padding=&#8221;2vw||2vw||true|true&#8221; custom_padding_tablet=&#8221;3vw||3vw||true|true&#8221; custom_padding_phone=&#8221;4vw||4vw||true|true&#8221; custom_padding_last_edited=&#8221;on|phone&#8221; header_font_size_tablet=&#8221;40px&#8221; header_font_size_phone=&#8221;30px&#8221; header_font_size_last_edited=&#8221;on|tablet&#8221; body_font_size_tablet=&#8221;20px&#8221; body_font_size_phone=&#8221;16px&#8221; body_font_size_last_edited=&#8221;on|tablet&#8221; body_line_height_tablet=&#8221;&#8221; body_line_height_phone=&#8221;1.4em&#8221; body_line_height_last_edited=&#8221;on|phone&#8221; border_width_top=&#8221;10px&#8221; border_color_top=&#8221;#AA4899&#8243; box_shadow_style=&#8221;preset3&#8243; box_shadow_vertical=&#8221;20px&#8221; box_shadow_blur=&#8221;50px&#8221; box_shadow_spread=&#8221;-20px&#8221; global_colors_info=&#8221;{}&#8221;]April<br \/>\n[\/et_pb_blurb][\/et_pb_column][et_pb_column type=&#8221;1_4&#8243; disabled_on=&#8221;on|off|off&#8221; _builder_version=&#8221;4.17.3&#8243; _module_preset=&#8221;default&#8221; global_colors_info=&#8221;{}&#8221;][et_pb_image src=&#8221;https:\/\/www.festivalmandoline.fr\/wp-content\/uploads\/2025\/01\/duo-Lyra-reduite.jpg&#8221; alt=&#8221;Amy Blake artist 2022 of FIMAC&#8221; title_text=&#8221;duo Lyra r\u00e9duite&#8221; src_tablet=&#8221;https:\/\/www.festivalmandoline.fr\/wp-content\/uploads\/2025\/01\/duo-Lyra-reduite.jpg&#8221; src_phone=&#8221;https:\/\/www.festivalmandoline.fr\/wp-content\/uploads\/2019\/11\/Vivaldi-Sabine.jpg&#8221; src_last_edited=&#8221;on|tablet&#8221; disabled_on=&#8221;on|off|off&#8221; _builder_version=&#8221;4.27.4&#8243; _module_preset=&#8221;default&#8221; width_tablet=&#8221;85%&#8221; width_phone=&#8221;85%&#8221; width_last_edited=&#8221;on|tablet&#8221; custom_padding=&#8221;|||8px||&#8221; locked=&#8221;off&#8221; global_colors_info=&#8221;{}&#8221;][\/et_pb_image][\/et_pb_column][et_pb_column type=&#8221;1_2&#8243; _builder_version=&#8221;4.16&#8243; _module_preset=&#8221;default&#8221; global_colors_info=&#8221;{}&#8221;][et_pb_text _builder_version=&#8221;4.27.3&#8243; _module_preset=&#8221;default&#8221; text_text_color=&#8221;#00A19B&#8221; header_3_font=&#8221;Prata||||||||&#8221; header_3_text_color=&#8221;#00A19B&#8221; header_3_font_size=&#8221;24px&#8221; custom_margin=&#8221;||2%||false|false&#8221; custom_margin_tablet=&#8221;||2%||false|false&#8221; custom_margin_phone=&#8221;||2%||false|false&#8221; custom_margin_last_edited=&#8221;on|phone&#8221; custom_padding=&#8221;||0px||false|false&#8221; header_3_font_size_tablet=&#8221;22px&#8221; header_3_font_size_phone=&#8221;20px&#8221; header_3_font_size_last_edited=&#8221;on|phone&#8221; global_colors_info=&#8221;{}&#8221;]<\/p>\n<h3>A THOUSAND COLORS<\/h3>\n<p>[\/et_pb_text][et_pb_text _builder_version=&#8221;4.27.4&#8243; _module_preset=&#8221;534cc526-6274-4e31-9e1a-7f18a5947bf1&#8243; header_4_font=&#8221;Oxygen|||on|||||&#8221; header_4_text_color=&#8221;#951B80&#8243; header_4_font_size=&#8221;14px&#8221; header_4_letter_spacing=&#8221;1px&#8221; header_4_line_height=&#8221;1.2em&#8221; custom_margin=&#8221;||0px||false|false&#8221; header_4_text_align_tablet=&#8221;center&#8221; header_4_text_align_phone=&#8221;center&#8221; header_4_text_align_last_edited=&#8221;on|phone&#8221; header_4_font_size_tablet=&#8221;14px&#8221; header_4_font_size_phone=&#8221;&#8221; header_4_font_size_last_edited=&#8221;on|tablet&#8221; header_4_line_height_tablet=&#8221;1.2em&#8221; header_4_line_height_phone=&#8221;1.8em&#8221; header_4_line_height_last_edited=&#8221;on|phone&#8221; locked=&#8221;off&#8221; global_colors_info=&#8221;{}&#8221;]<\/p>\n<h4><span style=\"color: #951b80;\">Sunday, April 13, 2025 &#8211; 4:00 pm &#8211; Palais de l&#8217;Agriculture<\/span><\/h4>\n<p>[\/et_pb_text][et_pb_text _builder_version=&#8221;4.27.3&#8243; _module_preset=&#8221;41d5859c-fbaa-458a-88e4-5d886857f235&#8243; text_font=&#8221;Oxygen||||||||&#8221; text_text_color=&#8221;#01114D&#8221; text_line_height=&#8221;2em&#8221; custom_margin=&#8221;||1vw||false|false&#8221; custom_padding=&#8221;||||false|false&#8221; text_font_size_tablet=&#8221;15px&#8221; text_font_size_phone=&#8221;14px&#8221; text_font_size_last_edited=&#8221;on|tablet&#8221; text_orientation_tablet=&#8221;center&#8221; text_orientation_phone=&#8221;center&#8221; text_orientation_last_edited=&#8221;on|phone&#8221; locked=&#8221;off&#8221; global_colors_info=&#8221;{}&#8221;]In 2021, in Li\u00e8ge, Manon Opavska and Tony Coullet formed Duo Lyra, a group with a daring repertoire that transcends traditional musical boundaries and instrumental codes. Together, they explore a multi-faceted universe of sound: classical music, jazz, rock, French chanson and contemporary creation. A sonic voyage where audacity and creativity are at the heart of every moment!<br \/>\n[\/et_pb_text][\/et_pb_column][\/et_pb_row][\/et_pb_section][et_pb_section fb_built=&#8221;1&#8243; custom_padding_last_edited=&#8221;on|phone&#8221; admin_label=&#8221;En soir plus sur le FIMAC&#8221; _builder_version=&#8221;4.17.3&#8243; _module_preset=&#8221;default&#8221; background_color=&#8221;#F8F4F3&#8243; custom_margin=&#8221;0px||||false|false&#8221; custom_margin_tablet=&#8221;0px||||false|false&#8221; custom_margin_phone=&#8221;0px||||false|false&#8221; custom_margin_last_edited=&#8221;on|phone&#8221; custom_padding=&#8221;0%||0px||false|false&#8221; custom_padding_tablet=&#8221;4%||||false|false&#8221; custom_padding_phone=&#8221;6%||0px||false|false&#8221; global_colors_info=&#8221;{}&#8221;][et_pb_row custom_padding_last_edited=&#8221;on|phone&#8221; _builder_version=&#8221;4.17.3&#8243; width_tablet=&#8221;80%&#8221; width_phone=&#8221;80%&#8221; width_last_edited=&#8221;on|tablet&#8221; max_width_tablet=&#8221;100%&#8221; max_width_phone=&#8221;100%&#8221; max_width_last_edited=&#8221;on|tablet&#8221; custom_margin=&#8221;||||false|false&#8221; custom_margin_tablet=&#8221;0%||||false|false&#8221; custom_margin_phone=&#8221;0%||||false|false&#8221; custom_margin_last_edited=&#8221;on|tablet&#8221; custom_padding_tablet=&#8221;0px||||false|false&#8221; custom_padding_phone=&#8221;0px||||false|false&#8221; global_colors_info=&#8221;{}&#8221;][et_pb_column type=&#8221;4_4&#8243; _builder_version=&#8221;4.16&#8243; custom_padding=&#8221;|||&#8221; global_colors_info=&#8221;{}&#8221; custom_padding__hover=&#8221;|||&#8221;][et_pb_text content_tablet=&#8221;   En savoir plus sur le FIMAC   &#8221; content_phone=&#8221;   En savoir plus sur le FIMAC   &#8221; content_last_edited=&#8221;off|desktop&#8221; _builder_version=&#8221;4.17.4&#8243; text_font=&#8221;||||||||&#8221; text_line_height=&#8221;2em&#8221; header_font=&#8221;||||||||&#8221; header_2_font=&#8221;Prata||||||||&#8221; header_2_font_size=&#8221;45px&#8221; header_2_line_height=&#8221;1.5em&#8221; text_orientation=&#8221;center&#8221; width_tablet=&#8221;100%&#8221; width_phone=&#8221;65%&#8221; width_last_edited=&#8221;on|tablet&#8221; max_width_tablet=&#8221;100%&#8221; max_width_phone=&#8221;100%&#8221; max_width_last_edited=&#8221;on|tablet&#8221; custom_margin=&#8221;||0px||false|false&#8221; header_2_font_size_tablet=&#8221;35px&#8221; header_2_font_size_phone=&#8221;25px&#8221; header_2_font_size_last_edited=&#8221;on|desktop&#8221; module_alignment_tablet=&#8221;&#8221; module_alignment_phone=&#8221;center&#8221; module_alignment_last_edited=&#8221;on|phone&#8221; locked=&#8221;off&#8221; global_colors_info=&#8221;{}&#8221;]Know more about FIMAC<br \/>\n[\/et_pb_text][et_pb_text _builder_version=&#8221;4.17.3&#8243; _module_preset=&#8221;da86b6f0-f83c-4c7c-bdd8-3019777ddffe&#8221; text_font=&#8221;||||||||&#8221; text_text_color=&#8221;#01114D&#8221; text_orientation=&#8221;center&#8221; width=&#8221;80%&#8221; width_tablet=&#8221;100%&#8221; width_phone=&#8221;100%&#8221; width_last_edited=&#8221;on|tablet&#8221; max_width=&#8221;100%&#8221; module_alignment=&#8221;center&#8221; custom_margin=&#8221;||||false|false&#8221; custom_margin_tablet=&#8221;2%||||false|false&#8221; custom_margin_phone=&#8221;4%||||false|false&#8221; custom_margin_last_edited=&#8221;on|phone&#8221; custom_padding=&#8221;||||false|false&#8221; text_font_size_tablet=&#8221;15px&#8221; text_font_size_phone=&#8221;14px&#8221; text_font_size_last_edited=&#8221;on|desktop&#8221; global_colors_info=&#8221;{}&#8221;]Who are we ? Since when does Castellar International Mandolin Festival exist? What is the upcoming program? Discover behind the scenes of FIMAC!<br \/>\n[\/et_pb_text][\/et_pb_column][\/et_pb_row][et_pb_row column_structure=&#8221;1_3,1_3,1_3&#8243; use_custom_gutter=&#8221;on&#8221; custom_padding_last_edited=&#8221;on|phone&#8221; admin_label=&#8221;En savoir plus sur le FIMAC&#8221; _builder_version=&#8221;4.17.3&#8243; _module_preset=&#8221;default&#8221; max_width=&#8221;100%&#8221; custom_margin_tablet=&#8221;&#8221; custom_margin_phone=&#8221;||||false|false&#8221; custom_margin_last_edited=&#8221;on|phone&#8221; custom_padding_tablet=&#8221;0px||||false|false&#8221; custom_padding_phone=&#8221;0px||||false|false&#8221; global_colors_info=&#8221;{}&#8221;][et_pb_column type=&#8221;1_3&#8243; _builder_version=&#8221;4.16.1&#8243; _module_preset=&#8221;default&#8221; global_colors_info=&#8221;{}&#8221;][et_pb_image src=&#8221;https:\/\/www.festivalmandoline.fr\/wp-content\/uploads\/2022\/05\/Sabine-Marine-et-OCC.jpg&#8221; alt=&#8221;Concert mandoline Castellar 2018&#8243; title_text=&#8221;Sabine-Marine-et-OCC&#8221; url=&#8221;https:\/\/www.festivalmandoline.fr\/festival-international-mandoline-castellar-a-propos\/&#8221; disabled_on=&#8221;on|on|off&#8221; _builder_version=&#8221;4.17.4&#8243; _module_preset=&#8221;default&#8221; global_colors_info=&#8221;{}&#8221;][\/et_pb_image][et_pb_text admin_label=&#8221;Direction artistique&#8221; _builder_version=&#8221;4.27.4&#8243; text_font=&#8221;||||||||&#8221; text_font_size=&#8221;14px&#8221; text_line_height=&#8221;1.5em&#8221; header_font=&#8221;||||||||&#8221; header_3_font=&#8221;Prata||||||||&#8221; header_3_text_align=&#8221;center&#8221; header_3_font_size=&#8221;24px&#8221; header_3_line_height=&#8221;1.8em&#8221; header_4_font=&#8221;Oxygen||||||||&#8221; header_4_text_color=&#8221;#951B80&#8243; header_4_letter_spacing=&#8221;1px&#8221; header_5_font=&#8221;Oxygen|700||on|||||&#8221; header_5_text_color=&#8221;#00A19B&#8221; header_5_font_size=&#8221;12px&#8221; header_5_letter_spacing=&#8221;1px&#8221; background_color=&#8221;#ffffff&#8221; width=&#8221;80%&#8221; width_tablet=&#8221;100%&#8221; width_phone=&#8221;100%&#8221; width_last_edited=&#8221;on|phone&#8221; max_width=&#8221;100%&#8221; module_alignment=&#8221;center&#8221; custom_margin=&#8221;-25%||||false|true&#8221; custom_margin_tablet=&#8221;0%||2%||false|true&#8221; custom_margin_phone=&#8221;0%||||false|true&#8221; custom_margin_last_edited=&#8221;on|phone&#8221; custom_padding=&#8221;25px|25px|25px|25px|true|true&#8221; custom_padding_tablet=&#8221;35px|40px|35px|40px|true|true&#8221; custom_padding_phone=&#8221;30px|30px|30px|30px|true|true&#8221; custom_padding_last_edited=&#8221;on|phone&#8221; link_option_url=&#8221;https:\/\/www.festivalmandoline.fr\/festival-international-mandoline-castellar-a-propos\/&#8221; text_font_size_tablet=&#8221;14px&#8221; text_font_size_phone=&#8221;&#8221; text_font_size_last_edited=&#8221;on|tablet&#8221; header_3_font_size_tablet=&#8221;22px&#8221; header_3_font_size_phone=&#8221;20px&#8221; header_3_font_size_last_edited=&#8221;on|phone&#8221; border_color_all=&#8221;#00A19B&#8221; border_width_top=&#8221;10px&#8221; border_color_top=&#8221;#AA4899&#8243; box_shadow_style=&#8221;preset3&#8243; box_shadow_vertical=&#8221;20px&#8221; box_shadow_blur=&#8221;100px&#8221; box_shadow_spread=&#8221;-20px&#8221; box_shadow_blur_tablet=&#8221;50px&#8221; box_shadow_blur_phone=&#8221;25px&#8221; box_shadow_blur_last_edited=&#8221;on|phone&#8221; locked=&#8221;off&#8221; global_colors_info=&#8221;{}&#8221;]<\/p>\n<h4 style=\"text-align: center;\">About<\/h4>\n<p>[\/et_pb_text][\/et_pb_column][et_pb_column type=&#8221;1_3&#8243; _builder_version=&#8221;4.16.1&#8243; _module_preset=&#8221;default&#8221; global_colors_info=&#8221;{}&#8221;][et_pb_image src=&#8221;https:\/\/www.festivalmandoline.fr\/wp-content\/uploads\/2022\/05\/Concert-mandoline-e%CC%81glise-FIMAC-2017.jpg&#8221; alt=&#8221;Concert de mandoline \u00e9glise de Castellar FIMAC 2017&#8243; title_text=&#8221;Concert mandoline e\u0301glise FIMAC 2017&#8243; url=&#8221;https:\/\/www.festivalmandoline.fr\/artistes-2022\/&#8221; disabled_on=&#8221;on|on|off&#8221; _builder_version=&#8221;4.17.4&#8243; _module_preset=&#8221;default&#8221; global_colors_info=&#8221;{}&#8221;][\/et_pb_image][et_pb_text admin_label=&#8221;Artistes 2023&#8243; _builder_version=&#8221;4.27.4&#8243; text_font=&#8221;||||||||&#8221; text_font_size=&#8221;14px&#8221; text_line_height=&#8221;1.5em&#8221; header_font=&#8221;||||||||&#8221; header_3_font=&#8221;Prata||||||||&#8221; header_3_text_align=&#8221;center&#8221; header_3_font_size=&#8221;24px&#8221; header_3_line_height=&#8221;1.8em&#8221; header_4_font=&#8221;Oxygen||||||||&#8221; header_4_text_color=&#8221;#951B80&#8243; header_4_letter_spacing=&#8221;1px&#8221; header_5_font=&#8221;Oxygen|700||on|||||&#8221; header_5_text_color=&#8221;#00A19B&#8221; header_5_font_size=&#8221;12px&#8221; header_5_letter_spacing=&#8221;1px&#8221; background_color=&#8221;#ffffff&#8221; width=&#8221;80%&#8221; width_tablet=&#8221;100%&#8221; width_phone=&#8221;100%&#8221; width_last_edited=&#8221;on|phone&#8221; max_width=&#8221;100%&#8221; module_alignment=&#8221;center&#8221; custom_margin=&#8221;-25%||||false|true&#8221; custom_margin_tablet=&#8221;0%||2%||false|true&#8221; custom_margin_phone=&#8221;0%||||false|true&#8221; custom_margin_last_edited=&#8221;on|tablet&#8221; custom_padding=&#8221;25px|25px|25px|25px|true|true&#8221; custom_padding_tablet=&#8221;30px|30px|30px|30px|true|true&#8221; custom_padding_phone=&#8221;30px|30px|30px|30px|true|true&#8221; custom_padding_last_edited=&#8221;on|phone&#8221; link_option_url=&#8221;https:\/\/www.festivalmandoline.fr\/artistes-2025\/&#8221; text_font_size_tablet=&#8221;14px&#8221; text_font_size_phone=&#8221;&#8221; text_font_size_last_edited=&#8221;on|tablet&#8221; header_3_font_size_tablet=&#8221;22px&#8221; header_3_font_size_phone=&#8221;20px&#8221; header_3_font_size_last_edited=&#8221;on|desktop&#8221; border_color_all=&#8221;#00A19B&#8221; border_width_top=&#8221;10px&#8221; border_color_top=&#8221;#AA4899&#8243; box_shadow_style=&#8221;preset3&#8243; box_shadow_vertical=&#8221;20px&#8221; box_shadow_blur=&#8221;100px&#8221; box_shadow_spread=&#8221;-20px&#8221; box_shadow_blur_tablet=&#8221;50px&#8221; box_shadow_blur_phone=&#8221;25px&#8221; box_shadow_blur_last_edited=&#8221;on|phone&#8221; locked=&#8221;off&#8221; global_colors_info=&#8221;{}&#8221;]<\/p>\n<h4 style=\"text-align: center;\">Artists 2025<\/h4>\n<p>[\/et_pb_text][\/et_pb_column][et_pb_column type=&#8221;1_3&#8243; _builder_version=&#8221;4.16.1&#8243; _module_preset=&#8221;default&#8221; global_colors_info=&#8221;{}&#8221;][et_pb_image src=&#8221;https:\/\/www.festivalmandoline.fr\/wp-content\/uploads\/2022\/05\/Sabine-Marze%CC%81-et-Vincent-Beer-FIMAC-2019.jpg&#8221; alt=&#8221;Sabinne MArze et Vincent Beer au FIMAC 2019&#8243; title_text=&#8221;Sabine-Marze\u0301-et-Vincent-Beer-FIMAC-2019&#8243; url=&#8221;https:\/\/www.festivalmandoline.fr\/tarifs-reservations\/&#8221; disabled_on=&#8221;on|on|off&#8221; _builder_version=&#8221;4.17.4&#8243; _module_preset=&#8221;default&#8221; global_colors_info=&#8221;{}&#8221;][\/et_pb_image][et_pb_text admin_label=&#8221;Editions pr\u00e9c\u00e9dentes&#8221; _builder_version=&#8221;4.27.4&#8243; text_font=&#8221;||||||||&#8221; text_font_size=&#8221;14px&#8221; text_line_height=&#8221;1.5em&#8221; header_font=&#8221;||||||||&#8221; header_3_font=&#8221;Prata||||||||&#8221; header_3_text_align=&#8221;center&#8221; header_3_font_size=&#8221;24px&#8221; header_3_line_height=&#8221;1.8em&#8221; header_4_font=&#8221;Oxygen||||||||&#8221; header_4_text_color=&#8221;#951B80&#8243; header_4_letter_spacing=&#8221;1px&#8221; header_5_font=&#8221;Oxygen|700||on|||||&#8221; header_5_text_color=&#8221;#00A19B&#8221; header_5_font_size=&#8221;12px&#8221; header_5_letter_spacing=&#8221;1px&#8221; background_color=&#8221;#ffffff&#8221; width=&#8221;80%&#8221; width_tablet=&#8221;100%&#8221; width_phone=&#8221;100%&#8221; width_last_edited=&#8221;on|phone&#8221; max_width=&#8221;100%&#8221; module_alignment=&#8221;center&#8221; custom_margin=&#8221;-25%||||false|true&#8221; custom_margin_tablet=&#8221;0%||||false|true&#8221; custom_margin_phone=&#8221;0%||||false|true&#8221; custom_margin_last_edited=&#8221;on|tablet&#8221; custom_padding=&#8221;25px|25px|25px|25px|true|true&#8221; custom_padding_tablet=&#8221;30px|30px|30px|30px|true|true&#8221; custom_padding_phone=&#8221;30px|30px|30px|30px|true|true&#8221; custom_padding_last_edited=&#8221;on|phone&#8221; link_option_url=&#8221;https:\/\/www.festivalmandoline.fr\/tarifs-reservations\/&#8221; text_font_size_tablet=&#8221;14px&#8221; text_font_size_phone=&#8221;&#8221; text_font_size_last_edited=&#8221;on|tablet&#8221; header_3_font_size_tablet=&#8221;22px&#8221; header_3_font_size_phone=&#8221;20px&#8221; header_3_font_size_last_edited=&#8221;on|tablet&#8221; border_color_all=&#8221;#00A19B&#8221; border_width_top=&#8221;10px&#8221; border_color_top=&#8221;#AA4899&#8243; box_shadow_style=&#8221;preset3&#8243; box_shadow_vertical=&#8221;20px&#8221; box_shadow_blur=&#8221;100px&#8221; box_shadow_spread=&#8221;-20px&#8221; box_shadow_blur_tablet=&#8221;50px&#8221; box_shadow_blur_phone=&#8221;25px&#8221; box_shadow_blur_last_edited=&#8221;on|phone&#8221; locked=&#8221;off&#8221; global_colors_info=&#8221;{}&#8221;]<\/p>\n<h4 style=\"text-align: center;\">Princing and Tickets<\/h4>\n<p>[\/et_pb_text][\/et_pb_column][\/et_pb_row][\/et_pb_section][et_pb_section fb_built=&#8221;1&#8243; _builder_version=&#8221;4.17.1&#8243; _module_preset=&#8221;default&#8221; background_color=&#8221;#FFFFFF&#8221; background_color_gradient_start=&#8221;#ffffff&#8221; background_color_gradient_end=&#8221;rgba(248,244,243,0.31)&#8221; background_enable_image=&#8221;off&#8221; custom_margin=&#8221;-15vw||||false|false&#8221; custom_padding=&#8221;12vw||0px||false|false&#8221; top_divider_color=&#8221;#F8F4F3&#8243; top_divider_flip=&#8221;horizontal&#8221; bottom_divider_color=&#8221;#F8F4F3&#8243; bottom_divider_height=&#8221;152px&#8221; bottom_divider_repeat=&#8221;1x&#8221; global_colors_info=&#8221;{}&#8221;][et_pb_row column_structure=&#8221;1_4,1_4,1_2&#8243; use_custom_gutter=&#8221;on&#8221; gutter_width=&#8221;2&#8243; _builder_version=&#8221;4.16&#8243; max_width=&#8221;100%&#8221; custom_margin=&#8221;6%||||false|false&#8221; locked=&#8221;off&#8221; global_colors_info=&#8221;{}&#8221;][et_pb_column type=&#8221;1_4&#8243; _builder_version=&#8221;4.16&#8243; custom_padding=&#8221;|||&#8221; global_colors_info=&#8221;{}&#8221; custom_padding__hover=&#8221;|||&#8221;][et_pb_icon font_icon=&#8221;\uf1ea||fa||400&#8243; icon_color=&#8221;#00A19B&#8221; icon_width=&#8221;75px&#8221; _builder_version=&#8221;4.16&#8243; _module_preset=&#8221;default&#8221; custom_margin_tablet=&#8221;&#8221; custom_margin_phone=&#8221;||4%||false|false&#8221; custom_margin_last_edited=&#8221;on|phone&#8221; global_colors_info=&#8221;{}&#8221;][\/et_pb_icon][et_pb_text _builder_version=&#8221;4.16&#8243; text_font=&#8221;||||||||&#8221; text_line_height=&#8221;2em&#8221; header_font=&#8221;||||||||&#8221; header_3_font=&#8221;Prata||||||||&#8221; header_3_font_size=&#8221;24px&#8221; header_3_line_height=&#8221;1.3em&#8221; text_orientation=&#8221;center&#8221; custom_margin_tablet=&#8221;&#8221; custom_margin_phone=&#8221;||4%||false|false&#8221; custom_margin_last_edited=&#8221;on|phone&#8221; text_font_size_tablet=&#8221;14px&#8221; text_font_size_phone=&#8221;&#8221; text_font_size_last_edited=&#8221;on|tablet&#8221; header_3_font_size_tablet=&#8221;22px&#8221; header_3_font_size_phone=&#8221;&#8221; header_3_font_size_last_edited=&#8221;on|desktop&#8221; locked=&#8221;off&#8221; global_colors_info=&#8221;{}&#8221;]Newsletter<\/p>\n<p>Keep up to date with FIMAC news!<br \/>\n[\/et_pb_text][et_pb_button button_url=&#8221;https:\/\/festivalmandoline.fr\/newsletter&#8221; button_text=&#8221;S&#8217;inscrire&#8221; button_alignment=&#8221;center&#8221; _builder_version=&#8221;4.17.4&#8243; custom_button=&#8221;on&#8221; button_text_size=&#8221;12px&#8221; button_text_color=&#8221;#FFFFFF&#8221; button_bg_color=&#8221;#aa4899&#8243; button_border_color=&#8221;rgba(0,0,0,0)&#8221; button_border_radius=&#8221;0px&#8221; button_letter_spacing=&#8221;5px&#8221; button_font=&#8221;|700||on|||||&#8221; custom_padding=&#8221;20px|40px|20px|40px|true|true&#8221; custom_padding_tablet=&#8221;20px|40px|20px|40px|true|true&#8221; custom_padding_phone=&#8221;15px|30px|15px|30px|true|true&#8221; custom_padding_last_edited=&#8221;on|phone&#8221; button_letter_spacing_tablet=&#8221;5px&#8221; button_letter_spacing_phone=&#8221;3px&#8221; button_letter_spacing_last_edited=&#8221;on|phone&#8221; box_shadow_style=&#8221;preset3&#8243; box_shadow_color=&#8221;rgba(138,178,211,0.3)&#8221; locked=&#8221;off&#8221; global_colors_info=&#8221;{}&#8221;][\/et_pb_button][\/et_pb_column][et_pb_column type=&#8221;1_4&#8243; _builder_version=&#8221;4.16&#8243; custom_padding=&#8221;|||&#8221; global_colors_info=&#8221;{}&#8221; custom_padding__hover=&#8221;|||&#8221;][et_pb_icon font_icon=&#8221;\uf0c0||fa||900&#8243; icon_color=&#8221;#00A19B&#8221; icon_width=&#8221;75px&#8221; _builder_version=&#8221;4.16&#8243; _module_preset=&#8221;default&#8221; custom_margin_tablet=&#8221;&#8221; custom_margin_phone=&#8221;||4%||false|false&#8221; custom_margin_last_edited=&#8221;on|phone&#8221; global_colors_info=&#8221;{}&#8221;][\/et_pb_icon][et_pb_text _builder_version=&#8221;4.16&#8243; text_font=&#8221;||||||||&#8221; text_line_height=&#8221;2em&#8221; header_font=&#8221;||||||||&#8221; header_3_font=&#8221;Prata||||||||&#8221; header_3_font_size=&#8221;24px&#8221; header_3_line_height=&#8221;1.3em&#8221; text_orientation=&#8221;center&#8221; custom_margin_tablet=&#8221;&#8221; custom_margin_phone=&#8221;||4%||false|false&#8221; custom_margin_last_edited=&#8221;on|phone&#8221; text_font_size_tablet=&#8221;14px&#8221; text_font_size_phone=&#8221;&#8221; text_font_size_last_edited=&#8221;on|tablet&#8221; header_3_font_size_tablet=&#8221;22px&#8221; header_3_font_size_phone=&#8221;&#8221; header_3_font_size_last_edited=&#8221;on|tablet&#8221; locked=&#8221;off&#8221; global_colors_info=&#8221;{}&#8221;]Friends of FIMAC<\/p>\n<p>Support and take part in the festival!<br \/>\n[\/et_pb_text][et_pb_button button_url=&#8221;https:\/\/www.festivalmandoline.fr\/nous-soutenir\/&#8221; button_text=&#8221;Soutenir&#8221; button_alignment=&#8221;center&#8221; _builder_version=&#8221;4.17.4&#8243; custom_button=&#8221;on&#8221; button_text_size=&#8221;12px&#8221; button_text_color=&#8221;#FFFFFF&#8221; button_bg_color=&#8221;#aa4899&#8243; button_border_color=&#8221;rgba(0,0,0,0)&#8221; button_border_radius=&#8221;0px&#8221; button_letter_spacing=&#8221;5px&#8221; button_font=&#8221;|700||on|||||&#8221; custom_padding=&#8221;20px|40px|20px|40px|true|true&#8221; custom_padding_tablet=&#8221;20px|40px|20px|40px|true|true&#8221; custom_padding_phone=&#8221;15px|30px|15px|30px|true|true&#8221; custom_padding_last_edited=&#8221;on|phone&#8221; button_letter_spacing_tablet=&#8221;5px&#8221; button_letter_spacing_phone=&#8221;3px&#8221; button_letter_spacing_last_edited=&#8221;on|phone&#8221; box_shadow_style=&#8221;preset3&#8243; box_shadow_color=&#8221;rgba(138,178,211,0.3)&#8221; locked=&#8221;off&#8221; global_colors_info=&#8221;{}&#8221;][\/et_pb_button][\/et_pb_column][et_pb_column type=&#8221;1_2&#8243; _builder_version=&#8221;4.16&#8243; custom_padding=&#8221;|||&#8221; global_colors_info=&#8221;{}&#8221; custom_padding__hover=&#8221;|||&#8221;][et_pb_text _builder_version=&#8221;4.16&#8243; text_font=&#8221;||||||||&#8221; text_line_height=&#8221;2em&#8221; header_font=&#8221;||||||||&#8221; header_2_font=&#8221;Prata||||||||&#8221; header_2_font_size=&#8221;50px&#8221; header_2_line_height=&#8221;1.5em&#8221; text_orientation=&#8221;center&#8221; custom_margin=&#8221;0%||0px||false|false&#8221; custom_margin_tablet=&#8221;5%||||false|false&#8221; custom_margin_phone=&#8221;5%||||false|false&#8221; custom_margin_last_edited=&#8221;on|tablet&#8221; custom_padding=&#8221;||0px||false|false&#8221; text_font_size_tablet=&#8221;14px&#8221; text_font_size_phone=&#8221;&#8221; text_font_size_last_edited=&#8221;on|tablet&#8221; header_2_font_size_tablet=&#8221;35px&#8221; header_2_font_size_phone=&#8221;25px&#8221; header_2_font_size_last_edited=&#8221;on|desktop&#8221; locked=&#8221;off&#8221; global_colors_info=&#8221;{}&#8221;]Contact us<br \/>\n[\/et_pb_text][et_pb_text content_tablet=&#8221;Une demande concernant la programmation du festival ou une r\u00e9servation ? Posez-nous votre question, nous vous r\u00e9pondons dans les plus brefs d\u00e9lais.&#8221; content_phone=&#8221;Une demande concernant la programmation du festival ou une r\u00e9servation ? Posez-nous votre question, nous vous r\u00e9pondons rapidement.&#8221; content_last_edited=&#8221;on|tablet&#8221; _builder_version=&#8221;4.16&#8243; text_font=&#8221;||||||||&#8221; text_line_height=&#8221;2em&#8221; header_font=&#8221;||||||||&#8221; header_3_font=&#8221;Prata||||||||&#8221; header_3_font_size=&#8221;24px&#8221; header_3_line_height=&#8221;1.3em&#8221; text_orientation=&#8221;center&#8221; text_font_size_tablet=&#8221;14px&#8221; text_font_size_phone=&#8221;&#8221; text_font_size_last_edited=&#8221;on|tablet&#8221; header_3_font_size_tablet=&#8221;20px&#8221; header_3_font_size_phone=&#8221;&#8221; header_3_font_size_last_edited=&#8221;on|desktop&#8221; locked=&#8221;off&#8221; global_colors_info=&#8221;{}&#8221;]Have a question about the festival or how to buy tickets? Ask here and we will respond as soon as possible.<br \/>\n[\/et_pb_text][et_pb_contact_form email=&#8221;contact@festivalmandoline.fr&#8221; submit_button_text=&#8221;Envoyer&#8221; module_id=&#8221;et_pb_contact_form_0&#8243; _builder_version=&#8221;4.27.4&#8243; _unique_id=&#8221;5b7d5756-a1c8-49c5-a3d5-2dbb4e20ec62&#8243; form_field_background_color=&#8221;rgba(1,17,77,0.07)&#8221; form_field_text_color=&#8221;#01114D&#8221; title_level=&#8221;h3&#8243; title_font=&#8221;Prata||||||||&#8221; title_text_align=&#8221;center&#8221; title_font_size=&#8221;50px&#8221; title_line_height=&#8221;1.3em&#8221; form_field_font=&#8221;Oxygen||||||||&#8221; form_field_font_size=&#8221;16px&#8221; form_field_line_height=&#8221;2em&#8221; custom_button=&#8221;on&#8221; button_text_size=&#8221;12px&#8221; button_text_color=&#8221;#FFFFFF&#8221; button_bg_color=&#8221;#aa4899&#8243; button_border_width=&#8221;15px&#8221; button_border_color=&#8221;rgba(0,0,0,0)&#8221; button_border_radius=&#8221;0px&#8221; button_letter_spacing=&#8221;5px&#8221; button_font=&#8221;|700||on|||||&#8221; max_width=&#8221;600px&#8221; module_alignment=&#8221;center&#8221; max_height=&#8221;1000px&#8221; custom_margin=&#8221;5%||||false|false&#8221; custom_margin_tablet=&#8221;4%||||false|false&#8221; custom_margin_phone=&#8221;&#8221; custom_margin_last_edited=&#8221;on|tablet&#8221; title_font_size_tablet=&#8221;48px&#8221; title_font_size_phone=&#8221;32px&#8221; title_font_size_last_edited=&#8221;on|phone&#8221; form_field_font_size_tablet=&#8221;15px&#8221; form_field_font_size_phone=&#8221;14px&#8221; form_field_font_size_last_edited=&#8221;on|phone&#8221; button_border_width_tablet=&#8221;15px&#8221; button_border_width_phone=&#8221;10px&#8221; button_border_width_last_edited=&#8221;on|phone&#8221; button_letter_spacing_tablet=&#8221;5px&#8221; button_letter_spacing_phone=&#8221;3px&#8221; button_letter_spacing_last_edited=&#8221;on|phone&#8221; box_shadow_style_button=&#8221;preset3&#8243; box_shadow_color_button=&#8221;rgba(138,178,211,0.3)&#8221; form_background_color=&#8221;rgba(138,178,211,0.07)&#8221; locked=&#8221;off&#8221; global_colors_info=&#8221;{}&#8221;][et_pb_contact_field field_id=&#8221;Name&#8221; field_title=&#8221;Nom&#8221; fullwidth_field=&#8221;on&#8221; _builder_version=&#8221;4.16&#8243; custom_margin=&#8221;||30px&#8221; global_colors_info=&#8221;{}&#8221; button_text_size__hover_enabled=&#8221;off&#8221; button_one_text_size__hover_enabled=&#8221;off&#8221; button_two_text_size__hover_enabled=&#8221;off&#8221; button_text_color__hover_enabled=&#8221;off&#8221; button_one_text_color__hover_enabled=&#8221;off&#8221; button_two_text_color__hover_enabled=&#8221;off&#8221; button_border_width__hover_enabled=&#8221;off&#8221; button_one_border_width__hover_enabled=&#8221;off&#8221; button_two_border_width__hover_enabled=&#8221;off&#8221; button_border_color__hover_enabled=&#8221;off&#8221; button_one_border_color__hover_enabled=&#8221;off&#8221; button_two_border_color__hover_enabled=&#8221;off&#8221; button_border_radius__hover_enabled=&#8221;off&#8221; button_one_border_radius__hover_enabled=&#8221;off&#8221; button_two_border_radius__hover_enabled=&#8221;off&#8221; button_letter_spacing__hover_enabled=&#8221;off&#8221; button_one_letter_spacing__hover_enabled=&#8221;off&#8221; button_two_letter_spacing__hover_enabled=&#8221;off&#8221; button_bg_color__hover_enabled=&#8221;off&#8221; button_one_bg_color__hover_enabled=&#8221;off&#8221; button_two_bg_color__hover_enabled=&#8221;off&#8221;][\/et_pb_contact_field][et_pb_contact_field field_id=&#8221;Email&#8221; field_title=&#8221;Email&#8221; field_type=&#8221;email&#8221; fullwidth_field=&#8221;on&#8221; _builder_version=&#8221;4.16&#8243; custom_margin=&#8221;||30px&#8221; global_colors_info=&#8221;{}&#8221; button_text_size__hover_enabled=&#8221;off&#8221; button_one_text_size__hover_enabled=&#8221;off&#8221; button_two_text_size__hover_enabled=&#8221;off&#8221; button_text_color__hover_enabled=&#8221;off&#8221; button_one_text_color__hover_enabled=&#8221;off&#8221; button_two_text_color__hover_enabled=&#8221;off&#8221; button_border_width__hover_enabled=&#8221;off&#8221; button_one_border_width__hover_enabled=&#8221;off&#8221; button_two_border_width__hover_enabled=&#8221;off&#8221; button_border_color__hover_enabled=&#8221;off&#8221; button_one_border_color__hover_enabled=&#8221;off&#8221; button_two_border_color__hover_enabled=&#8221;off&#8221; button_border_radius__hover_enabled=&#8221;off&#8221; button_one_border_radius__hover_enabled=&#8221;off&#8221; button_two_border_radius__hover_enabled=&#8221;off&#8221; button_letter_spacing__hover_enabled=&#8221;off&#8221; button_one_letter_spacing__hover_enabled=&#8221;off&#8221; button_two_letter_spacing__hover_enabled=&#8221;off&#8221; button_bg_color__hover_enabled=&#8221;off&#8221; button_one_bg_color__hover_enabled=&#8221;off&#8221; button_two_bg_color__hover_enabled=&#8221;off&#8221;][\/et_pb_contact_field][et_pb_contact_field field_id=&#8221;message&#8221; field_title=&#8221;Votre message&#8221; field_type=&#8221;text&#8221; fullwidth_field=&#8221;on&#8221; _builder_version=&#8221;4.27.4&#8243; _module_preset=&#8221;default&#8221; global_colors_info=&#8221;{}&#8221;][\/et_pb_contact_field][\/et_pb_contact_form][\/et_pb_column][\/et_pb_row][et_pb_row column_structure=&#8221;1_2,1_2&#8243; _builder_version=&#8221;4.16&#8243; _module_preset=&#8221;default&#8221; max_width=&#8221;100%&#8221; global_colors_info=&#8221;{}&#8221;][et_pb_column type=&#8221;1_2&#8243; _builder_version=&#8221;4.16&#8243; _module_preset=&#8221;default&#8221; global_colors_info=&#8221;{}&#8221;][et_pb_image src=&#8221;https:\/\/www.festivalmandoline.fr\/wp-content\/uploads\/2025\/02\/2024-nouveau-logo-FIMAC.jpg&#8221; title_text=&#8221;2024 nouveau logo FIMAC&#8221; align=&#8221;center&#8221; _builder_version=&#8221;4.27.4&#8243; _module_preset=&#8221;default&#8221; width=&#8221;50%&#8221; width_tablet=&#8221;65%&#8221; width_phone=&#8221;65%&#8221; width_last_edited=&#8221;on|tablet&#8221; module_alignment=&#8221;center&#8221; min_height=&#8221;74.9px&#8221; custom_margin=&#8221;-41%||||false|false&#8221; custom_margin_tablet=&#8221;-10%||||false|false&#8221; custom_margin_phone=&#8221;-10%||||false|false&#8221; custom_margin_last_edited=&#8221;on|tablet&#8221; custom_padding=&#8221;55px||||false|false&#8221; global_colors_info=&#8221;{}&#8221;][\/et_pb_image][\/et_pb_column][et_pb_column type=&#8221;1_2&#8243; disabled_on=&#8221;on|on|off&#8221; _builder_version=&#8221;4.16&#8243; _module_preset=&#8221;default&#8221; global_colors_info=&#8221;{}&#8221;][\/et_pb_column][\/et_pb_row][\/et_pb_section]<\/p>\n","protected":false},"excerpt":{"rendered":"<p>Programme 2025 &nbsp; International Classical Mandolin FestivalProgram from April 11 to 13Discover the full program for this 16th edition of FIMAC! Internationally renowned artists and up-and-coming talents will perform on the festival stages over 3 days. APRIL OUR FAVORITESFriday, April 11, 2025 &#8211; 7:00 pm &#8211; Palais de l&#8217;Agriculture &#8211; NiceA sort of &#8220;best-of&#8221; repertoire [&hellip;]<\/p>\n","protected":false},"author":1,"featured_media":0,"parent":8797,"menu_order":0,"comment_status":"closed","ping_status":"closed","template":"","meta":{"_et_pb_use_builder":"on","_et_pb_old_content":"","_et_gb_content_width":"","footnotes":""},"class_list":["post-11844","page","type-page","status-publish","hentry"],"yoast_head":"<!-- This site is optimized with the Yoast SEO plugin v26.9 - https:\/\/yoast.com\/product\/yoast-seo-wordpress\/ -->\n<title>Programme 2025 past edition - Festival International de Mandoline Classique<\/title>\n<meta name=\"robots\" content=\"index, follow, max-snippet:-1, max-image-preview:large, max-video-preview:-1\" \/>\n<link rel=\"canonical\" href=\"https:\/\/www.festivalmandoline.fr\/en\/past-editions\/programme-2025-past-edition\/\" \/>\n<meta property=\"og:locale\" content=\"en_US\" \/>\n<meta property=\"og:type\" content=\"article\" \/>\n<meta property=\"og:title\" content=\"Programme 2025 past edition - Festival International de Mandoline Classique\" \/>\n<meta property=\"og:description\" content=\"Programme 2025 &nbsp; International Classical Mandolin FestivalProgram from April 11 to 13Discover the full program for this 16th edition of FIMAC! Internationally renowned artists and up-and-coming talents will perform on the festival stages over 3 days. APRIL OUR FAVORITESFriday, April 11, 2025 - 7:00 pm - Palais de l&#039;Agriculture - NiceA sort of &quot;best-of&quot; repertoire [&hellip;]\" \/>\n<meta property=\"og:url\" content=\"https:\/\/www.festivalmandoline.fr\/en\/past-editions\/programme-2025-past-edition\/\" \/>\n<meta property=\"og:site_name\" content=\"Festival International de Mandoline Classique\" \/>\n<meta property=\"article:publisher\" content=\"https:\/\/www.facebook.com\/Festival.International.de.Mandoline.Castellar\" \/>\n<meta name=\"twitter:card\" content=\"summary_large_image\" \/>\n<meta name=\"twitter:label1\" content=\"Est. reading time\" \/>\n\t<meta name=\"twitter:data1\" content=\"40 minutes\" \/>\n<script type=\"application\/ld+json\" class=\"yoast-schema-graph\">{\"@context\":\"https:\/\/schema.org\",\"@graph\":[{\"@type\":\"WebPage\",\"@id\":\"https:\/\/www.festivalmandoline.fr\/en\/past-editions\/programme-2025-past-edition\/\",\"url\":\"https:\/\/www.festivalmandoline.fr\/en\/past-editions\/programme-2025-past-edition\/\",\"name\":\"Programme 2025 past edition - Festival International de Mandoline Classique\",\"isPartOf\":{\"@id\":\"https:\/\/www.festivalmandoline.fr\/en\/#website\"},\"datePublished\":\"2025-10-06T08:23:40+00:00\",\"breadcrumb\":{\"@id\":\"https:\/\/www.festivalmandoline.fr\/en\/past-editions\/programme-2025-past-edition\/#breadcrumb\"},\"inLanguage\":\"en-US\",\"potentialAction\":[{\"@type\":\"ReadAction\",\"target\":[\"https:\/\/www.festivalmandoline.fr\/en\/past-editions\/programme-2025-past-edition\/\"]}]},{\"@type\":\"BreadcrumbList\",\"@id\":\"https:\/\/www.festivalmandoline.fr\/en\/past-editions\/programme-2025-past-edition\/#breadcrumb\",\"itemListElement\":[{\"@type\":\"ListItem\",\"position\":1,\"name\":\"Home\",\"item\":\"https:\/\/www.festivalmandoline.fr\/en\/fimac-home\/\"},{\"@type\":\"ListItem\",\"position\":2,\"name\":\"Past editions\",\"item\":\"https:\/\/www.festivalmandoline.fr\/en\/past-editions\/\"},{\"@type\":\"ListItem\",\"position\":3,\"name\":\"Programme 2025 past edition\"}]},{\"@type\":\"WebSite\",\"@id\":\"https:\/\/www.festivalmandoline.fr\/en\/#website\",\"url\":\"https:\/\/www.festivalmandoline.fr\/en\/\",\"name\":\"Festival International de Mandoline Classique\",\"description\":\"Du 17 au 19 avril 2026- NICE\",\"publisher\":{\"@id\":\"https:\/\/www.festivalmandoline.fr\/en\/#organization\"},\"potentialAction\":[{\"@type\":\"SearchAction\",\"target\":{\"@type\":\"EntryPoint\",\"urlTemplate\":\"https:\/\/www.festivalmandoline.fr\/en\/?s={search_term_string}\"},\"query-input\":{\"@type\":\"PropertyValueSpecification\",\"valueRequired\":true,\"valueName\":\"search_term_string\"}}],\"inLanguage\":\"en-US\"},{\"@type\":\"Organization\",\"@id\":\"https:\/\/www.festivalmandoline.fr\/en\/#organization\",\"name\":\"Festival International de Mandoline Classique\",\"url\":\"https:\/\/www.festivalmandoline.fr\/en\/\",\"logo\":{\"@type\":\"ImageObject\",\"inLanguage\":\"en-US\",\"@id\":\"https:\/\/www.festivalmandoline.fr\/en\/#\/schema\/logo\/image\/\",\"url\":\"https:\/\/www.festivalmandoline.fr\/wp-content\/uploads\/2022\/03\/Logo-seul.jpg\",\"contentUrl\":\"https:\/\/www.festivalmandoline.fr\/wp-content\/uploads\/2022\/03\/Logo-seul.jpg\",\"width\":487,\"height\":582,\"caption\":\"Festival International de Mandoline Classique\"},\"image\":{\"@id\":\"https:\/\/www.festivalmandoline.fr\/en\/#\/schema\/logo\/image\/\"},\"sameAs\":[\"https:\/\/www.facebook.com\/Festival.International.de.Mandoline.Castellar\"]}]}<\/script>\n<!-- \/ Yoast SEO plugin. -->","yoast_head_json":{"title":"Programme 2025 past edition - Festival International de Mandoline Classique","robots":{"index":"index","follow":"follow","max-snippet":"max-snippet:-1","max-image-preview":"max-image-preview:large","max-video-preview":"max-video-preview:-1"},"canonical":"https:\/\/www.festivalmandoline.fr\/en\/past-editions\/programme-2025-past-edition\/","og_locale":"en_US","og_type":"article","og_title":"Programme 2025 past edition - Festival International de Mandoline Classique","og_description":"Programme 2025 &nbsp; International Classical Mandolin FestivalProgram from April 11 to 13Discover the full program for this 16th edition of FIMAC! Internationally renowned artists and up-and-coming talents will perform on the festival stages over 3 days. APRIL OUR FAVORITESFriday, April 11, 2025 - 7:00 pm - Palais de l'Agriculture - NiceA sort of \"best-of\" repertoire [&hellip;]","og_url":"https:\/\/www.festivalmandoline.fr\/en\/past-editions\/programme-2025-past-edition\/","og_site_name":"Festival International de Mandoline Classique","article_publisher":"https:\/\/www.facebook.com\/Festival.International.de.Mandoline.Castellar","twitter_card":"summary_large_image","twitter_misc":{"Est. reading time":"40 minutes"},"schema":{"@context":"https:\/\/schema.org","@graph":[{"@type":"WebPage","@id":"https:\/\/www.festivalmandoline.fr\/en\/past-editions\/programme-2025-past-edition\/","url":"https:\/\/www.festivalmandoline.fr\/en\/past-editions\/programme-2025-past-edition\/","name":"Programme 2025 past edition - Festival International de Mandoline Classique","isPartOf":{"@id":"https:\/\/www.festivalmandoline.fr\/en\/#website"},"datePublished":"2025-10-06T08:23:40+00:00","breadcrumb":{"@id":"https:\/\/www.festivalmandoline.fr\/en\/past-editions\/programme-2025-past-edition\/#breadcrumb"},"inLanguage":"en-US","potentialAction":[{"@type":"ReadAction","target":["https:\/\/www.festivalmandoline.fr\/en\/past-editions\/programme-2025-past-edition\/"]}]},{"@type":"BreadcrumbList","@id":"https:\/\/www.festivalmandoline.fr\/en\/past-editions\/programme-2025-past-edition\/#breadcrumb","itemListElement":[{"@type":"ListItem","position":1,"name":"Home","item":"https:\/\/www.festivalmandoline.fr\/en\/fimac-home\/"},{"@type":"ListItem","position":2,"name":"Past editions","item":"https:\/\/www.festivalmandoline.fr\/en\/past-editions\/"},{"@type":"ListItem","position":3,"name":"Programme 2025 past edition"}]},{"@type":"WebSite","@id":"https:\/\/www.festivalmandoline.fr\/en\/#website","url":"https:\/\/www.festivalmandoline.fr\/en\/","name":"Festival International de Mandoline Classique","description":"Du 17 au 19 avril 2026- NICE","publisher":{"@id":"https:\/\/www.festivalmandoline.fr\/en\/#organization"},"potentialAction":[{"@type":"SearchAction","target":{"@type":"EntryPoint","urlTemplate":"https:\/\/www.festivalmandoline.fr\/en\/?s={search_term_string}"},"query-input":{"@type":"PropertyValueSpecification","valueRequired":true,"valueName":"search_term_string"}}],"inLanguage":"en-US"},{"@type":"Organization","@id":"https:\/\/www.festivalmandoline.fr\/en\/#organization","name":"Festival International de Mandoline Classique","url":"https:\/\/www.festivalmandoline.fr\/en\/","logo":{"@type":"ImageObject","inLanguage":"en-US","@id":"https:\/\/www.festivalmandoline.fr\/en\/#\/schema\/logo\/image\/","url":"https:\/\/www.festivalmandoline.fr\/wp-content\/uploads\/2022\/03\/Logo-seul.jpg","contentUrl":"https:\/\/www.festivalmandoline.fr\/wp-content\/uploads\/2022\/03\/Logo-seul.jpg","width":487,"height":582,"caption":"Festival International de Mandoline Classique"},"image":{"@id":"https:\/\/www.festivalmandoline.fr\/en\/#\/schema\/logo\/image\/"},"sameAs":["https:\/\/www.facebook.com\/Festival.International.de.Mandoline.Castellar"]}]}},"_links":{"self":[{"href":"https:\/\/www.festivalmandoline.fr\/en\/wp-json\/wp\/v2\/pages\/11844","targetHints":{"allow":["GET"]}}],"collection":[{"href":"https:\/\/www.festivalmandoline.fr\/en\/wp-json\/wp\/v2\/pages"}],"about":[{"href":"https:\/\/www.festivalmandoline.fr\/en\/wp-json\/wp\/v2\/types\/page"}],"author":[{"embeddable":true,"href":"https:\/\/www.festivalmandoline.fr\/en\/wp-json\/wp\/v2\/users\/1"}],"replies":[{"embeddable":true,"href":"https:\/\/www.festivalmandoline.fr\/en\/wp-json\/wp\/v2\/comments?post=11844"}],"version-history":[{"count":0,"href":"https:\/\/www.festivalmandoline.fr\/en\/wp-json\/wp\/v2\/pages\/11844\/revisions"}],"up":[{"embeddable":true,"href":"https:\/\/www.festivalmandoline.fr\/en\/wp-json\/wp\/v2\/pages\/8797"}],"wp:attachment":[{"href":"https:\/\/www.festivalmandoline.fr\/en\/wp-json\/wp\/v2\/media?parent=11844"}],"curies":[{"name":"wp","href":"https:\/\/api.w.org\/{rel}","templated":true}]}}